{"id":4809,"date":"2022-11-15T21:09:17","date_gmt":"2022-11-15T20:09:17","guid":{"rendered":"https:\/\/www.corosdecantabria.es\/?page_id=4809"},"modified":"2022-11-15T22:31:20","modified_gmt":"2022-11-15T21:31:20","slug":"nosotros-pruebas","status":"publish","type":"page","link":"https:\/\/www.corosdecantabria.es\/index.php\/nosotros-pruebas\/","title":{"rendered":"Nosotros Pruebas"},"content":{"rendered":"<p>[vc_row row_content_width=\u00bbgrid\u00bb css=\u00bb.vc_custom_1530795405190{padding-top: 98px !important;padding-bottom: 100px !important;}\u00bb][vc_column offset=\u00bbvc_col-lg-12 vc_col-md-12&#8243;]<div class=\"eltdf-tabs  eltdf-tabs-vertical\">\n\t<ul class=\"eltdf-tabs-nav clearfix\">\n\t\t\t\t\t<li>\n\t\t\t\t\t\t\t\t\t<a href=\"#tab-nuestra-historia\">Nuestra Historia<\/a>\n\t\t\t\t\t\t\t<\/li>\n\t\t\t\t\t<li>\n\t\t\t\t\t\t\t\t\t<a href=\"#tab-que-hacemos\">Qu\u00e9 Hacemos<\/a>\n\t\t\t\t\t\t\t<\/li>\n\t\t\t\t\t<li>\n\t\t\t\t\t\t\t\t\t<a href=\"#tab-organigrama\">Organigrama<\/a>\n\t\t\t\t\t\t\t<\/li>\n\t\t\t\t\t<li>\n\t\t\t\t\t\t\t\t\t<a href=\"#tab-coros-asociados\">Coros Asociados<\/a>\n\t\t\t\t\t\t\t<\/li>\n\t\t\t\t\t<li>\n\t\t\t\t\t\t\t\t\t<a href=\"#tab-partituras\">Partituras<\/a>\n\t\t\t\t\t\t\t<\/li>\n\t\t\t\t\t<li>\n\t\t\t\t\t\t\t\t\t<a href=\"#tab-libros-con-partituras\">Libros con Partituras<\/a>\n\t\t\t\t\t\t\t<\/li>\n\t\t\t\t\t<li>\n\t\t\t\t\t\t\t\t\t<a href=\"#tab-donde-estamos\">D\u00f3nde Estamos<\/a>\n\t\t\t\t\t\t\t<\/li>\n\t\t\t<\/ul>\n\t<div class=\"eltdf-tab-container\" id=\"tab-nuestra-historia-403\">[vc_empty_space height=\u00bb22px\u00bb]<div class=\"eltdf-section-title-holder  eltdf-st-standard eltdf-st-title-left eltdf-st-normal-space \" >\n\t<div class=\"eltdf-st-inner\">\n\t\t\t\t\t<h2 class=\"eltdf-st-title\" >\n\t\t\t\tNuestra Historia\t\t\t<\/h2>\n\t\t\t\t\t\t\t<div class=\"eltdf-separator-holder clearfix  eltdf-separator-left \">\n\t<div class=\"eltdf-separator\" style=\"border-color: #ff1949;width: 38px;border-bottom-width: 3px;margin-top: 23px;margin-bottom: 9px\"><\/div>\n<\/div>\n\t\t\t\t\t\t\t<h5 class=\"eltdf-st-text\" >\n\t\t\t\tBreve Historia de la Federaci\u00f3n C\u00e1ntabra de Coros\t\t\t<\/h5>\n\t\t\t<\/div>\n<\/div>[vc_empty_space height=\u00bb41px\u00bb][vc_column_text]<strong>1983<\/strong><br \/>\nJos\u00e9 G\u00f3mez Barros y Alfonso Carlos G\u00f3mez, ponen en marcha una vieja ilusi\u00f3n.<\/p>\n<p>&nbsp;<\/p>\n<p><strong>Mayo 1983<\/strong><br \/>\nSe constituye como entidad cultural sin fines lucrativos la Federaci\u00f3n C\u00e1ntabra de Coros.<\/p>\n<p>&nbsp;<\/p>\n<p><strong>1984<\/strong><br \/>\nLa Federaci\u00f3n otorg\u00f3 su insignia de oro a Jes\u00fas Maza, director del Aula de Cultura de La Caja de Ahorros de Santander y Cantabria.<\/p>\n<p>&nbsp;<\/p>\n<p><strong>1984<\/strong><br \/>\nSe otorga la insignia de oro a Jos\u00e9 del R\u00edo Gat\u00f3o, director del Coro Ronda Garcilaso (1942-1984).<\/p>\n<p>&nbsp;<\/p>\n<p><strong>1998<\/strong><br \/>\nFrancisco Javier L\u00f3pez Marcano, como titular de la Consejero de Cultura, recibe la insignia de oro.<\/p>\n<p>&nbsp;<\/p>\n<p><strong>2009<\/strong><br \/>\nLa federaci\u00f3n celebra su 25 aniversario y nombra Presidentes de Honor a Jos\u00e9 G\u00f3mez Barros y Alfonso Carlos Fern\u00e1ndez, otorga la insignia de Oro al Presidente de la Comunidad de Cantabria, Miguel \u00c1ngel Revilla y a \u00c1ngel Manzano Saiz, director de Los Coros Campurrianos Ecos del Ebro.<\/p>\n<p>&nbsp;<\/p>\n<p><strong>2019<\/strong><br \/>\nJuan Jos\u00e9 Crespo recibe la Insignia de Oro por su dilatada labor y aportaci\u00f3n al Canto Coral en la regi\u00f3n.<\/p>\n<p>Actualmente la Federaci\u00f3n esta compuesta por 92 coros de todo Cantabria.[\/vc_column_text][vc_empty_space][vc_single_image image=\u00bb3806&#8243; img_size=\u00bb900&#215;400&#8243; alignment=\u00bbcenter\u00bb]<\/div><div class=\"eltdf-tab-container\" id=\"tab-que-hacemos-271\">[vc_empty_space height=\u00bb22px\u00bb]<div class=\"eltdf-section-title-holder  eltdf-st-standard eltdf-st-title-left eltdf-st-normal-space \" >\n\t<div class=\"eltdf-st-inner\">\n\t\t\t\t\t<h2 class=\"eltdf-st-title\" >\n\t\t\t\tQu\u00e9 Hacemos\t\t\t<\/h2>\n\t\t\t\t\t\t\t<div class=\"eltdf-separator-holder clearfix  eltdf-separator-left \">\n\t<div class=\"eltdf-separator\" style=\"border-color: #ff1949;width: 38px;border-bottom-width: 3px;margin-top: 23px;margin-bottom: 9px\"><\/div>\n<\/div>\n\t\t\t\t\t\t\t<h5 class=\"eltdf-st-text\" >\n\t\t\t\tNuestro fin es orientar, asesorar y resolver los problemas comunes a las agrupaciones\t\t\t<\/h5>\n\t\t\t<\/div>\n<\/div>[vc_empty_space height=\u00bb41px\u00bb][vc_column_text]En 1983, Jos\u00e9 G\u00f3mez Barros, jefe de emisiones y producci\u00f3n de RNE en Cantabria y su compa\u00f1ero en las tareas radiof\u00f3nicas, Alfonso Carlos G\u00f3mez, decidieron echar a andar una vieja ilusi\u00f3n, la de formalizar, de una vez por todas, la Federaci\u00f3n Coral de Cantabria que, respetando la independencia de cada agrupaci\u00f3n, sirviera para <strong>defender y promocionar intereses comunes<\/strong>, en equipo s\u00f3lido y permanente .<\/p>\n<p>&nbsp;<\/p>\n<p>El principal inter\u00e9s de aquellos dos hombres era alimentar la ilusi\u00f3n de que a la vuelta de unos pocos a\u00f1os, la mayor\u00eda de los coros de Cantabria pudieran codearse al mismo nivel que el resto de las federaciones constituidas en el estado espa\u00f1ol y que a<strong> la voz de Cantabria pudiera ser o\u00edda<\/strong> y escuchada en todos aquellos foros donde se lidiaran o tratasen problemas corales.<\/p>\n<p>&nbsp;<\/p>\n<p>La Federaci\u00f3n C\u00e1ntabra de Coros qued\u00f3 <strong>constituida el 25 de Mayo de 1983<\/strong> como una entidad cultural sin fines lucrativos al amparo de la Ley org\u00e1nica 1\/2002, de 22 de Marzo, y normas complementarias , con capacidad jur\u00eddica y plena capacidad de obrar.<\/p>\n<p>&nbsp;<\/p>\n<p>La Federaci\u00f3n tiene como fines <strong>orientar, asesorar y resolver<\/strong> los problemas comunes a las agrupaciones que practican el Canto Coral en Cantabria.<\/p>\n<p>&nbsp;<\/p>\n<p>La junta directiva organiza numerosas actividades como:<\/p>\n<p>Introducci\u00f3n de los coralistas a la lectura coral, <strong>formaci\u00f3n continua<\/strong> vocal de los coralistas, <strong>seminarios<\/strong> para elevar el nivel de formaci\u00f3n de directores, seminarios para la formaci\u00f3n de <strong>t\u00e9cnica vocal<\/strong> en canto coral, creaci\u00f3n de archivos, <strong>fomentar el canto coral desde la infancia.<\/strong><\/p>\n<p>&nbsp;<\/p>\n<p>La Federaci\u00f3n ha otorgado la <strong>insignia de oro<\/strong> de la Federaci\u00f3n C\u00e1ntabra de Coros a Jes\u00fas Maza, a la saz\u00f3n director del Aula de Cultura de La Caja de Ahorros de Santander y Cantabria, por los muchos m\u00e9ritos contra\u00eddos con las entidades corales de la regi\u00f3n; as\u00ed como a Jos\u00e9 del R\u00edo Gat\u00f3o, que fuera director del Coro Ronda Garcilaso (1942-1984) y por su labor a favor del Cancionero de Cantabria. El acto se realiz\u00f3 el 1 de diciembre de 1984 en los locales de Santiago Galas de Ontoria. M\u00e1s tarde recibir\u00edan este honor Jos\u00e9 G\u00f3mez Barros; Alfonso Carlos Fern\u00e1ndez y, en 1998 Francisco Javier L\u00f3pez Marcano , como titular de la Consejero de Cultura.<\/p>\n<p>&nbsp;<\/p>\n<p>Con motivo de la conmemoraci\u00f3n, en 2009, del<strong> XXV Aniversario de La Federaci\u00f3n C\u00e1ntabra de Coros<\/strong> la actual Directiva de entonces, presidida por Juan Jos\u00e9 Crespo Saiz, distingui\u00f3 con sendas insignias de oro al Presidente de la Comunidad de Cantabria don Miguel Angel Revilla Roiz y Angel Manzano Saiz, por entonces director de Los Coros Campurrianos Ecos del Ebro.<\/p>\n<p>En Marzo del 2019 se le entreg\u00f3 la Insignia de Oro a Juan Jos\u00e9 Crespo Saiz por su dilatada labor y aportaci\u00f3n al Canto Coral en Cantabria.<\/p>\n<p>&nbsp;<\/p>\n<p>Actualmente la Federaci\u00f3n est\u00e1 <strong>compuesta por 92 coros<\/strong> del todo el territorio C\u00e1ntabro .[\/vc_column_text][vc_empty_space][vc_gallery interval=\u00bb3&#8243; images=\u00bb3813,3814,3815&#8243; img_size=\u00bb900&#215;400&#8243;]<\/div><div class=\"eltdf-tab-container\" id=\"tab-organigrama-693\">[vc_empty_space height=\u00bb22px\u00bb]<div class=\"eltdf-section-title-holder  eltdf-st-standard eltdf-st-title-left eltdf-st-normal-space \" >\n\t<div class=\"eltdf-st-inner\">\n\t\t\t\t\t<h2 class=\"eltdf-st-title\" >\n\t\t\t\tOrganigrama\t\t\t<\/h2>\n\t\t\t\t\t\t\t<div class=\"eltdf-separator-holder clearfix  eltdf-separator-left \">\n\t<div class=\"eltdf-separator\" style=\"border-color: #ff1949;width: 38px;border-bottom-width: 3px;margin-top: 23px;margin-bottom: 9px\"><\/div>\n<\/div>\n\t\t\t\t\t\t\t<h5 class=\"eltdf-st-text\" >\n\t\t\t\tEstructura organizativa de la Federaci\u00f3n de Coros de Cantabria\t\t\t<\/h5>\n\t\t\t<\/div>\n<\/div>[vc_empty_space height=\u00bb41px\u00bb]<div class=\"eltdf-icon-list-holder \" >\n\t<div class=\"eltdf-il-icon-holder\">\n\t\t<span aria-hidden=\"true\" class=\"eltdf-icon-font-elegant  \" style=\"color: #ff1949;font-size: 17px\"><\/span>\t<\/div>\n\t<p class=\"eltdf-il-text\" style=\"color: #252525;font-size: 15px;padding-left: 30px\">Presidente: Julio Merino Velasco<\/p>\n<\/div>[vc_empty_space height=\u00bb3px\u00bb][vc_column_text]<\/p>\n<ul>\n<li>Vicepresidente: Remedios Gonz\u00e1lez Rodriguez<\/li>\n<li>Vicepresidente 2\u00ba : Eduardo Sanz Ant\u00f3n<\/li>\n<li>Secretario: Jos\u00e9 Ricardo Castillo<\/li>\n<li>Tesorero: Jos\u00e9 Manuel Abajas Trucios<\/li>\n<li>Vocales: Mar\u00eda Paz Martinez Garc\u00eda &#8211; Jos\u00e9 Ram\u00f3n Garc\u00eda San Emeterio &#8211; Jos\u00e9 Luis Cobo Garc\u00eda &#8211; Juan Manuel Torre D\u00edez &#8211; \u00c1lvaro Caballero Diaz.<\/li>\n<\/ul>\n<p>[\/vc_column_text]<\/div><div class=\"eltdf-tab-container\" id=\"tab-coros-asociados-927\">[vc_empty_space height=\u00bb22px\u00bb]<div class=\"eltdf-section-title-holder  eltdf-st-standard eltdf-st-title-left eltdf-st-normal-space \" >\n\t<div class=\"eltdf-st-inner\">\n\t\t\t\t\t<h2 class=\"eltdf-st-title\" >\n\t\t\t\tCoros Asociados\t\t\t<\/h2>\n\t\t\t\t\t\t\t<div class=\"eltdf-separator-holder clearfix  eltdf-separator-left \">\n\t<div class=\"eltdf-separator\" style=\"border-color: #ff1949;width: 38px;border-bottom-width: 3px;margin-top: 23px;margin-bottom: 9px\"><\/div>\n<\/div>\n\t\t\t\t\t\t\t<h5 class=\"eltdf-st-text\" >\n\t\t\t\tAqu\u00ed puedes encontrar a los noventa miembros de la Federaci\u00f3n C\u00e1ntabra de Coros\t\t\t<\/h5>\n\t\t\t<\/div>\n<\/div>[vc_empty_space height=\u00bb22px\u00bb][vc_column_text]\n<table id=\"tablepress-4\" class=\"tablepress tablepress-id-4 tablepress-responsive\">\n<thead>\n<tr class=\"row-1\">\n\t<th class=\"column-1\">Coros Asociados <\/th><td class=\"column-2\"><\/td>\n<\/tr>\n<\/thead>\n<tbody class=\"row-striping row-hover\">\n<tr class=\"row-2\">\n\t<td class=\"column-1\">ASOCIACION CULTURAL ASTILLERO-GUARNIZO<\/td><td class=\"column-2\">CORO RONDA DE TANOS<\/td>\n<\/tr>\n<tr class=\"row-3\">\n\t<td class=\"column-1\">AGRUPACION CORAL SARDINERO<\/td><td class=\"column-2\">CORO RONDA VIRGEN DEL CAMINO<\/td>\n<\/tr>\n<tr class=\"row-4\">\n\t<td class=\"column-1\">CORAL AIRES DEL CASTRO, DE HINOJEDO<\/td><td class=\"column-2\">CORO VIRGEN DEL CASTILLO<\/td>\n<\/tr>\n<tr class=\"row-5\">\n\t<td class=\"column-1\">AMIGOS DE LA CANCION DE SANTO\u00d1A<\/td><td class=\"column-2\">CORO RONDA VALLE DE CAMARGO<\/td>\n<\/tr>\n<tr class=\"row-6\">\n\t<td class=\"column-1\">ORFEON CANTABRO<\/td><td class=\"column-2\">CORO RONDA ALTAMIRA<\/td>\n<\/tr>\n<tr class=\"row-7\">\n\t<td class=\"column-1\">ORFEON DE REINOSA<\/td><td class=\"column-2\">CORO RONDA TRASMIERA<\/td>\n<\/tr>\n<tr class=\"row-8\">\n\t<td class=\"column-1\">RONDA LAS FUEMTES, DE REINOSA<\/td><td class=\"column-2\">CORAL POLIFONICA DE LIERGANES<\/td>\n<\/tr>\n<tr class=\"row-9\">\n\t<td class=\"column-1\">SCHOLA GREGORIANA DE SANTANDER<\/td><td class=\"column-2\">CORO TOMAS LUIS DE VICTORIA<\/td>\n<\/tr>\n<tr class=\"row-10\">\n\t<td class=\"column-1\">SCHOLA ARS POLIPHONICA<\/td><td class=\"column-2\">CORAL ASCASAM<\/td>\n<\/tr>\n<tr class=\"row-11\">\n\t<td class=\"column-1\">CORO VOCES BLANCAS DE TORRELAVEGA<\/td><td class=\"column-2\">CORO MUNICIPAL RIBAMONTAN AL MAR<\/td>\n<\/tr>\n<tr class=\"row-12\">\n\t<td class=\"column-1\">CORO VOCES DE TORANZO<\/td><td class=\"column-2\">CORO VOZ LA VENTA<\/td>\n<\/tr>\n<tr class=\"row-13\">\n\t<td class=\"column-1\">CORO VOZ DEL PUEBLO DE GUARNIZO<\/td><td class=\"column-2\">CORAL JORGE MANRIQUE<\/td>\n<\/tr>\n<tr class=\"row-14\">\n\t<td class=\"column-1\">ESCOLANIA MUNICIPAL ASTILLERO-GUARNIZO<\/td><td class=\"column-2\">CORAL LA CAGIGA DE POLANCO<\/td>\n<\/tr>\n<tr class=\"row-15\">\n\t<td class=\"column-1\">CORO RONDA BESAYA<\/td><td class=\"column-2\">CORO RONDA AMIGOS DE HERRERA<\/td>\n<\/tr>\n<tr class=\"row-16\">\n\t<td class=\"column-1\">CORO OTO\u00d1O MUSICAL<\/td><td class=\"column-2\">CORAL PANCHONERAS DE LAREDO<\/td>\n<\/tr>\n<tr class=\"row-17\">\n\t<td class=\"column-1\">CORO SANTA MARIA DE CUETO<\/td><td class=\"column-2\">CORO RONDA EL LIGUERCU<\/td>\n<\/tr>\n<tr class=\"row-18\">\n\t<td class=\"column-1\">CORO RAICES CANTABRAS<\/td><td class=\"column-2\">CORO RONDA LA ENCINA<\/td>\n<\/tr>\n<tr class=\"row-19\">\n\t<td class=\"column-1\">CORO RONDA GARCILASO<\/td><td class=\"column-2\">CORO VOCES DE ALFOZ<\/td>\n<\/tr>\n<tr class=\"row-20\">\n\t<td class=\"column-1\">CORO AULAS TERCERA EDAD -UNATE-<\/td><td class=\"column-2\">CORO SAN JULIAN<\/td>\n<\/tr>\n<tr class=\"row-21\">\n\t<td class=\"column-1\">CORO COLUMBA<\/td><td class=\"column-2\">CORO VOCES CALLEALTERAS<\/td>\n<\/tr>\n<tr class=\"row-22\">\n\t<td class=\"column-1\">CORO EUROPA CONCEPTUS MUSICUS<\/td><td class=\"column-2\">CORO RONDA VALLE DE CAYON<\/td>\n<\/tr>\n<tr class=\"row-23\">\n\t<td class=\"column-1\">CORO DE CACMARA ALLEGRANZA<\/td><td class=\"column-2\">CORO RONDA EL TUBERUCO<\/td>\n<\/tr>\n<tr class=\"row-24\">\n\t<td class=\"column-1\">CORO VOCES GRAVES LOS TEMPLARIOS<\/td><td class=\"column-2\">CORO SAN PANTALEON DE IBIO<\/td>\n<\/tr>\n<tr class=\"row-25\">\n\t<td class=\"column-1\">CORAL SAN MIGUEL<\/td><td class=\"column-2\">CORO MONTA\u00d1ES EL SABOR DE LA TIERRUCA<\/td>\n<\/tr>\n<tr class=\"row-26\">\n\t<td class=\"column-1\">CORO SANTA MARIA DE CASTRO URDIALES<\/td><td class=\"column-2\">CORO ATALAYA VOCES<\/td>\n<\/tr>\n<tr class=\"row-27\">\n\t<td class=\"column-1\">CORAL VOCES CANTABRAS<\/td><td class=\"column-2\">CORO RONDA TURISMO RURAL<\/td>\n<\/tr>\n<tr class=\"row-28\">\n\t<td class=\"column-1\">CORAL CANTABRA DON BOSCO<\/td><td class=\"column-2\">CORAL TORRE DE OBESO<\/td>\n<\/tr>\n<tr class=\"row-29\">\n\t<td class=\"column-1\">CORAL VOCES DEL MAR<\/td><td class=\"column-2\">CORAL DE TORRELAVEGA<\/td>\n<\/tr>\n<tr class=\"row-30\">\n\t<td class=\"column-1\">AGRUPACION CORAL VOCES DEL MAR<\/td><td class=\"column-2\">CORAL FUENTE BUENA<\/td>\n<\/tr>\n<tr class=\"row-31\">\n\t<td class=\"column-1\">CORAL BARQUERA<\/td><td class=\"column-2\">CORO RONDA LA FUENTONA DE RUENTE<\/td>\n<\/tr>\n<tr class=\"row-32\">\n\t<td class=\"column-1\">CORAL CANTA LAREDO<\/td><td class=\"column-2\">CORAL BRISAS DE AMIO<\/td>\n<\/tr>\n<tr class=\"row-33\">\n\t<td class=\"column-1\">CORAL DE LOS CORRALES DE BUELNA<\/td><td class=\"column-2\">CORAL RONDA VALLE DE IGU\u00d1A<\/td>\n<\/tr>\n<tr class=\"row-34\">\n\t<td class=\"column-1\">CORAL MATEO ESCAGEDO SALMON<\/td><td class=\"column-2\">OCHOTE ARDUAL<\/td>\n<\/tr>\n<tr class=\"row-35\">\n\t<td class=\"column-1\">CORAL POLIFONICA PORTUS VICTORIAE<\/td><td class=\"column-2\">CORO DE CAMARA SOLVAY ENSEMBLE<\/td>\n<\/tr>\n<tr class=\"row-36\">\n\t<td class=\"column-1\">CORAL VALLE DE PIELAGOS SALCEDO<\/td><td class=\"column-2\">CORO RONDA LA ESPERANZA DE REQUEJO<\/td>\n<\/tr>\n<tr class=\"row-37\">\n\t<td class=\"column-1\">CORAL SALVE DE LAREDO<\/td><td class=\"column-2\">MARCEROS DE LA BAHIA DE SANTO\u00d1A<\/td>\n<\/tr>\n<tr class=\"row-38\">\n\t<td class=\"column-1\">CORAL VIRGEN DE CONSOLACION<\/td><td class=\"column-2\">CORO SAN JOSE DE REQUEJADA<\/td>\n<\/tr>\n<tr class=\"row-39\">\n\t<td class=\"column-1\">CORAL POLIFONICA ANJANA<\/td><td class=\"column-2\">CORO RONDA SALINES DE CABEZON DE LA SAL<\/td>\n<\/tr>\n<tr class=\"row-40\">\n\t<td class=\"column-1\">CORAL BRUMAS NORTE\u00d1AS<\/td><td class=\"column-2\">AGRUPACION PUERTOCHICO DE SANTANDER<\/td>\n<\/tr>\n<tr class=\"row-41\">\n\t<td class=\"column-1\">ASOCIACION CORAL SANTA CRUZ<\/td><td class=\"column-2\">CORO COVALANAS DE RAMALES DE LA VICTORIA<\/td>\n<\/tr>\n<tr class=\"row-42\">\n\t<td class=\"column-1\">AGRUPACION CORAL LA HONOR DE MIENGO<\/td><td class=\"column-2\">CORO ARVEJALES DE REINOSA<\/td>\n<\/tr>\n<tr class=\"row-43\">\n\t<td class=\"column-1\">CORAL LA ENCINA DE MATA<\/td><td class=\"column-2\">VALDALIGA GOSPEL CHOIR<\/td>\n<\/tr>\n<tr class=\"row-44\">\n\t<td class=\"column-1\">CORO DE CAMARA GAUDIA MUSICA<\/td><td class=\"column-2\">CORO DEL COLEGIO DE ECONOMISTAS DE CANTABRIA<\/td>\n<\/tr>\n<tr class=\"row-45\">\n\t<td class=\"column-1\">CORO SANTA MARIA DE SOLVAY<\/td><td class=\"column-2\">CORAL VOCES DE SANTANDER<\/td>\n<\/tr>\n<tr class=\"row-46\">\n\t<td class=\"column-1\">CORAL TIERRA VERDE<\/td><td class=\"column-2\">ASOCIACI\u00d3N LAS CHICAS DEL CORO DE BARCENA DE CICERO<\/td>\n<\/tr>\n<tr class=\"row-47\">\n\t<td class=\"column-1\">A.C. VALLE DE ARAS<\/td><td class=\"column-2\">Agrupaci\u00f3n Coral Amigos del Mar<\/td>\n<\/tr>\n<\/tbody>\n<\/table>\n<!-- #tablepress-4 from cache -->[\/vc_column_text]<\/div><div class=\"eltdf-tab-container\" id=\"tab-partituras-733\">[vc_empty_space height=\u00bb22px\u00bb]<div class=\"eltdf-section-title-holder  eltdf-st-standard eltdf-st-title-left eltdf-st-normal-space \" >\n\t<div class=\"eltdf-st-inner\">\n\t\t\t\t\t<h2 class=\"eltdf-st-title\" >\n\t\t\t\tPartituras\t\t\t<\/h2>\n\t\t\t\t\t\t\t<div class=\"eltdf-separator-holder clearfix  eltdf-separator-left \">\n\t<div class=\"eltdf-separator\" style=\"border-color: #ff1949;width: 38px;border-bottom-width: 3px;margin-top: 23px;margin-bottom: 9px\"><\/div>\n<\/div>\n\t\t\t\t\t\t\t<h5 class=\"eltdf-st-text\" >\n\t\t\t\tDesde aqu\u00ed, podr\u00e1s ver o descargar partituras en PDF\t\t\t<\/h5>\n\t\t\t<\/div>\n<\/div>[vc_empty_space height=\u00bb22px\u00bb][vc_column_text]\n<table id=\"tablepress-7\" class=\"tablepress tablepress-id-7 tablepress-responsive tablepress-responsive-stack-phone\">\n<thead>\n<tr class=\"row-1\">\n\t<th class=\"column-1\">TITULO<\/th><th class=\"column-2\">URL DESCARGA<\/th><th class=\"column-3\">TIPO MUSICA<\/th>\n<\/tr>\n<\/thead>\n<tbody class=\"row-striping row-hover\">\n<tr class=\"row-2\">\n\t<td class=\"column-1\">A TI<\/td><td class=\"column-2\"><a target=\"_blank\" href=\"https:\/\/www.corosdecantabria.es\/wp-content\/uploads\/2022\/04\/A-TI.pdf\">https:\/\/www.corosdecantabria.es\/wp-content\/uploads\/2022\/04\/A-TI.pdf<\/a><\/td><td class=\"column-3\"><\/td>\n<\/tr>\n<tr class=\"row-3\">\n\t<td class=\"column-1\">AMOR COMPARTIDO<\/td><td class=\"column-2\"><a target=\"_blank\" href=\"https:\/\/www.corosdecantabria.es\/wp-content\/uploads\/2022\/04\/AMOR-COMPARTIDO.pdf\">https:\/\/www.corosdecantabria.es\/wp-content\/uploads\/2022\/04\/AMOR-COMPARTIDO.pdf<\/a><\/td><td class=\"column-3\"><\/td>\n<\/tr>\n<tr class=\"row-4\">\n\t<td class=\"column-1\">AY MARINERA<\/td><td class=\"column-2\"><a target=\"_blank\" href=\"https:\/\/www.corosdecantabria.es\/wp-content\/uploads\/2022\/04\/AY-MARINERA.pdf\">https:\/\/www.corosdecantabria.es\/wp-content\/uploads\/2022\/04\/AY-MARINERA.pdf<\/a><\/td><td class=\"column-3\"><\/td>\n<\/tr>\n<tr class=\"row-5\">\n\t<td class=\"column-1\">AY MULATITA<\/td><td class=\"column-2\"><a target=\"_blank\" href=\"https:\/\/www.corosdecantabria.es\/wp-content\/uploads\/2022\/04\/AY-MULATITA.pdf\">https:\/\/www.corosdecantabria.es\/wp-content\/uploads\/2022\/04\/AY-MULATITA.pdf<\/a><\/td><td class=\"column-3\"><\/td>\n<\/tr>\n<tr class=\"row-6\">\n\t<td class=\"column-1\">CON SABOR TROPICAL<\/td><td class=\"column-2\"><a target=\"_blank\" href=\"https:\/\/www.corosdecantabria.es\/wp-content\/uploads\/2022\/04\/CON-SABOR-TROPICAL.pdf\">https:\/\/www.corosdecantabria.es\/wp-content\/uploads\/2022\/04\/CON-SABOR-TROPICAL.pdf<\/a><\/td><td class=\"column-3\"><\/td>\n<\/tr>\n<tr class=\"row-7\">\n\t<td class=\"column-1\">CUANTO MAS<\/td><td class=\"column-2\"><a target=\"_blank\" href=\"https:\/\/www.corosdecantabria.es\/wp-content\/uploads\/2022\/04\/CUANTO-MAS.pdf\">https:\/\/www.corosdecantabria.es\/wp-content\/uploads\/2022\/04\/CUANTO-MAS.pdf<\/a><\/td><td class=\"column-3\"><\/td>\n<\/tr>\n<tr class=\"row-8\">\n\t<td class=\"column-1\">DE COLORES<\/td><td class=\"column-2\"><a target=\"_blank\" href=\"https:\/\/www.corosdecantabria.es\/wp-content\/uploads\/2022\/04\/DE-COLORES.pdf\">https:\/\/www.corosdecantabria.es\/wp-content\/uploads\/2022\/04\/DE-COLORES.pdf<\/a><\/td><td class=\"column-3\"><\/td>\n<\/tr>\n<tr class=\"row-9\">\n\t<td class=\"column-1\">DICEN QUE SE MUERE EL MAR<\/td><td class=\"column-2\"><a target=\"_blank\" href=\"https:\/\/www.corosdecantabria.es\/wp-content\/uploads\/2022\/04\/DICEN-QUE-SE-MUERE-EL-MAR.pdf\">https:\/\/www.corosdecantabria.es\/wp-content\/uploads\/2022\/04\/DICEN-QUE-SE-MUERE-EL-MAR.pdf<\/a><\/td><td class=\"column-3\"><\/td>\n<\/tr>\n<tr class=\"row-10\">\n\t<td class=\"column-1\">EL ABANICO<\/td><td class=\"column-2\"><a target=\"_blank\" href=\"https:\/\/www.corosdecantabria.es\/wp-content\/uploads\/2022\/04\/EL-ABANICO.pdf\">https:\/\/www.corosdecantabria.es\/wp-content\/uploads\/2022\/04\/EL-ABANICO.pdf<\/a><\/td><td class=\"column-3\"><\/td>\n<\/tr>\n<tr class=\"row-11\">\n\t<td class=\"column-1\">EL ECO DE UNA HABANERA<\/td><td class=\"column-2\"><a target=\"_blank\" href=\"https:\/\/www.corosdecantabria.es\/wp-content\/uploads\/2022\/04\/EL-ECO-DE-UNA-HABANERA.pdf\">https:\/\/www.corosdecantabria.es\/wp-content\/uploads\/2022\/04\/EL-ECO-DE-UNA-HABANERA.pdf<\/a><\/td><td class=\"column-3\"><\/td>\n<\/tr>\n<tr class=\"row-12\">\n\t<td class=\"column-1\">EL PERGRINO<\/td><td class=\"column-2\"><a target=\"_blank\" href=\"https:\/\/www.corosdecantabria.es\/wp-content\/uploads\/2022\/04\/EL-PERGRINO.pdf\">https:\/\/www.corosdecantabria.es\/wp-content\/uploads\/2022\/04\/EL-PERGRINO.pdf<\/a><\/td><td class=\"column-3\"><\/td>\n<\/tr>\n<tr class=\"row-13\">\n\t<td class=\"column-1\">EL PLATANAR<\/td><td class=\"column-2\"><a target=\"_blank\" href=\"https:\/\/www.corosdecantabria.es\/wp-content\/uploads\/2022\/04\/EL-PLATANAR.pdf\">https:\/\/www.corosdecantabria.es\/wp-content\/uploads\/2022\/04\/EL-PLATANAR.pdf<\/a><\/td><td class=\"column-3\"><\/td>\n<\/tr>\n<tr class=\"row-14\">\n\t<td class=\"column-1\">EL PUERTO<\/td><td class=\"column-2\"><a target=\"_blank\" href=\"https:\/\/www.corosdecantabria.es\/wp-content\/uploads\/2022\/04\/EL-PUERTO.pdf\">https:\/\/www.corosdecantabria.es\/wp-content\/uploads\/2022\/04\/EL-PUERTO.pdf<\/a><\/td><td class=\"column-3\"><\/td>\n<\/tr>\n<tr class=\"row-15\">\n\t<td class=\"column-1\">EL RUISEN\u0303OR Y LA FLOR<\/td><td class=\"column-2\"><a target=\"_blank\" href=\"https:\/\/www.corosdecantabria.es\/wp-content\/uploads\/2022\/04\/EL-RUISEN\u0303OR-Y-LA-FLOR.pdf\">https:\/\/www.corosdecantabria.es\/wp-content\/uploads\/2022\/04\/EL-RUISEN\u0303OR-Y-LA-FLOR.pdf<\/a><\/td><td class=\"column-3\"><\/td>\n<\/tr>\n<tr class=\"row-16\">\n\t<td class=\"column-1\">EL SABOR DE UNA HABANERA<\/td><td class=\"column-2\"><a target=\"_blank\" href=\"https:\/\/www.corosdecantabria.es\/wp-content\/uploads\/2022\/04\/EL-SABOR-DE-UNA-HABANERA.pdf\">https:\/\/www.corosdecantabria.es\/wp-content\/uploads\/2022\/04\/EL-SABOR-DE-UNA-HABANERA.pdf<\/a><\/td><td class=\"column-3\"><\/td>\n<\/tr>\n<tr class=\"row-17\">\n\t<td class=\"column-1\">EL VIEJO PUERTO<\/td><td class=\"column-2\"><a target=\"_blank\" href=\"https:\/\/www.corosdecantabria.es\/wp-content\/uploads\/2022\/04\/EL-VIEJO-PUERTO.pdf\">https:\/\/www.corosdecantabria.es\/wp-content\/uploads\/2022\/04\/EL-VIEJO-PUERTO.pdf<\/a><\/td><td class=\"column-3\"><\/td>\n<\/tr>\n<tr class=\"row-18\">\n\t<td class=\"column-1\">ENTERRADME EN LA PLAYA<\/td><td class=\"column-2\"><a target=\"_blank\" href=\"https:\/\/www.corosdecantabria.es\/wp-content\/uploads\/2022\/04\/ENTERRADME-EN-LA-PLAYA.pdf\">https:\/\/www.corosdecantabria.es\/wp-content\/uploads\/2022\/04\/ENTERRADME-EN-LA-PLAYA.pdf<\/a><\/td><td class=\"column-3\"><\/td>\n<\/tr>\n<tr class=\"row-19\">\n\t<td class=\"column-1\">ERA UNA FLOR<\/td><td class=\"column-2\"><a target=\"_blank\" href=\"https:\/\/www.corosdecantabria.es\/wp-content\/uploads\/2022\/04\/ERA-UNA-FLOR.pdf\">https:\/\/www.corosdecantabria.es\/wp-content\/uploads\/2022\/04\/ERA-UNA-FLOR.pdf<\/a><\/td><td class=\"column-3\"><\/td>\n<\/tr>\n<tr class=\"row-20\">\n\t<td class=\"column-1\">ESTA CANCION PARA TI<\/td><td class=\"column-2\"><a target=\"_blank\" href=\"https:\/\/www.corosdecantabria.es\/wp-content\/uploads\/2022\/04\/ESTA-CANCION-PARA-TI.pdf\">https:\/\/www.corosdecantabria.es\/wp-content\/uploads\/2022\/04\/ESTA-CANCION-PARA-TI.pdf<\/a><\/td><td class=\"column-3\"><\/td>\n<\/tr>\n<tr class=\"row-21\">\n\t<td class=\"column-1\">ESTO ES AMOR<\/td><td class=\"column-2\"><a target=\"_blank\" href=\"https:\/\/www.corosdecantabria.es\/wp-content\/uploads\/2022\/04\/ESTO-ES-AMOR.pdf\">https:\/\/www.corosdecantabria.es\/wp-content\/uploads\/2022\/04\/ESTO-ES-AMOR.pdf<\/a><\/td><td class=\"column-3\"><\/td>\n<\/tr>\n<tr class=\"row-22\">\n\t<td class=\"column-1\">FLORES DE AMOR<\/td><td class=\"column-2\"><a target=\"_blank\" href=\"https:\/\/www.corosdecantabria.es\/wp-content\/uploads\/2022\/04\/FLORES-DE-AMOR.pdf\">https:\/\/www.corosdecantabria.es\/wp-content\/uploads\/2022\/04\/FLORES-DE-AMOR.pdf<\/a><\/td><td class=\"column-3\"><\/td>\n<\/tr>\n<tr class=\"row-23\">\n\t<td class=\"column-1\">GAVIOTAS<\/td><td class=\"column-2\"><a target=\"_blank\" href=\"https:\/\/www.corosdecantabria.es\/wp-content\/uploads\/2022\/04\/GAVIOTAS.pdf\">https:\/\/www.corosdecantabria.es\/wp-content\/uploads\/2022\/04\/GAVIOTAS.pdf<\/a><\/td><td class=\"column-3\"><\/td>\n<\/tr>\n<tr class=\"row-24\">\n\t<td class=\"column-1\">HABANA, TE QUIERO<\/td><td class=\"column-2\"><a target=\"_blank\" href=\"https:\/\/www.corosdecantabria.es\/wp-content\/uploads\/2022\/04\/HABANA-TE-QUIERO.pdf\">https:\/\/www.corosdecantabria.es\/wp-content\/uploads\/2022\/04\/HABANA-TE-QUIERO.pdf<\/a><\/td><td class=\"column-3\"><\/td>\n<\/tr>\n<tr class=\"row-25\">\n\t<td class=\"column-1\">HERMOSA<\/td><td class=\"column-2\"><a target=\"_blank\" href=\"https:\/\/www.corosdecantabria.es\/wp-content\/uploads\/2022\/04\/HERMOSA.pdf\">https:\/\/www.corosdecantabria.es\/wp-content\/uploads\/2022\/04\/HERMOSA.pdf<\/a><\/td><td class=\"column-3\"><\/td>\n<\/tr>\n<tr class=\"row-26\">\n\t<td class=\"column-1\">ILISION DE AMOR<\/td><td class=\"column-2\"><a target=\"_blank\" href=\"https:\/\/www.corosdecantabria.es\/wp-content\/uploads\/2022\/04\/ILISION-DE-AMOR.pdf\">https:\/\/www.corosdecantabria.es\/wp-content\/uploads\/2022\/04\/ILISION-DE-AMOR.pdf<\/a><\/td><td class=\"column-3\"><\/td>\n<\/tr>\n<tr class=\"row-27\">\n\t<td class=\"column-1\">LA BORRACHITA<\/td><td class=\"column-2\"><a target=\"_blank\" href=\"https:\/\/www.corosdecantabria.es\/wp-content\/uploads\/2022\/04\/LA-BORRACHITA.pdf\">https:\/\/www.corosdecantabria.es\/wp-content\/uploads\/2022\/04\/LA-BORRACHITA.pdf<\/a><\/td><td class=\"column-3\"><\/td>\n<\/tr>\n<tr class=\"row-28\">\n\t<td class=\"column-1\">LA CAN\u0303A DULCE<\/td><td class=\"column-2\"><a target=\"_blank\" href=\"https:\/\/www.corosdecantabria.es\/wp-content\/uploads\/2022\/04\/LA-CAN\u0303A-DULCE.pdf\">https:\/\/www.corosdecantabria.es\/wp-content\/uploads\/2022\/04\/LA-CAN\u0303A-DULCE.pdf<\/a><\/td><td class=\"column-3\"><\/td>\n<\/tr>\n<tr class=\"row-29\">\n\t<td class=\"column-1\">LA GOLONDRINA<\/td><td class=\"column-2\"><a target=\"_blank\" href=\"https:\/\/www.corosdecantabria.es\/wp-content\/uploads\/2022\/04\/LA-GOLONDRINA.pdf\">https:\/\/www.corosdecantabria.es\/wp-content\/uploads\/2022\/04\/LA-GOLONDRINA.pdf<\/a><\/td><td class=\"column-3\"><\/td>\n<\/tr>\n<tr class=\"row-30\">\n\t<td class=\"column-1\">LA PALOMA<\/td><td class=\"column-2\"><a target=\"_blank\" href=\"https:\/\/www.corosdecantabria.es\/wp-content\/uploads\/2022\/04\/LA-PALOMA.pdf\">https:\/\/www.corosdecantabria.es\/wp-content\/uploads\/2022\/04\/LA-PALOMA.pdf<\/a><\/td><td class=\"column-3\"><\/td>\n<\/tr>\n<tr class=\"row-31\">\n\t<td class=\"column-1\">LA PERLA<\/td><td class=\"column-2\"><a target=\"_blank\" href=\"https:\/\/www.corosdecantabria.es\/wp-content\/uploads\/2022\/04\/LA-PERLA.pdf\">https:\/\/www.corosdecantabria.es\/wp-content\/uploads\/2022\/04\/LA-PERLA.pdf<\/a><\/td><td class=\"column-3\"><\/td>\n<\/tr>\n<tr class=\"row-32\">\n\t<td class=\"column-1\">LIERGANES<\/td><td class=\"column-2\"><a target=\"_blank\" href=\"https:\/\/www.corosdecantabria.es\/wp-content\/uploads\/2022\/04\/LIERGANES.pdf\">https:\/\/www.corosdecantabria.es\/wp-content\/uploads\/2022\/04\/LIERGANES.pdf<\/a><\/td><td class=\"column-3\"><\/td>\n<\/tr>\n<tr class=\"row-33\">\n\t<td class=\"column-1\">MELODIAS ANTILLANAS<\/td><td class=\"column-2\"><a target=\"_blank\" href=\"https:\/\/www.corosdecantabria.es\/wp-content\/uploads\/2022\/04\/MELODIAS-ANTILLANAS.pdf\">https:\/\/www.corosdecantabria.es\/wp-content\/uploads\/2022\/04\/MELODIAS-ANTILLANAS.pdf<\/a><\/td><td class=\"column-3\"><\/td>\n<\/tr>\n<tr class=\"row-34\">\n\t<td class=\"column-1\">MI BELLA LOLA<\/td><td class=\"column-2\"><a target=\"_blank\" href=\"https:\/\/www.corosdecantabria.es\/wp-content\/uploads\/2022\/04\/MI-BELLA-LOLA.pdf\">https:\/\/www.corosdecantabria.es\/wp-content\/uploads\/2022\/04\/MI-BELLA-LOLA.pdf<\/a><\/td><td class=\"column-3\"><\/td>\n<\/tr>\n<tr class=\"row-35\">\n\t<td class=\"column-1\">NEVAGAREMOS LOS DOS<\/td><td class=\"column-2\"><a target=\"_blank\" href=\"https:\/\/www.corosdecantabria.es\/wp-content\/uploads\/2022\/04\/NEVAGAREMOS-LOS-DOS.pdf\">https:\/\/www.corosdecantabria.es\/wp-content\/uploads\/2022\/04\/NEVAGAREMOS-LOS-DOS.pdf<\/a><\/td><td class=\"column-3\"><\/td>\n<\/tr>\n<tr class=\"row-36\">\n\t<td class=\"column-1\">NIN\u0303A MERSE<\/td><td class=\"column-2\"><a target=\"_blank\" href=\"https:\/\/www.corosdecantabria.es\/wp-content\/uploads\/2022\/04\/NIN\u0303A-MERSE.pdf\">https:\/\/www.corosdecantabria.es\/wp-content\/uploads\/2022\/04\/NIN\u0303A-MERSE.pdf<\/a><\/td><td class=\"column-3\"><\/td>\n<\/tr>\n<tr class=\"row-37\">\n\t<td class=\"column-1\">NIN\u0303A NO LLORES<\/td><td class=\"column-2\"><a target=\"_blank\" href=\"https:\/\/www.corosdecantabria.es\/wp-content\/uploads\/2022\/04\/NIN\u0303A-NO-LLORES.pdf\">https:\/\/www.corosdecantabria.es\/wp-content\/uploads\/2022\/04\/NIN\u0303A-NO-LLORES.pdf<\/a><\/td><td class=\"column-3\"><\/td>\n<\/tr>\n<tr class=\"row-38\">\n\t<td class=\"column-1\">OJOS DE ESPAN\u0303A<\/td><td class=\"column-2\"><a target=\"_blank\" href=\"https:\/\/www.corosdecantabria.es\/wp-content\/uploads\/2022\/04\/OJOS-DE-ESPAN\u0303A.pdf\">https:\/\/www.corosdecantabria.es\/wp-content\/uploads\/2022\/04\/OJOS-DE-ESPAN\u0303A.pdf<\/a><\/td><td class=\"column-3\"><\/td>\n<\/tr>\n<tr class=\"row-39\">\n\t<td class=\"column-1\">PALOMA MENSAJERA<\/td><td class=\"column-2\"><a target=\"_blank\" href=\"https:\/\/www.corosdecantabria.es\/wp-content\/uploads\/2022\/04\/PALOMA-MENSAJERA.pdf\">https:\/\/www.corosdecantabria.es\/wp-content\/uploads\/2022\/04\/PALOMA-MENSAJERA.pdf<\/a><\/td><td class=\"column-3\"><\/td>\n<\/tr>\n<tr class=\"row-40\">\n\t<td class=\"column-1\">PREGUNTALE A LAS ESTELLAS<\/td><td class=\"column-2\"><a target=\"_blank\" href=\"https:\/\/www.corosdecantabria.es\/wp-content\/uploads\/2022\/04\/PREGUNTALE-A-LAS-ESTELLAS.pdf\">https:\/\/www.corosdecantabria.es\/wp-content\/uploads\/2022\/04\/PREGUNTALE-A-LAS-ESTELLAS.pdf<\/a><\/td><td class=\"column-3\"><\/td>\n<\/tr>\n<tr class=\"row-41\">\n\t<td class=\"column-1\">ROSINA<\/td><td class=\"column-2\"><a target=\"_blank\" href=\"https:\/\/www.corosdecantabria.es\/wp-content\/uploads\/2022\/04\/ROSINA.pdf\">https:\/\/www.corosdecantabria.es\/wp-content\/uploads\/2022\/04\/ROSINA.pdf<\/a><\/td><td class=\"column-3\"><\/td>\n<\/tr>\n<tr class=\"row-42\">\n\t<td class=\"column-1\">SALIO DE JAMAICA<\/td><td class=\"column-2\"><a target=\"_blank\" href=\"https:\/\/www.corosdecantabria.es\/wp-content\/uploads\/2022\/04\/SALIO-DE-JAMAICA.pdf\">https:\/\/www.corosdecantabria.es\/wp-content\/uploads\/2022\/04\/SALIO-DE-JAMAICA.pdf<\/a><\/td><td class=\"column-3\"><\/td>\n<\/tr>\n<tr class=\"row-43\">\n\t<td class=\"column-1\">SOY DE FABERO<\/td><td class=\"column-2\"><a target=\"_blank\" href=\"https:\/\/www.corosdecantabria.es\/wp-content\/uploads\/2022\/04\/SOY-DE-FABERO.pdf\">https:\/\/www.corosdecantabria.es\/wp-content\/uploads\/2022\/04\/SOY-DE-FABERO.pdf<\/a><\/td><td class=\"column-3\"><\/td>\n<\/tr>\n<tr class=\"row-44\">\n\t<td class=\"column-1\">TE QUISIERA LLEVAR<\/td><td class=\"column-2\"><a target=\"_blank\" href=\"https:\/\/www.corosdecantabria.es\/wp-content\/uploads\/2022\/04\/TE-QUISIERA-LLEVAR.pdf\">https:\/\/www.corosdecantabria.es\/wp-content\/uploads\/2022\/04\/TE-QUISIERA-LLEVAR.pdf<\/a><\/td><td class=\"column-3\"><\/td>\n<\/tr>\n<tr class=\"row-45\">\n\t<td class=\"column-1\">TORREVIEJA<\/td><td class=\"column-2\"><a target=\"_blank\" href=\"https:\/\/www.corosdecantabria.es\/wp-content\/uploads\/2022\/04\/TORREVIEJA.pdf\">https:\/\/www.corosdecantabria.es\/wp-content\/uploads\/2022\/04\/TORREVIEJA.pdf<\/a><\/td><td class=\"column-3\"><\/td>\n<\/tr>\n<tr class=\"row-46\">\n\t<td class=\"column-1\">TU MI BARCO Y EL MAR<\/td><td class=\"column-2\"><a target=\"_blank\" href=\"https:\/\/www.corosdecantabria.es\/wp-content\/uploads\/2022\/04\/TU-MI-BARCO-Y-EL-MAR.pdf\">https:\/\/www.corosdecantabria.es\/wp-content\/uploads\/2022\/04\/TU-MI-BARCO-Y-EL-MAR.pdf<\/a><\/td><td class=\"column-3\"><\/td>\n<\/tr>\n<tr class=\"row-47\">\n\t<td class=\"column-1\">UN MUNDO MEJOR<\/td><td class=\"column-2\"><a target=\"_blank\" href=\"https:\/\/www.corosdecantabria.es\/wp-content\/uploads\/2022\/04\/UN-MUNDO-MEJOR.pdf\">https:\/\/www.corosdecantabria.es\/wp-content\/uploads\/2022\/04\/UN-MUNDO-MEJOR.pdf<\/a><\/td><td class=\"column-3\"><\/td>\n<\/tr>\n<tr class=\"row-48\">\n\t<td class=\"column-1\">UNA ESPERANZA<\/td><td class=\"column-2\"><a target=\"_blank\" href=\"https:\/\/www.corosdecantabria.es\/wp-content\/uploads\/2022\/04\/UNA-ESPERANZA.pdf\">https:\/\/www.corosdecantabria.es\/wp-content\/uploads\/2022\/04\/UNA-ESPERANZA.pdf<\/a><\/td><td class=\"column-3\"><\/td>\n<\/tr>\n<tr class=\"row-49\">\n\t<td class=\"column-1\">UNA HABANERA<\/td><td class=\"column-2\"><a target=\"_blank\" href=\"https:\/\/www.corosdecantabria.es\/wp-content\/uploads\/2022\/04\/UNA-HABANERA.pdf\">https:\/\/www.corosdecantabria.es\/wp-content\/uploads\/2022\/04\/UNA-HABANERA.pdf<\/a><\/td><td class=\"column-3\"><\/td>\n<\/tr>\n<tr class=\"row-50\">\n\t<td class=\"column-1\">ABSOLVE<\/td><td class=\"column-2\"><a target=\"_blank\" href=\"https:\/\/www.corosdecantabria.es\/wp-content\/uploads\/2022\/04\/Absolve.pdf\">https:\/\/www.corosdecantabria.es\/wp-content\/uploads\/2022\/04\/Absolve.pdf<\/a><\/td><td class=\"column-3\">M\u00daSICA ANTIGUA<\/td>\n<\/tr>\n<tr class=\"row-51\">\n\t<td class=\"column-1\">AGNUS<\/td><td class=\"column-2\"><a target=\"_blank\" href=\"https:\/\/www.corosdecantabria.es\/wp-content\/uploads\/2022\/04\/Agnus.pdf\">https:\/\/www.corosdecantabria.es\/wp-content\/uploads\/2022\/04\/Agnus.pdf<\/a><\/td><td class=\"column-3\">M\u00daSICA ANTIGUA<\/td>\n<\/tr>\n<tr class=\"row-52\">\n\t<td class=\"column-1\">AICHINGER ADORAMUS<\/td><td class=\"column-2\"><a target=\"_blank\" href=\"https:\/\/www.corosdecantabria.es\/wp-content\/uploads\/2022\/04\/aichinger_adoramus.pdf\">https:\/\/www.corosdecantabria.es\/wp-content\/uploads\/2022\/04\/aichinger_adoramus.pdf<\/a><\/td><td class=\"column-3\">M\u00daSICA ANTIGUA<\/td>\n<\/tr>\n<tr class=\"row-53\">\n\t<td class=\"column-1\">AICHINGER REGINACAELI<\/td><td class=\"column-2\"><a target=\"_blank\" href=\"https:\/\/www.corosdecantabria.es\/wp-content\/uploads\/2022\/04\/aichinger_reginacaeli.pdf\">https:\/\/www.corosdecantabria.es\/wp-content\/uploads\/2022\/04\/aichinger_reginacaeli.pdf<\/a><\/td><td class=\"column-3\">M\u00daSICA ANTIGUA<\/td>\n<\/tr>\n<tr class=\"row-54\">\n\t<td class=\"column-1\">ALFONSOX CANTIGA124<\/td><td class=\"column-2\"><a target=\"_blank\" href=\"https:\/\/www.corosdecantabria.es\/wp-content\/uploads\/2022\/04\/alfonsox_cantiga124.pdf\">https:\/\/www.corosdecantabria.es\/wp-content\/uploads\/2022\/04\/alfonsox_cantiga124.pdf<\/a><\/td><td class=\"column-3\">M\u00daSICA ANTIGUA<\/td>\n<\/tr>\n<tr class=\"row-55\">\n\t<td class=\"column-1\">ANONIMO INMONTEOLIVETI<\/td><td class=\"column-2\"><a target=\"_blank\" href=\"https:\/\/www.corosdecantabria.es\/wp-content\/uploads\/2022\/04\/anonimo_inmonteoliveti.pdf\">https:\/\/www.corosdecantabria.es\/wp-content\/uploads\/2022\/04\/anonimo_inmonteoliveti.pdf<\/a><\/td><td class=\"column-3\">M\u00daSICA ANTIGUA<\/td>\n<\/tr>\n<tr class=\"row-56\">\n\t<td class=\"column-1\">ARBEAU BELLEQUITIENT<\/td><td class=\"column-2\"><a target=\"_blank\" href=\"https:\/\/www.corosdecantabria.es\/wp-content\/uploads\/2022\/04\/arbeau_bellequitient.pdf\">https:\/\/www.corosdecantabria.es\/wp-content\/uploads\/2022\/04\/arbeau_bellequitient.pdf<\/a><\/td><td class=\"column-3\">M\u00daSICA ANTIGUA<\/td>\n<\/tr>\n<tr class=\"row-57\">\n\t<td class=\"column-1\">BANCHIERI CONTRAPUNTO<\/td><td class=\"column-2\"><a target=\"_blank\" href=\"https:\/\/www.corosdecantabria.es\/wp-content\/uploads\/2022\/04\/banchieri_contrapunto.pdf\">https:\/\/www.corosdecantabria.es\/wp-content\/uploads\/2022\/04\/banchieri_contrapunto.pdf<\/a><\/td><td class=\"column-3\">M\u00daSICA ANTIGUA<\/td>\n<\/tr>\n<tr class=\"row-58\">\n\t<td class=\"column-1\">BENEDICTUS<\/td><td class=\"column-2\"><a target=\"_blank\" href=\"https:\/\/www.corosdecantabria.es\/wp-content\/uploads\/2022\/04\/Benedictus.pdf\">https:\/\/www.corosdecantabria.es\/wp-content\/uploads\/2022\/04\/Benedictus.pdf<\/a><\/td><td class=\"column-3\">M\u00daSICA ANTIGUA<\/td>\n<\/tr>\n<tr class=\"row-59\">\n\t<td class=\"column-1\">BERCHEM OIESUCHRISTE<\/td><td class=\"column-2\"><a target=\"_blank\" href=\"https:\/\/www.corosdecantabria.es\/wp-content\/uploads\/2022\/04\/berchem_oiesuchriste.pdf\">https:\/\/www.corosdecantabria.es\/wp-content\/uploads\/2022\/04\/berchem_oiesuchriste.pdf<\/a><\/td><td class=\"column-3\">M\u00daSICA ANTIGUA<\/td>\n<\/tr>\n<tr class=\"row-60\">\n\t<td class=\"column-1\">BRITO STABATMATER<\/td><td class=\"column-2\"><a target=\"_blank\" href=\"https:\/\/www.corosdecantabria.es\/wp-content\/uploads\/2022\/04\/brito_stabatmater.pdf\">https:\/\/www.corosdecantabria.es\/wp-content\/uploads\/2022\/04\/brito_stabatmater.pdf<\/a><\/td><td class=\"column-3\">M\u00daSICA ANTIGUA<\/td>\n<\/tr>\n<tr class=\"row-61\">\n\t<td class=\"column-1\">CANCPALACIO PONCE LAMISOLA<\/td><td class=\"column-2\"><a target=\"_blank\" href=\"https:\/\/www.corosdecantabria.es\/wp-content\/uploads\/2022\/04\/cancpalacio_ponce_lamisola.pdf\">https:\/\/www.corosdecantabria.es\/wp-content\/uploads\/2022\/04\/cancpalacio_ponce_lamisola.pdf<\/a><\/td><td class=\"column-3\">M\u00daSICA ANTIGUA<\/td>\n<\/tr>\n<tr class=\"row-62\">\n\t<td class=\"column-1\">CANCUPPSALA MORALES SINOSHUVIERAMIRADO<\/td><td class=\"column-2\"><a target=\"_blank\" href=\"https:\/\/www.corosdecantabria.es\/wp-content\/uploads\/2022\/04\/cancuppsala_morales_sinoshuvieramirado.pdf\">https:\/\/www.corosdecantabria.es\/wp-content\/uploads\/2022\/04\/cancuppsala_morales_sinoshuvieramirado.pdf<\/a><\/td><td class=\"column-3\">M\u00daSICA ANTIGUA<\/td>\n<\/tr>\n<tr class=\"row-63\">\n\t<td class=\"column-1\">COMPLACEAT<\/td><td class=\"column-2\"><a target=\"_blank\" href=\"https:\/\/www.corosdecantabria.es\/wp-content\/uploads\/2022\/04\/Complaceat.pdf\">https:\/\/www.corosdecantabria.es\/wp-content\/uploads\/2022\/04\/Complaceat.pdf<\/a><\/td><td class=\"column-3\">M\u00daSICA ANTIGUA<\/td>\n<\/tr>\n<tr class=\"row-64\">\n\t<td class=\"column-1\">CON QUE LA LAVARE<\/td><td class=\"column-2\"><a target=\"_blank\" href=\"https:\/\/www.corosdecantabria.es\/wp-content\/uploads\/2022\/04\/Conquelalavare.pdf\">https:\/\/www.corosdecantabria.es\/wp-content\/uploads\/2022\/04\/Conquelalavare.pdf<\/a><\/td><td class=\"column-3\">M\u00daSICA ANTIGUA<\/td>\n<\/tr>\n<tr class=\"row-65\">\n\t<td class=\"column-1\">CONVERTERE<\/td><td class=\"column-2\"><a target=\"_blank\" href=\"https:\/\/www.corosdecantabria.es\/wp-content\/uploads\/2022\/04\/Convertere.pdf\">https:\/\/www.corosdecantabria.es\/wp-content\/uploads\/2022\/04\/Convertere.pdf<\/a><\/td><td class=\"column-3\">M\u00daSICA ANTIGUA<\/td>\n<\/tr>\n<tr class=\"row-66\">\n\t<td class=\"column-1\">CREDO<\/td><td class=\"column-2\"><a target=\"_blank\" href=\"https:\/\/www.corosdecantabria.es\/wp-content\/uploads\/2022\/04\/Credo.pdf\">https:\/\/www.corosdecantabria.es\/wp-content\/uploads\/2022\/04\/Credo.pdf<\/a><\/td><td class=\"column-3\">M\u00daSICA ANTIGUA<\/td>\n<\/tr>\n<tr class=\"row-67\">\n\t<td class=\"column-1\">DE DONDE VENIS AMORES<\/td><td class=\"column-2\"><a target=\"_blank\" href=\"https:\/\/www.corosdecantabria.es\/wp-content\/uploads\/2022\/04\/Dedondevenisamores.pdf\">https:\/\/www.corosdecantabria.es\/wp-content\/uploads\/2022\/04\/Dedondevenisamores.pdf<\/a><\/td><td class=\"column-3\">M\u00daSICA ANTIGUA<\/td>\n<\/tr>\n<tr class=\"row-68\">\n\t<td class=\"column-1\">DELICTA<\/td><td class=\"column-2\"><a target=\"_blank\" href=\"https:\/\/www.corosdecantabria.es\/wp-content\/uploads\/2022\/04\/Delicta.pdf\">https:\/\/www.corosdecantabria.es\/wp-content\/uploads\/2022\/04\/Delicta.pdf<\/a><\/td><td class=\"column-3\">M\u00daSICA ANTIGUA<\/td>\n<\/tr>\n<tr class=\"row-69\">\n\t<td class=\"column-1\">DELOSALAMOS<\/td><td class=\"column-2\"><a target=\"_blank\" href=\"https:\/\/www.corosdecantabria.es\/wp-content\/uploads\/2022\/04\/Delosalamos.pdf\">https:\/\/www.corosdecantabria.es\/wp-content\/uploads\/2022\/04\/Delosalamos.pdf<\/a><\/td><td class=\"column-3\">M\u00daSICA ANTIGUA<\/td>\n<\/tr>\n<tr class=\"row-70\">\n\t<td class=\"column-1\">DESCENDID<\/td><td class=\"column-2\"><a target=\"_blank\" href=\"https:\/\/www.corosdecantabria.es\/wp-content\/uploads\/2022\/04\/Descendid.pdf\">https:\/\/www.corosdecantabria.es\/wp-content\/uploads\/2022\/04\/Descendid.pdf<\/a><\/td><td class=\"column-3\">M\u00daSICA ANTIGUA<\/td>\n<\/tr>\n<tr class=\"row-71\">\n\t<td class=\"column-1\">DESPREZ ELGRILLO<\/td><td class=\"column-2\"><a target=\"_blank\" href=\"https:\/\/www.corosdecantabria.es\/wp-content\/uploads\/2022\/04\/desprez_elgrillo.pdf\">https:\/\/www.corosdecantabria.es\/wp-content\/uploads\/2022\/04\/desprez_elgrillo.pdf<\/a><\/td><td class=\"column-3\">M\u00daSICA ANTIGUA<\/td>\n<\/tr>\n<tr class=\"row-72\">\n\t<td class=\"column-1\">DESPREZ MILLEREGRETZ<\/td><td class=\"column-2\"><a target=\"_blank\" href=\"https:\/\/www.corosdecantabria.es\/wp-content\/uploads\/2022\/04\/desprez_milleregretz.pdf\">https:\/\/www.corosdecantabria.es\/wp-content\/uploads\/2022\/04\/desprez_milleregretz.pdf<\/a><\/td><td class=\"column-3\">M\u00daSICA ANTIGUA<\/td>\n<\/tr>\n<tr class=\"row-73\">\n\t<td class=\"column-1\">DETERMINADO AMOR<\/td><td class=\"column-2\"><a target=\"_blank\" href=\"https:\/\/www.corosdecantabria.es\/wp-content\/uploads\/2022\/04\/Determinadoamor.pdf\">https:\/\/www.corosdecantabria.es\/wp-content\/uploads\/2022\/04\/Determinadoamor.pdf<\/a><\/td><td class=\"column-3\">M\u00daSICA ANTIGUA<\/td>\n<\/tr>\n<tr class=\"row-74\">\n\t<td class=\"column-1\">DIRIGE<\/td><td class=\"column-2\"><a target=\"_blank\" href=\"https:\/\/www.corosdecantabria.es\/wp-content\/uploads\/2022\/04\/Dirige.pdf\">https:\/\/www.corosdecantabria.es\/wp-content\/uploads\/2022\/04\/Dirige.pdf<\/a><\/td><td class=\"column-3\">M\u00daSICA ANTIGUA<\/td>\n<\/tr>\n<tr class=\"row-75\">\n\t<td class=\"column-1\">DIZENAMI<\/td><td class=\"column-2\"><a target=\"_blank\" href=\"https:\/\/www.corosdecantabria.es\/wp-content\/uploads\/2022\/04\/Dizenami.pdf\">https:\/\/www.corosdecantabria.es\/wp-content\/uploads\/2022\/04\/Dizenami.pdf<\/a><\/td><td class=\"column-3\">M\u00daSICA ANTIGUA<\/td>\n<\/tr>\n<tr class=\"row-76\">\n\t<td class=\"column-1\">EN LA FUENTE DEL ROSEL<\/td><td class=\"column-2\"><a target=\"_blank\" href=\"https:\/\/www.corosdecantabria.es\/wp-content\/uploads\/2022\/04\/Enlafuentedelrosel.pdf\">https:\/\/www.corosdecantabria.es\/wp-content\/uploads\/2022\/04\/Enlafuentedelrosel.pdf<\/a><\/td><td class=\"column-3\">M\u00daSICA ANTIGUA<\/td>\n<\/tr>\n<tr class=\"row-77\">\n\t<td class=\"column-1\">ENZINA HOY COMAMOS Y BEVAMOS<\/td><td class=\"column-2\"><a target=\"_blank\" href=\"https:\/\/www.corosdecantabria.es\/wp-content\/uploads\/2022\/04\/enzina_oycomamosybevamos.pdf\">https:\/\/www.corosdecantabria.es\/wp-content\/uploads\/2022\/04\/enzina_oycomamosybevamos.pdf<\/a><\/td><td class=\"column-3\">M\u00daSICA ANTIGUA<\/td>\n<\/tr>\n<tr class=\"row-78\">\n\t<td class=\"column-1\">GABRIELLI MARIA MAGDALENE<\/td><td class=\"column-2\"><a target=\"_blank\" href=\"https:\/\/www.corosdecantabria.es\/wp-content\/uploads\/2022\/04\/gabrielli_mariamagdalene.pdf\">https:\/\/www.corosdecantabria.es\/wp-content\/uploads\/2022\/04\/gabrielli_mariamagdalene.pdf<\/a><\/td><td class=\"column-3\">M\u00daSICA ANTIGUA<\/td>\n<\/tr>\n<tr class=\"row-79\">\n\t<td class=\"column-1\">GRADUALE<\/td><td class=\"column-2\"><a target=\"_blank\" href=\"https:\/\/www.corosdecantabria.es\/wp-content\/uploads\/2022\/04\/Graduale.pdf\">https:\/\/www.corosdecantabria.es\/wp-content\/uploads\/2022\/04\/Graduale.pdf<\/a><\/td><td class=\"column-3\">M\u00daSICA ANTIGUA<\/td>\n<\/tr>\n<tr class=\"row-80\">\n\t<td class=\"column-1\">GUERRERO AVEMARIA<\/td><td class=\"column-2\"><a target=\"_blank\" href=\"https:\/\/www.corosdecantabria.es\/wp-content\/uploads\/2022\/04\/guerrero_avemaria.pdf\">https:\/\/www.corosdecantabria.es\/wp-content\/uploads\/2022\/04\/guerrero_avemaria.pdf<\/a><\/td><td class=\"column-3\">M\u00daSICA ANTIGUA<\/td>\n<\/tr>\n<tr class=\"row-81\">\n\t<td class=\"column-1\">GUERRERO AVEVIRGO<\/td><td class=\"column-2\"><a target=\"_blank\" href=\"https:\/\/www.corosdecantabria.es\/wp-content\/uploads\/2022\/04\/guerrero_avevirgo.pdf\">https:\/\/www.corosdecantabria.es\/wp-content\/uploads\/2022\/04\/guerrero_avevirgo.pdf<\/a><\/td><td class=\"column-3\">M\u00daSICA ANTIGUA<\/td>\n<\/tr>\n<tr class=\"row-82\">\n\t<td class=\"column-1\">GUERRERO CAROMEA<\/td><td class=\"column-2\"><a target=\"_blank\" href=\"https:\/\/www.corosdecantabria.es\/wp-content\/uploads\/2022\/04\/guerrero_caromea.pdf\">https:\/\/www.corosdecantabria.es\/wp-content\/uploads\/2022\/04\/guerrero_caromea.pdf<\/a><\/td><td class=\"column-3\">M\u00daSICA ANTIGUA<\/td>\n<\/tr>\n<tr class=\"row-83\">\n\t<td class=\"column-1\">GUERRERO LOS REYES<\/td><td class=\"column-2\"><a target=\"_blank\" href=\"https:\/\/www.corosdecantabria.es\/wp-content\/uploads\/2022\/04\/guerrero_losreyes.pdf\">https:\/\/www.corosdecantabria.es\/wp-content\/uploads\/2022\/04\/guerrero_losreyes.pdf<\/a><\/td><td class=\"column-3\">M\u00daSICA ANTIGUA<\/td>\n<\/tr>\n<tr class=\"row-84\">\n\t<td class=\"column-1\">GUERRERO NINODIOS<\/td><td class=\"column-2\"><a target=\"_blank\" href=\"https:\/\/www.corosdecantabria.es\/wp-content\/uploads\/2022\/04\/guerrero_ninodios.pdf\">https:\/\/www.corosdecantabria.es\/wp-content\/uploads\/2022\/04\/guerrero_ninodios.pdf<\/a><\/td><td class=\"column-3\">M\u00daSICA ANTIGUA<\/td>\n<\/tr>\n<tr class=\"row-85\">\n\t<td class=\"column-1\">GUERRERO SALVE REGINA<\/td><td class=\"column-2\"><a target=\"_blank\" href=\"https:\/\/www.corosdecantabria.es\/wp-content\/uploads\/2022\/04\/guerrero_salveregina.pdf\">https:\/\/www.corosdecantabria.es\/wp-content\/uploads\/2022\/04\/guerrero_salveregina.pdf<\/a><\/td><td class=\"column-3\">M\u00daSICA ANTIGUA<\/td>\n<\/tr>\n<tr class=\"row-86\">\n\t<td class=\"column-1\">GUERRERO SITUSPENAS<\/td><td class=\"column-2\"><a target=\"_blank\" href=\"https:\/\/www.corosdecantabria.es\/wp-content\/uploads\/2022\/04\/guerrero_situspenas.pdf\">https:\/\/www.corosdecantabria.es\/wp-content\/uploads\/2022\/04\/guerrero_situspenas.pdf<\/a><\/td><td class=\"column-3\">M\u00daSICA ANTIGUA<\/td>\n<\/tr>\n<tr class=\"row-87\">\n\t<td class=\"column-1\">HAENDEL CANTICORUM<\/td><td class=\"column-2\"><a target=\"_blank\" href=\"https:\/\/www.corosdecantabria.es\/wp-content\/uploads\/2022\/04\/haendel_canticorum.pdf\">https:\/\/www.corosdecantabria.es\/wp-content\/uploads\/2022\/04\/haendel_canticorum.pdf<\/a><\/td><td class=\"column-3\">M\u00daSICA ANTIGUA<\/td>\n<\/tr>\n<tr class=\"row-88\">\n\t<td class=\"column-1\">INLOCO<\/td><td class=\"column-2\"><a target=\"_blank\" href=\"https:\/\/www.corosdecantabria.es\/wp-content\/uploads\/2022\/04\/Inloco.pdf\">https:\/\/www.corosdecantabria.es\/wp-content\/uploads\/2022\/04\/Inloco.pdf<\/a><\/td><td class=\"column-3\">M\u00daSICA ANTIGUA<\/td>\n<\/tr>\n<tr class=\"row-89\">\n\t<td class=\"column-1\">INTROITUS<\/td><td class=\"column-2\"><a target=\"_blank\" href=\"https:\/\/www.corosdecantabria.es\/wp-content\/uploads\/2022\/04\/Introitus.pdf\">https:\/\/www.corosdecantabria.es\/wp-content\/uploads\/2022\/04\/Introitus.pdf<\/a><\/td><td class=\"column-3\">M\u00daSICA ANTIGUA<\/td>\n<\/tr>\n<tr class=\"row-90\">\n\t<td class=\"column-1\">INVITATORUM<\/td><td class=\"column-2\"><a target=\"_blank\" href=\"https:\/\/www.corosdecantabria.es\/wp-content\/uploads\/2022\/04\/Invitatorum.pdf\">https:\/\/www.corosdecantabria.es\/wp-content\/uploads\/2022\/04\/Invitatorum.pdf<\/a><\/td><td class=\"column-3\">M\u00daSICA ANTIGUA<\/td>\n<\/tr>\n<tr class=\"row-91\">\n\t<td class=\"column-1\">KYRIE<\/td><td class=\"column-2\"><a target=\"_blank\" href=\"https:\/\/www.corosdecantabria.es\/wp-content\/uploads\/2022\/04\/Kyrie.pdf\">https:\/\/www.corosdecantabria.es\/wp-content\/uploads\/2022\/04\/Kyrie.pdf<\/a><\/td><td class=\"column-3\">M\u00daSICA ANTIGUA<\/td>\n<\/tr>\n<tr class=\"row-92\">\n\t<td class=\"column-1\">LASSO ADORAMUS<\/td><td class=\"column-2\"><a target=\"_blank\" href=\"https:\/\/www.corosdecantabria.es\/wp-content\/uploads\/2022\/04\/lasso_adoramus.pdf\">https:\/\/www.corosdecantabria.es\/wp-content\/uploads\/2022\/04\/lasso_adoramus.pdf<\/a><\/td><td class=\"column-3\">M\u00daSICA ANTIGUA<\/td>\n<\/tr>\n<tr class=\"row-93\">\n\t<td class=\"column-1\">LASSO OCULUS<\/td><td class=\"column-2\"><a target=\"_blank\" href=\"https:\/\/www.corosdecantabria.es\/wp-content\/uploads\/2022\/04\/lasso_oculus.pdf\">https:\/\/www.corosdecantabria.es\/wp-content\/uploads\/2022\/04\/lasso_oculus.pdf<\/a><\/td><td class=\"column-3\">M\u00daSICA ANTIGUA<\/td>\n<\/tr>\n<tr class=\"row-94\">\n\t<td class=\"column-1\">LIBERAME<\/td><td class=\"column-2\"><a target=\"_blank\" href=\"https:\/\/www.corosdecantabria.es\/wp-content\/uploads\/2022\/04\/Liberame.pdf\">https:\/\/www.corosdecantabria.es\/wp-content\/uploads\/2022\/04\/Liberame.pdf<\/a><\/td><td class=\"column-3\">M\u00daSICA ANTIGUA<\/td>\n<\/tr>\n<tr class=\"row-95\">\n\t<td class=\"column-1\">MANUS<\/td><td class=\"column-2\"><a target=\"_blank\" href=\"https:\/\/www.corosdecantabria.es\/wp-content\/uploads\/2022\/04\/Manus.pdf\">https:\/\/www.corosdecantabria.es\/wp-content\/uploads\/2022\/04\/Manus.pdf<\/a><\/td><td class=\"column-3\">M\u00daSICA ANTIGUA<\/td>\n<\/tr>\n<tr class=\"row-96\">\n\t<td class=\"column-1\">MORALES PECCANTEM<\/td><td class=\"column-2\"><a target=\"_blank\" href=\"https:\/\/www.corosdecantabria.es\/wp-content\/uploads\/2022\/04\/morales_peccantem.pdf\">https:\/\/www.corosdecantabria.es\/wp-content\/uploads\/2022\/04\/morales_peccantem.pdf<\/a><\/td><td class=\"column-3\">M\u00daSICA ANTIGUA<\/td>\n<\/tr>\n<tr class=\"row-97\">\n\t<td class=\"column-1\">NEQUANDO<\/td><td class=\"column-2\"><a target=\"_blank\" href=\"https:\/\/www.corosdecantabria.es\/wp-content\/uploads\/2022\/04\/Nequando.pdf\">https:\/\/www.corosdecantabria.es\/wp-content\/uploads\/2022\/04\/Nequando.pdf<\/a><\/td><td class=\"column-3\">M\u00daSICA ANTIGUA<\/td>\n<\/tr>\n<tr class=\"row-98\">\n\t<td class=\"column-1\">NO PUEDO APARTARME<\/td><td class=\"column-2\"><a target=\"_blank\" href=\"https:\/\/www.corosdecantabria.es\/wp-content\/uploads\/2022\/04\/Nopuedoapartarme.pdf\">https:\/\/www.corosdecantabria.es\/wp-content\/uploads\/2022\/04\/Nopuedoapartarme.pdf<\/a><\/td><td class=\"column-3\">M\u00daSICA ANTIGUA<\/td>\n<\/tr>\n<tr class=\"row-99\">\n\t<td class=\"column-1\">OFFERTORIUM<\/td><td class=\"column-2\"><a target=\"_blank\" href=\"https:\/\/www.corosdecantabria.es\/wp-content\/uploads\/2022\/04\/Offertorium.pdf\">https:\/\/www.corosdecantabria.es\/wp-content\/uploads\/2022\/04\/Offertorium.pdf<\/a><\/td><td class=\"column-3\">M\u00daSICA ANTIGUA<\/td>\n<\/tr>\n<tr class=\"row-100\">\n\t<td class=\"column-1\">OJOS GARCOS<\/td><td class=\"column-2\"><a target=\"_blank\" href=\"https:\/\/www.corosdecantabria.es\/wp-content\/uploads\/2022\/04\/Ojosgarcos.pdf\">https:\/\/www.corosdecantabria.es\/wp-content\/uploads\/2022\/04\/Ojosgarcos.pdf<\/a><\/td><td class=\"column-3\">M\u00daSICA ANTIGUA<\/td>\n<\/tr>\n<tr class=\"row-101\">\n\t<td class=\"column-1\">PALESTRINA ODOMINE<\/td><td class=\"column-2\"><a target=\"_blank\" href=\"https:\/\/www.corosdecantabria.es\/wp-content\/uploads\/2022\/04\/palestrina_odomine.pdf\">https:\/\/www.corosdecantabria.es\/wp-content\/uploads\/2022\/04\/palestrina_odomine.pdf<\/a><\/td><td class=\"column-3\">M\u00daSICA ANTIGUA<\/td>\n<\/tr>\n<tr class=\"row-102\">\n\t<td class=\"column-1\">PALESTRINA OSALUTARIS<\/td><td class=\"column-2\"><a target=\"_blank\" href=\"https:\/\/www.corosdecantabria.es\/wp-content\/uploads\/2022\/04\/palestrina_osalutaris.pdf\">https:\/\/www.corosdecantabria.es\/wp-content\/uploads\/2022\/04\/palestrina_osalutaris.pdf<\/a><\/td><td class=\"column-3\">M\u00daSICA ANTIGUA<\/td>\n<\/tr>\n<tr class=\"row-103\">\n\t<td class=\"column-1\">PARCE<\/td><td class=\"column-2\"><a target=\"_blank\" href=\"https:\/\/www.corosdecantabria.es\/wp-content\/uploads\/2022\/04\/Parce.pdf\">https:\/\/www.corosdecantabria.es\/wp-content\/uploads\/2022\/04\/Parce.pdf<\/a><\/td><td class=\"column-3\">M\u00daSICA ANTIGUA<\/td>\n<\/tr>\n<tr class=\"row-104\">\n\t<td class=\"column-1\">PASSEREAU ILESTBELETBONE<\/td><td class=\"column-2\"><a target=\"_blank\" href=\"https:\/\/www.corosdecantabria.es\/wp-content\/uploads\/2022\/04\/passereau_ilestbeletbone.pdf\">https:\/\/www.corosdecantabria.es\/wp-content\/uploads\/2022\/04\/passereau_ilestbeletbone.pdf<\/a><\/td><td class=\"column-3\">M\u00daSICA ANTIGUA<\/td>\n<\/tr>\n<tr class=\"row-105\">\n\t<td class=\"column-1\">PIAECANTIONES GAUDETE<\/td><td class=\"column-2\"><a target=\"_blank\" href=\"https:\/\/www.corosdecantabria.es\/wp-content\/uploads\/2022\/04\/piaecantiones_gaudete.pdf\">https:\/\/www.corosdecantabria.es\/wp-content\/uploads\/2022\/04\/piaecantiones_gaudete.pdf<\/a><\/td><td class=\"column-3\">M\u00daSICA ANTIGUA<\/td>\n<\/tr>\n<tr class=\"row-106\">\n\t<td class=\"column-1\">PORVIDADEMISOJOS<\/td><td class=\"column-2\"><a target=\"_blank\" href=\"https:\/\/www.corosdecantabria.es\/wp-content\/uploads\/2022\/04\/Porvidademisojos.pdf\">https:\/\/www.corosdecantabria.es\/wp-content\/uploads\/2022\/04\/Porvidademisojos.pdf<\/a><\/td><td class=\"column-3\">M\u00daSICA ANTIGUA<\/td>\n<\/tr>\n<tr class=\"row-107\">\n\t<td class=\"column-1\">PRAETORIUS ENMEDIODELSILENCIO<\/td><td class=\"column-2\"><a target=\"_blank\" href=\"https:\/\/www.corosdecantabria.es\/wp-content\/uploads\/2022\/04\/praetorius_enmediodelsilencio.pdf\">https:\/\/www.corosdecantabria.es\/wp-content\/uploads\/2022\/04\/praetorius_enmediodelsilencio.pdf<\/a><\/td><td class=\"column-3\">M\u00daSICA ANTIGUA<\/td>\n<\/tr>\n<tr class=\"row-108\">\n\t<td class=\"column-1\">PURCELL ALLELUIA<\/td><td class=\"column-2\"><a target=\"_blank\" href=\"https:\/\/www.corosdecantabria.es\/wp-content\/uploads\/2022\/04\/purcell_alleluia.pdf\">https:\/\/www.corosdecantabria.es\/wp-content\/uploads\/2022\/04\/purcell_alleluia.pdf<\/a><\/td><td class=\"column-3\">M\u00daSICA ANTIGUA<\/td>\n<\/tr>\n<tr class=\"row-109\">\n\t<td class=\"column-1\">QUANDO QUANDO<\/td><td class=\"column-2\"><a target=\"_blank\" href=\"https:\/\/www.corosdecantabria.es\/wp-content\/uploads\/2022\/04\/Quandoquando.pdf\">https:\/\/www.corosdecantabria.es\/wp-content\/uploads\/2022\/04\/Quandoquando.pdf<\/a><\/td><td class=\"column-3\">M\u00daSICA ANTIGUA<\/td>\n<\/tr>\n<tr class=\"row-110\">\n\t<td class=\"column-1\">REQUIESCANT<\/td><td class=\"column-2\"><a target=\"_blank\" href=\"https:\/\/www.corosdecantabria.es\/wp-content\/uploads\/2022\/04\/Requiescant.pdf\">https:\/\/www.corosdecantabria.es\/wp-content\/uploads\/2022\/04\/Requiescant.pdf<\/a><\/td><td class=\"column-3\">M\u00daSICA ANTIGUA<\/td>\n<\/tr>\n<tr class=\"row-111\">\n\t<td class=\"column-1\">RESPONDE<\/td><td class=\"column-2\"><a target=\"_blank\" href=\"https:\/\/www.corosdecantabria.es\/wp-content\/uploads\/2022\/04\/Responde.pdf\">https:\/\/www.corosdecantabria.es\/wp-content\/uploads\/2022\/04\/Responde.pdf<\/a><\/td><td class=\"column-3\">M\u00daSICA ANTIGUA<\/td>\n<\/tr>\n<tr class=\"row-112\">\n\t<td class=\"column-1\">ROBLEDO DOMINE<\/td><td class=\"column-2\"><a target=\"_blank\" href=\"https:\/\/www.corosdecantabria.es\/wp-content\/uploads\/2022\/04\/robledo_domine.pdf\">https:\/\/www.corosdecantabria.es\/wp-content\/uploads\/2022\/04\/robledo_domine.pdf<\/a><\/td><td class=\"column-3\">M\u00daSICA ANTIGUA<\/td>\n<\/tr>\n<tr class=\"row-113\">\n\t<td class=\"column-1\">SANA<\/td><td class=\"column-2\"><a target=\"_blank\" href=\"https:\/\/www.corosdecantabria.es\/wp-content\/uploads\/2022\/04\/Sana.pdf\">https:\/\/www.corosdecantabria.es\/wp-content\/uploads\/2022\/04\/Sana.pdf<\/a><\/td><td class=\"column-3\">M\u00daSICA ANTIGUA<\/td>\n<\/tr>\n<tr class=\"row-114\">\n\t<td class=\"column-1\">SANAME<\/td><td class=\"column-2\"><a target=\"_blank\" href=\"https:\/\/www.corosdecantabria.es\/wp-content\/uploads\/2022\/04\/Saname.pdf\">https:\/\/www.corosdecantabria.es\/wp-content\/uploads\/2022\/04\/Saname.pdf<\/a><\/td><td class=\"column-3\">M\u00daSICA ANTIGUA<\/td>\n<\/tr>\n<tr class=\"row-115\">\n\t<td class=\"column-1\">SANCTUS<\/td><td class=\"column-2\"><a target=\"_blank\" href=\"https:\/\/www.corosdecantabria.es\/wp-content\/uploads\/2022\/04\/Sanctus.pdf\">https:\/\/www.corosdecantabria.es\/wp-content\/uploads\/2022\/04\/Sanctus.pdf<\/a><\/td><td class=\"column-3\">M\u00daSICA ANTIGUA<\/td>\n<\/tr>\n<tr class=\"row-116\">\n\t<td class=\"column-1\">SI NO OS UVIERA MIRADO<\/td><td class=\"column-2\"><a target=\"_blank\" href=\"https:\/\/www.corosdecantabria.es\/wp-content\/uploads\/2022\/04\/Sinoosuvieramirado.pdf\">https:\/\/www.corosdecantabria.es\/wp-content\/uploads\/2022\/04\/Sinoosuvieramirado.pdf<\/a><\/td><td class=\"column-3\">M\u00daSICA ANTIGUA<\/td>\n<\/tr>\n<tr class=\"row-117\">\n\t<td class=\"column-1\">SITIVIT<\/td><td class=\"column-2\"><a target=\"_blank\" href=\"https:\/\/www.corosdecantabria.es\/wp-content\/uploads\/2022\/04\/Sitivit.pdf\">https:\/\/www.corosdecantabria.es\/wp-content\/uploads\/2022\/04\/Sitivit.pdf<\/a><\/td><td class=\"column-3\">M\u00daSICA ANTIGUA<\/td>\n<\/tr>\n<tr class=\"row-118\">\n\t<td class=\"column-1\">SOLEDAD<\/td><td class=\"column-2\"><a target=\"_blank\" href=\"https:\/\/www.corosdecantabria.es\/wp-content\/uploads\/2022\/04\/Soledad.pdf\">https:\/\/www.corosdecantabria.es\/wp-content\/uploads\/2022\/04\/Soledad.pdf<\/a><\/td><td class=\"column-3\">M\u00daSICA ANTIGUA<\/td>\n<\/tr>\n<tr class=\"row-119\">\n\t<td class=\"column-1\">TRACTUS<\/td><td class=\"column-2\"><a target=\"_blank\" href=\"https:\/\/www.corosdecantabria.es\/wp-content\/uploads\/2022\/04\/Tractus.pdf\">https:\/\/www.corosdecantabria.es\/wp-content\/uploads\/2022\/04\/Tractus.pdf<\/a><\/td><td class=\"column-3\">M\u00daSICA ANTIGUA<\/td>\n<\/tr>\n<tr class=\"row-120\">\n\t<td class=\"column-1\">VICTORIA SANCTUS OQUAMGLORIOSUM<\/td><td class=\"column-2\"><a target=\"_blank\" href=\"https:\/\/www.corosdecantabria.es\/wp-content\/uploads\/2022\/04\/victoria__sanctus_oquamgloriosum.pdf\">https:\/\/www.corosdecantabria.es\/wp-content\/uploads\/2022\/04\/victoria__sanctus_oquamgloriosum.pdf<\/a><\/td><td class=\"column-3\">M\u00daSICA ANTIGUA<\/td>\n<\/tr>\n<tr class=\"row-121\">\n\t<td class=\"column-1\">VICTORIA KYRIE OQUAMGLORIOSUM<\/td><td class=\"column-2\"><a target=\"_blank\" href=\"https:\/\/www.corosdecantabria.es\/wp-content\/uploads\/2022\/04\/victoria_kyrie_oquamgloriosum.pdf\">https:\/\/www.corosdecantabria.es\/wp-content\/uploads\/2022\/04\/victoria_kyrie_oquamgloriosum.pdf<\/a><\/td><td class=\"column-3\">M\u00daSICA ANTIGUA<\/td>\n<\/tr>\n<tr class=\"row-122\">\n\t<td class=\"column-1\">VICTORIA OFFICIUM AMICUSMEUS<\/td><td class=\"column-2\"><a target=\"_blank\" href=\"https:\/\/www.corosdecantabria.es\/wp-content\/uploads\/2022\/04\/victoria_officium_amicusmeus.pdf\">https:\/\/www.corosdecantabria.es\/wp-content\/uploads\/2022\/04\/victoria_officium_amicusmeus.pdf<\/a><\/td><td class=\"column-3\">M\u00daSICA ANTIGUA<\/td>\n<\/tr>\n<tr class=\"row-123\">\n\t<td class=\"column-1\">VICTORIA OFFICIUM ANIMAMMEAM<\/td><td class=\"column-2\"><a target=\"_blank\" href=\"https:\/\/www.corosdecantabria.es\/wp-content\/uploads\/2022\/04\/victoria_officium_animammeam.pdf\">https:\/\/www.corosdecantabria.es\/wp-content\/uploads\/2022\/04\/victoria_officium_animammeam.pdf<\/a><\/td><td class=\"column-3\">M\u00daSICA ANTIGUA<\/td>\n<\/tr>\n<tr class=\"row-124\">\n\t<td class=\"column-1\">VICTORIA OFFICIUM CALIGAVERUNT<\/td><td class=\"column-2\"><a target=\"_blank\" href=\"https:\/\/www.corosdecantabria.es\/wp-content\/uploads\/2022\/04\/victoria_officium_caligaverunt.pdf\">https:\/\/www.corosdecantabria.es\/wp-content\/uploads\/2022\/04\/victoria_officium_caligaverunt.pdf<\/a><\/td><td class=\"column-3\">M\u00daSICA ANTIGUA<\/td>\n<\/tr>\n<tr class=\"row-125\">\n\t<td class=\"column-1\">VICTORIA OFFICIUM ERAMQUASIAGNUS<\/td><td class=\"column-2\"><a target=\"_blank\" href=\"https:\/\/www.corosdecantabria.es\/wp-content\/uploads\/2022\/04\/victoria_officium_eramquasiagnus.pdf\">https:\/\/www.corosdecantabria.es\/wp-content\/uploads\/2022\/04\/victoria_officium_eramquasiagnus.pdf<\/a><\/td><td class=\"column-3\">M\u00daSICA ANTIGUA<\/td>\n<\/tr>\n<tr class=\"row-126\">\n\t<td class=\"column-1\">VICTORIA OFFICIUM IESUMTRADIDIT<\/td><td class=\"column-2\"><a target=\"_blank\" href=\"https:\/\/www.corosdecantabria.es\/wp-content\/uploads\/2022\/04\/victoria_officium_iesumtradidit.pdf\">https:\/\/www.corosdecantabria.es\/wp-content\/uploads\/2022\/04\/victoria_officium_iesumtradidit.pdf<\/a><\/td><td class=\"column-3\">M\u00daSICA ANTIGUA<\/td>\n<\/tr>\n<tr class=\"row-127\">\n\t<td class=\"column-1\">VICTORIA OFFICIUM IUDASMERCATOR<\/td><td class=\"column-2\"><a target=\"_blank\" href=\"https:\/\/www.corosdecantabria.es\/wp-content\/uploads\/2022\/04\/victoria_officium_iudasmercator.pdf\">https:\/\/www.corosdecantabria.es\/wp-content\/uploads\/2022\/04\/victoria_officium_iudasmercator.pdf<\/a><\/td><td class=\"column-3\">M\u00daSICA ANTIGUA<\/td>\n<\/tr>\n<tr class=\"row-128\">\n\t<td class=\"column-1\">VICTORIA OFFICIUM SENIORES<\/td><td class=\"column-2\"><a target=\"_blank\" href=\"https:\/\/www.corosdecantabria.es\/wp-content\/uploads\/2022\/04\/victoria_officium_seniores.pdf\">https:\/\/www.corosdecantabria.es\/wp-content\/uploads\/2022\/04\/victoria_officium_seniores.pdf<\/a><\/td><td class=\"column-3\">M\u00daSICA ANTIGUA<\/td>\n<\/tr>\n<tr class=\"row-129\">\n\t<td class=\"column-1\">VOS ME MATASTES<\/td><td class=\"column-2\"><a target=\"_blank\" href=\"https:\/\/www.corosdecantabria.es\/wp-content\/uploads\/2022\/04\/Vosmematastes.pdf\">https:\/\/www.corosdecantabria.es\/wp-content\/uploads\/2022\/04\/Vosmematastes.pdf<\/a><\/td><td class=\"column-3\">M\u00daSICA ANTIGUA<\/td>\n<\/tr>\n<tr class=\"row-130\">\n\t<td class=\"column-1\">1 MISA<\/td><td class=\"column-2\"><a target=\"_blank\" href=\"https:\/\/www.corosdecantabria.es\/wp-content\/uploads\/2022\/05\/1-misa.pdf\">https:\/\/www.corosdecantabria.es\/wp-content\/uploads\/2022\/05\/1-misa.pdf<\/a><\/td><td class=\"column-3\">CANTOS RELIGIOSOS<\/td>\n<\/tr>\n<tr class=\"row-131\">\n\t<td class=\"column-1\">2 MISA<\/td><td class=\"column-2\"><a target=\"_blank\" href=\"https:\/\/www.corosdecantabria.es\/wp-content\/uploads\/2022\/05\/2-misa.pdf\">https:\/\/www.corosdecantabria.es\/wp-content\/uploads\/2022\/05\/2-misa.pdf<\/a><\/td><td class=\"column-3\">CANTOS RELIGIOSOS<\/td>\n<\/tr>\n<tr class=\"row-132\">\n\t<td class=\"column-1\">4 MISA<\/td><td class=\"column-2\"><a target=\"_blank\" href=\"https:\/\/www.corosdecantabria.es\/wp-content\/uploads\/2022\/05\/4-misa.pdf\">https:\/\/www.corosdecantabria.es\/wp-content\/uploads\/2022\/05\/4-misa.pdf<\/a><\/td><td class=\"column-3\">CANTOS RELIGIOSOS<\/td>\n<\/tr>\n<tr class=\"row-133\">\n\t<td class=\"column-1\">AGUA VIVA<\/td><td class=\"column-2\"><a target=\"_blank\" href=\"https:\/\/www.corosdecantabria.es\/wp-content\/uploads\/2022\/05\/aguaviva.pdf\">https:\/\/www.corosdecantabria.es\/wp-content\/uploads\/2022\/05\/aguaviva.pdf<\/a><\/td><td class=\"column-3\">CANTOS RELIGIOSOS<\/td>\n<\/tr>\n<tr class=\"row-134\">\n\t<td class=\"column-1\">ALELU AN<\/td><td class=\"column-2\"><a target=\"_blank\" href=\"https:\/\/www.corosdecantabria.es\/wp-content\/uploads\/2022\/05\/alelu_an.pdf\">https:\/\/www.corosdecantabria.es\/wp-content\/uploads\/2022\/05\/alelu_an.pdf<\/a><\/td><td class=\"column-3\">CANTOS RELIGIOSOS<\/td>\n<\/tr>\n<tr class=\"row-135\">\n\t<td class=\"column-1\">ALELU HA<\/td><td class=\"column-2\"><a target=\"_blank\" href=\"https:\/\/www.corosdecantabria.es\/wp-content\/uploads\/2022\/05\/alelu_ha.pdf\">https:\/\/www.corosdecantabria.es\/wp-content\/uploads\/2022\/05\/alelu_ha.pdf<\/a><\/td><td class=\"column-3\">CANTOS RELIGIOSOS<\/td>\n<\/tr>\n<tr class=\"row-136\">\n\t<td class=\"column-1\">ALELUY M<\/td><td class=\"column-2\"><a target=\"_blank\" href=\"https:\/\/www.corosdecantabria.es\/wp-content\/uploads\/2022\/05\/aleluy_m.pdf\">https:\/\/www.corosdecantabria.es\/wp-content\/uploads\/2022\/05\/aleluy_m.pdf<\/a><\/td><td class=\"column-3\">CANTOS RELIGIOSOS<\/td>\n<\/tr>\n<tr class=\"row-137\">\n\t<td class=\"column-1\">ALELUY M<\/td><td class=\"column-2\"><a target=\"_blank\" href=\"https:\/\/www.corosdecantabria.es\/wp-content\/uploads\/2022\/05\/aleluy.pdf\">https:\/\/www.corosdecantabria.es\/wp-content\/uploads\/2022\/05\/aleluy.pdf<\/a><\/td><td class=\"column-3\">CANTOS RELIGIOSOS<\/td>\n<\/tr>\n<tr class=\"row-138\">\n\t<td class=\"column-1\">ALIMENTO<\/td><td class=\"column-2\"><a target=\"_blank\" href=\"https:\/\/www.corosdecantabria.es\/wp-content\/uploads\/2022\/05\/alimento.pdf\">https:\/\/www.corosdecantabria.es\/wp-content\/uploads\/2022\/05\/alimento.pdf<\/a><\/td><td class=\"column-3\">CANTOS RELIGIOSOS<\/td>\n<\/tr>\n<tr class=\"row-139\">\n\t<td class=\"column-1\">ASPERGES<\/td><td class=\"column-2\"><a target=\"_blank\" href=\"https:\/\/www.corosdecantabria.es\/wp-content\/uploads\/2022\/05\/asperges.pdf\">https:\/\/www.corosdecantabria.es\/wp-content\/uploads\/2022\/05\/asperges.pdf<\/a><\/td><td class=\"column-3\">CANTOS RELIGIOSOS<\/td>\n<\/tr>\n<tr class=\"row-140\">\n\t<td class=\"column-1\">AVEM OLI<\/td><td class=\"column-2\"><a target=\"_blank\" href=\"https:\/\/www.corosdecantabria.es\/wp-content\/uploads\/2022\/05\/avem_oli.pdf\">https:\/\/www.corosdecantabria.es\/wp-content\/uploads\/2022\/05\/avem_oli.pdf<\/a><\/td><td class=\"column-3\">CANTOS RELIGIOSOS<\/td>\n<\/tr>\n<tr class=\"row-141\">\n\t<td class=\"column-1\">AVEMA BU<\/td><td class=\"column-2\"><a target=\"_blank\" href=\"https:\/\/www.corosdecantabria.es\/wp-content\/uploads\/2022\/05\/avema_bu.pdf\">https:\/\/www.corosdecantabria.es\/wp-content\/uploads\/2022\/05\/avema_bu.pdf<\/a><\/td><td class=\"column-3\">CANTOS RELIGIOSOS<\/td>\n<\/tr>\n<tr class=\"row-142\">\n\t<td class=\"column-1\">AVEMAR<\/td><td class=\"column-2\"><a target=\"_blank\" href=\"https:\/\/www.corosdecantabria.es\/wp-content\/uploads\/2022\/05\/avemar.pdf\">https:\/\/www.corosdecantabria.es\/wp-content\/uploads\/2022\/05\/avemar.pdf<\/a><\/td><td class=\"column-3\">CANTOS RELIGIOSOS<\/td>\n<\/tr>\n<tr class=\"row-143\">\n\t<td class=\"column-1\">AVEMARIS<\/td><td class=\"column-2\"><a target=\"_blank\" href=\"https:\/\/www.corosdecantabria.es\/wp-content\/uploads\/2022\/05\/avemaris.pdf\">https:\/\/www.corosdecantabria.es\/wp-content\/uploads\/2022\/05\/avemaris.pdf<\/a><\/td><td class=\"column-3\">CANTOS RELIGIOSOS<\/td>\n<\/tr>\n<tr class=\"row-144\">\n\t<td class=\"column-1\">CAMIMANA<\/td><td class=\"column-2\"><a target=\"_blank\" href=\"https:\/\/www.corosdecantabria.es\/wp-content\/uploads\/2022\/05\/camimana.pdf\">https:\/\/www.corosdecantabria.es\/wp-content\/uploads\/2022\/05\/camimana.pdf<\/a><\/td><td class=\"column-3\">CANTOS RELIGIOSOS<\/td>\n<\/tr>\n<tr class=\"row-145\">\n\t<td class=\"column-1\">CAMINA<\/td><td class=\"column-2\"><a target=\"_blank\" href=\"https:\/\/www.corosdecantabria.es\/wp-content\/uploads\/2022\/05\/camina.pdf\">https:\/\/www.corosdecantabria.es\/wp-content\/uploads\/2022\/05\/camina.pdf<\/a><\/td><td class=\"column-3\">CANTOS RELIGIOSOS<\/td>\n<\/tr>\n<tr class=\"row-146\">\n\t<td class=\"column-1\">CAN AMOR<\/td><td class=\"column-2\"><a target=\"_blank\" href=\"https:\/\/www.corosdecantabria.es\/wp-content\/uploads\/2022\/05\/can_amor.pdf\">https:\/\/www.corosdecantabria.es\/wp-content\/uploads\/2022\/05\/can_amor.pdf<\/a><\/td><td class=\"column-3\">CANTOS RELIGIOSOS<\/td>\n<\/tr>\n<tr class=\"row-147\">\n\t<td class=\"column-1\">CANTAMOS<\/td><td class=\"column-2\"><a target=\"_blank\" href=\"https:\/\/www.corosdecantabria.es\/wp-content\/uploads\/2022\/05\/cantamos.pdf\">https:\/\/www.corosdecantabria.es\/wp-content\/uploads\/2022\/05\/cantamos.pdf<\/a><\/td><td class=\"column-3\">CANTOS RELIGIOSOS<\/td>\n<\/tr>\n<tr class=\"row-148\">\n\t<td class=\"column-1\">CANTOVIR<\/td><td class=\"column-2\"><a target=\"_blank\" href=\"https:\/\/www.corosdecantabria.es\/wp-content\/uploads\/2022\/05\/cantovir.pdf\">https:\/\/www.corosdecantabria.es\/wp-content\/uploads\/2022\/05\/cantovir.pdf<\/a><\/td><td class=\"column-3\">CANTOS RELIGIOSOS<\/td>\n<\/tr>\n<tr class=\"row-149\">\n\t<td class=\"column-1\">CERCAD<\/td><td class=\"column-2\"><a target=\"_blank\" href=\"https:\/\/www.corosdecantabria.es\/wp-content\/uploads\/2022\/05\/cercad.pdf\">https:\/\/www.corosdecantabria.es\/wp-content\/uploads\/2022\/05\/cercad.pdf<\/a><\/td><td class=\"column-3\">CANTOS RELIGIOSOS<\/td>\n<\/tr>\n<tr class=\"row-150\">\n\t<td class=\"column-1\">COELITU1<\/td><td class=\"column-2\"><a target=\"_blank\" href=\"https:\/\/www.corosdecantabria.es\/wp-content\/uploads\/2022\/05\/coelitu1.pdf\">https:\/\/www.corosdecantabria.es\/wp-content\/uploads\/2022\/05\/coelitu1.pdf<\/a><\/td><td class=\"column-3\">CANTOS RELIGIOSOS<\/td>\n<\/tr>\n<tr class=\"row-151\">\n\t<td class=\"column-1\">DA PACEM<\/td><td class=\"column-2\"><a target=\"_blank\" href=\"https:\/\/www.corosdecantabria.es\/wp-content\/uploads\/2022\/05\/da_pacem.pdf\">https:\/\/www.corosdecantabria.es\/wp-content\/uploads\/2022\/05\/da_pacem.pdf<\/a><\/td><td class=\"column-3\">CANTOS RELIGIOSOS<\/td>\n<\/tr>\n<tr class=\"row-152\">\n\t<td class=\"column-1\">DASUPAN<\/td><td class=\"column-2\"><a target=\"_blank\" href=\"https:\/\/www.corosdecantabria.es\/wp-content\/uploads\/2022\/05\/dasupan.pdf\">https:\/\/www.corosdecantabria.es\/wp-content\/uploads\/2022\/05\/dasupan.pdf<\/a><\/td><td class=\"column-3\">CANTOS RELIGIOSOS<\/td>\n<\/tr>\n<tr class=\"row-153\">\n\t<td class=\"column-1\">DEJEHOVA<\/td><td class=\"column-2\"><a target=\"_blank\" href=\"https:\/\/www.corosdecantabria.es\/wp-content\/uploads\/2022\/05\/dejehova.pdf\">https:\/\/www.corosdecantabria.es\/wp-content\/uploads\/2022\/05\/dejehova.pdf<\/a><\/td><td class=\"column-3\">CANTOS RELIGIOSOS<\/td>\n<\/tr>\n<tr class=\"row-154\">\n\t<td class=\"column-1\">DIGNO CA<\/td><td class=\"column-2\"><a target=\"_blank\" href=\"https:\/\/www.corosdecantabria.es\/wp-content\/uploads\/2022\/05\/digno_ca.pdf\">https:\/\/www.corosdecantabria.es\/wp-content\/uploads\/2022\/05\/digno_ca.pdf<\/a><\/td><td class=\"column-3\">CANTOS RELIGIOSOS<\/td>\n<\/tr>\n<tr class=\"row-155\">\n\t<td class=\"column-1\">DIOSAMOR<\/td><td class=\"column-2\"><a target=\"_blank\" href=\"https:\/\/www.corosdecantabria.es\/wp-content\/uploads\/2022\/05\/diosamor.pdf\">https:\/\/www.corosdecantabria.es\/wp-content\/uploads\/2022\/05\/diosamor.pdf<\/a><\/td><td class=\"column-3\">CANTOS RELIGIOSOS<\/td>\n<\/tr>\n<tr class=\"row-156\">\n\t<td class=\"column-1\">DIOSNOS<\/td><td class=\"column-2\"><a target=\"_blank\" href=\"https:\/\/www.corosdecantabria.es\/wp-content\/uploads\/2022\/05\/diosnos.pdf\">https:\/\/www.corosdecantabria.es\/wp-content\/uploads\/2022\/05\/diosnos.pdf<\/a><\/td><td class=\"column-3\">CANTOS RELIGIOSOS<\/td>\n<\/tr>\n<tr class=\"row-157\">\n\t<td class=\"column-1\">DULCEMAR<\/td><td class=\"column-2\"><a target=\"_blank\" href=\"https:\/\/www.corosdecantabria.es\/wp-content\/uploads\/2022\/11\/dulcemar.pdf\">https:\/\/www.corosdecantabria.es\/wp-content\/uploads\/2022\/11\/dulcemar.pdf<\/a><\/td><td class=\"column-3\">CANTOS RELIGIOSOS<\/td>\n<\/tr>\n<tr class=\"row-158\">\n\t<td class=\"column-1\">ECOVOZ<\/td><td class=\"column-2\"><a target=\"_blank\" href=\"https:\/\/www.corosdecantabria.es\/wp-content\/uploads\/2022\/11\/ecovoz.pdf\">https:\/\/www.corosdecantabria.es\/wp-content\/uploads\/2022\/11\/ecovoz.pdf<\/a><\/td><td class=\"column-3\">CANTOS RELIGIOSOS<\/td>\n<\/tr>\n<tr class=\"row-159\">\n\t<td class=\"column-1\">ELMANAN<\/td><td class=\"column-2\"><a target=\"_blank\" href=\"https:\/\/www.corosdecantabria.es\/wp-content\/uploads\/2022\/11\/elmanan.pdf\">https:\/\/www.corosdecantabria.es\/wp-content\/uploads\/2022\/11\/elmanan.pdf<\/a><\/td><td class=\"column-3\">CANTOS RELIGIOSOS<\/td>\n<\/tr>\n<tr class=\"row-160\">\n\t<td class=\"column-1\">ESDELMAR<\/td><td class=\"column-2\"><a target=\"_blank\" href=\"https:\/\/www.corosdecantabria.es\/wp-content\/uploads\/2022\/11\/esdelmar.pdf\">https:\/\/www.corosdecantabria.es\/wp-content\/uploads\/2022\/11\/esdelmar.pdf<\/a><\/td><td class=\"column-3\">CANTOS RELIGIOSOS<\/td>\n<\/tr>\n<tr class=\"row-161\">\n\t<td class=\"column-1\">ESMILUZ<\/td><td class=\"column-2\"><a target=\"_blank\" href=\"https:\/\/www.corosdecantabria.es\/wp-content\/uploads\/2022\/11\/esmiluz.pdf\">https:\/\/www.corosdecantabria.es\/wp-content\/uploads\/2022\/11\/esmiluz.pdf<\/a><\/td><td class=\"column-3\">CANTOS RELIGIOSOS<\/td>\n<\/tr>\n<tr class=\"row-162\">\n\t<td class=\"column-1\">ESPIGA<\/td><td class=\"column-2\"><a target=\"_blank\" href=\"https:\/\/www.corosdecantabria.es\/wp-content\/uploads\/2022\/11\/espiga.pdf\">https:\/\/www.corosdecantabria.es\/wp-content\/uploads\/2022\/11\/espiga.pdf<\/a><\/td><td class=\"column-3\">CANTOS RELIGIOSOS<\/td>\n<\/tr>\n<tr class=\"row-163\">\n\t<td class=\"column-1\">GLORIA_G<\/td><td class=\"column-2\"><a target=\"_blank\" href=\"https:\/\/www.corosdecantabria.es\/wp-content\/uploads\/2022\/11\/gloria_g.pdf\">https:\/\/www.corosdecantabria.es\/wp-content\/uploads\/2022\/11\/gloria_g.pdf<\/a><\/td><td class=\"column-3\">CANTOS RELIGIOSOS<\/td>\n<\/tr>\n<tr class=\"row-164\">\n\t<td class=\"column-1\">HACIA_TI<\/td><td class=\"column-2\"><a target=\"_blank\" href=\"https:\/\/www.corosdecantabria.es\/wp-content\/uploads\/2022\/11\/hacia_ti.pdf\">https:\/\/www.corosdecantabria.es\/wp-content\/uploads\/2022\/11\/hacia_ti.pdf<\/a><\/td><td class=\"column-3\">CANTOS RELIGIOSOS<\/td>\n<\/tr>\n<tr class=\"row-165\">\n\t<td class=\"column-1\">HOSADAVID<\/td><td class=\"column-2\"><a target=\"_blank\" href=\"https:\/\/www.corosdecantabria.es\/wp-content\/uploads\/2022\/11\/hosadavid.pdf\">https:\/\/www.corosdecantabria.es\/wp-content\/uploads\/2022\/11\/hosadavid.pdf<\/a><\/td><td class=\"column-3\">CANTOS RELIGIOSOS<\/td>\n<\/tr>\n<tr class=\"row-166\">\n\t<td class=\"column-1\">JESUS_ES<\/td><td class=\"column-2\"><a target=\"_blank\" href=\"https:\/\/www.corosdecantabria.es\/wp-content\/uploads\/2022\/11\/jesus_es.pdf\">https:\/\/www.corosdecantabria.es\/wp-content\/uploads\/2022\/11\/jesus_es.pdf<\/a><\/td><td class=\"column-3\">CANTOS RELIGIOSOS<\/td>\n<\/tr>\n<tr class=\"row-167\">\n\t<td class=\"column-1\">JOSEFILI<\/td><td class=\"column-2\"><a target=\"_blank\" href=\"https:\/\/www.corosdecantabria.es\/wp-content\/uploads\/2022\/11\/josefili.pdf\">https:\/\/www.corosdecantabria.es\/wp-content\/uploads\/2022\/11\/josefili.pdf<\/a><\/td><td class=\"column-3\">CANTOS RELIGIOSOS<\/td>\n<\/tr>\n<tr class=\"row-168\">\n\t<td class=\"column-1\">KYRIE_GO<\/td><td class=\"column-2\"><a target=\"_blank\" href=\"https:\/\/www.corosdecantabria.es\/wp-content\/uploads\/2022\/11\/kyrie_go.pdf\">https:\/\/www.corosdecantabria.es\/wp-content\/uploads\/2022\/11\/kyrie_go.pdf<\/a><\/td><td class=\"column-3\">CANTOS RELIGIOSOS<\/td>\n<\/tr>\n<tr class=\"row-169\">\n\t<td class=\"column-1\">KYRIE<\/td><td class=\"column-2\"><a target=\"_blank\" href=\"https:\/\/www.corosdecantabria.es\/wp-content\/uploads\/2022\/11\/kyrie.pdf\">https:\/\/www.corosdecantabria.es\/wp-content\/uploads\/2022\/11\/kyrie.pdf<\/a><\/td><td class=\"column-3\">CANTOS RELIGIOSOS<\/td>\n<\/tr>\n<tr class=\"row-170\">\n\t<td class=\"column-1\">LLEVMOS<\/td><td class=\"column-2\"><a target=\"_blank\" href=\"https:\/\/www.corosdecantabria.es\/wp-content\/uploads\/2022\/11\/llevmos.pdf\">https:\/\/www.corosdecantabria.es\/wp-content\/uploads\/2022\/11\/llevmos.pdf<\/a><\/td><td class=\"column-3\">CANTOS RELIGIOSOS<\/td>\n<\/tr>\n<tr class=\"row-171\">\n\t<td class=\"column-1\">LOADOSEA<\/td><td class=\"column-2\"><a target=\"_blank\" href=\"https:\/\/www.corosdecantabria.es\/wp-content\/uploads\/2022\/11\/loadosea.pdf\">https:\/\/www.corosdecantabria.es\/wp-content\/uploads\/2022\/11\/loadosea.pdf<\/a><\/td><td class=\"column-3\">CANTOS RELIGIOSOS<\/td>\n<\/tr>\n<tr class=\"row-172\">\n\t<td class=\"column-1\">MESALINO<\/td><td class=\"column-2\"><a target=\"_blank\" href=\"https:\/\/www.corosdecantabria.es\/wp-content\/uploads\/2022\/11\/mesalino.pdf\">https:\/\/www.corosdecantabria.es\/wp-content\/uploads\/2022\/11\/mesalino.pdf<\/a><\/td><td class=\"column-3\">CANTOS RELIGIOSOS<\/td>\n<\/tr>\n<tr class=\"row-173\">\n\t<td class=\"column-1\">NDIGNO<\/td><td class=\"column-2\"><a target=\"_blank\" href=\"https:\/\/www.corosdecantabria.es\/wp-content\/uploads\/2022\/11\/ndigno.pdf\">https:\/\/www.corosdecantabria.es\/wp-content\/uploads\/2022\/11\/ndigno.pdf<\/a><\/td><td class=\"column-3\">CANTOS RELIGIOSOS<\/td>\n<\/tr>\n<tr class=\"row-174\">\n\t<td class=\"column-1\">NOS_HANA<\/td><td class=\"column-2\"><a target=\"_blank\" href=\"https:\/\/www.corosdecantabria.es\/wp-content\/uploads\/2022\/11\/nos_hana.pdf\">https:\/\/www.corosdecantabria.es\/wp-content\/uploads\/2022\/11\/nos_hana.pdf<\/a><\/td><td class=\"column-3\">CANTOS RELIGIOSOS<\/td>\n<\/tr>\n<tr class=\"row-175\">\n\t<td class=\"column-1\">NOSLLAMA<\/td><td class=\"column-2\"><a target=\"_blank\" href=\"https:\/\/www.corosdecantabria.es\/wp-content\/uploads\/2022\/11\/nosllama.pdf\">https:\/\/www.corosdecantabria.es\/wp-content\/uploads\/2022\/11\/nosllama.pdf<\/a><\/td><td class=\"column-3\">CANTOS RELIGIOSOS<\/td>\n<\/tr>\n<tr class=\"row-176\">\n\t<td class=\"column-1\">NOSOYDIG<\/td><td class=\"column-2\"><a target=\"_blank\" href=\"https:\/\/www.corosdecantabria.es\/wp-content\/uploads\/2022\/11\/nosoydig.pdf\">https:\/\/www.corosdecantabria.es\/wp-content\/uploads\/2022\/11\/nosoydig.pdf<\/a><\/td><td class=\"column-3\">CANTOS RELIGIOSOS<\/td>\n<\/tr>\n<tr class=\"row-177\">\n\t<td class=\"column-1\">OHSENR<\/td><td class=\"column-2\"><a target=\"_blank\" href=\"https:\/\/www.corosdecantabria.es\/wp-content\/uploads\/2022\/11\/ohsenr.pdf\">https:\/\/www.corosdecantabria.es\/wp-content\/uploads\/2022\/11\/ohsenr.pdf<\/a><\/td><td class=\"column-3\">CANTOS RELIGIOSOS<\/td>\n<\/tr>\n<tr class=\"row-178\">\n\t<td class=\"column-1\">OMIJESUS<\/td><td class=\"column-2\"><a target=\"_blank\" href=\"https:\/\/www.corosdecantabria.es\/wp-content\/uploads\/2022\/11\/omijesus.pdf\">https:\/\/www.corosdecantabria.es\/wp-content\/uploads\/2022\/11\/omijesus.pdf<\/a><\/td><td class=\"column-3\">CANTOS RELIGIOSOS<\/td>\n<\/tr>\n<tr class=\"row-179\">\n\t<td class=\"column-1\">OSANTISI<\/td><td class=\"column-2\"><a target=\"_blank\" href=\"https:\/\/www.corosdecantabria.es\/wp-content\/uploads\/2022\/11\/osantisi.pdf\">https:\/\/www.corosdecantabria.es\/wp-content\/uploads\/2022\/11\/osantisi.pdf<\/a><\/td><td class=\"column-3\">CANTOS RELIGIOSOS<\/td>\n<\/tr>\n<tr class=\"row-180\">\n\t<td class=\"column-1\">OYESENOR<\/td><td class=\"column-2\"><a target=\"_blank\" href=\"https:\/\/www.corosdecantabria.es\/wp-content\/uploads\/2022\/11\/oyesenor.pdf\">https:\/\/www.corosdecantabria.es\/wp-content\/uploads\/2022\/11\/oyesenor.pdf<\/a><\/td><td class=\"column-3\">CANTOS RELIGIOSOS<\/td>\n<\/tr>\n<tr class=\"row-181\">\n\t<td class=\"column-1\">PADREMIO<\/td><td class=\"column-2\"><a target=\"_blank\" href=\"https:\/\/www.corosdecantabria.es\/wp-content\/uploads\/2022\/11\/padremio.pdf\">https:\/\/www.corosdecantabria.es\/wp-content\/uploads\/2022\/11\/padremio.pdf<\/a><\/td><td class=\"column-3\">CANTOS RELIGIOSOS<\/td>\n<\/tr>\n<tr class=\"row-182\">\n\t<td class=\"column-1\">PADRENUE<\/td><td class=\"column-2\"><a target=\"_blank\" href=\"https:\/\/www.corosdecantabria.es\/wp-content\/uploads\/2022\/11\/padrenue.pdf\">https:\/\/www.corosdecantabria.es\/wp-content\/uploads\/2022\/11\/padrenue.pdf<\/a><\/td><td class=\"column-3\">CANTOS RELIGIOSOS<\/td>\n<\/tr>\n<tr class=\"row-183\">\n\t<td class=\"column-1\">PANVINO<\/td><td class=\"column-2\"><a target=\"_blank\" href=\"https:\/\/www.corosdecantabria.es\/wp-content\/uploads\/2022\/11\/panvino.pdf\">https:\/\/www.corosdecantabria.es\/wp-content\/uploads\/2022\/11\/panvino.pdf<\/a><\/td><td class=\"column-3\">CANTOS RELIGIOSOS<\/td>\n<\/tr>\n<tr class=\"row-184\">\n\t<td class=\"column-1\">PAZSE<\/td><td class=\"column-2\"><a target=\"_blank\" href=\"https:\/\/www.corosdecantabria.es\/wp-content\/uploads\/2022\/11\/pazse.pdf\">https:\/\/www.corosdecantabria.es\/wp-content\/uploads\/2022\/11\/pazse.pdf<\/a><\/td><td class=\"column-3\">CANTOS RELIGIOSOS<\/td>\n<\/tr>\n<tr class=\"row-185\">\n\t<td class=\"column-1\">PCRISTO1<\/td><td class=\"column-2\"><a target=\"_blank\" href=\"https:\/\/www.corosdecantabria.es\/wp-content\/uploads\/2022\/11\/pcristo1.pdf\">https:\/\/www.corosdecantabria.es\/wp-content\/uploads\/2022\/11\/pcristo1.pdf<\/a><\/td><td class=\"column-3\">CANTOS RELIGIOSOS<\/td>\n<\/tr>\n<tr class=\"row-186\">\n\t<td class=\"column-1\">PCRISTO2<\/td><td class=\"column-2\"><a target=\"_blank\" href=\"https:\/\/www.corosdecantabria.es\/wp-content\/uploads\/2022\/11\/pcristo2.pdf\">https:\/\/www.corosdecantabria.es\/wp-content\/uploads\/2022\/11\/pcristo2.pdf<\/a><\/td><td class=\"column-3\">CANTOS RELIGIOSOS<\/td>\n<\/tr>\n<tr class=\"row-187\">\n\t<td class=\"column-1\">PCRISTO3<\/td><td class=\"column-2\"><a target=\"_blank\" href=\"https:\/\/www.corosdecantabria.es\/wp-content\/uploads\/2022\/11\/pcristo3.pdf\">https:\/\/www.corosdecantabria.es\/wp-content\/uploads\/2022\/11\/pcristo3.pdf<\/a><\/td><td class=\"column-3\">CANTOS RELIGIOSOS<\/td>\n<\/tr>\n<tr class=\"row-188\">\n\t<td class=\"column-1\">PCRISTO4<\/td><td class=\"column-2\"><a target=\"_blank\" href=\"https:\/\/www.corosdecantabria.es\/wp-content\/uploads\/2022\/11\/pcristo4.pdf\">https:\/\/www.corosdecantabria.es\/wp-content\/uploads\/2022\/11\/pcristo4.pdf<\/a><\/td><td class=\"column-3\">CANTOS RELIGIOSOS<\/td>\n<\/tr>\n<tr class=\"row-189\">\n\t<td class=\"column-1\">PCRISTO5<\/td><td class=\"column-2\"><a target=\"_blank\" href=\"https:\/\/www.corosdecantabria.es\/wp-content\/uploads\/2022\/11\/pcristo5.pdf\">https:\/\/www.corosdecantabria.es\/wp-content\/uploads\/2022\/11\/pcristo5.pdf<\/a><\/td><td class=\"column-3\">CANTOS RELIGIOSOS<\/td>\n<\/tr>\n<tr class=\"row-190\">\n\t<td class=\"column-1\">PCRISTO6<\/td><td class=\"column-2\"><a target=\"_blank\" href=\"https:\/\/www.corosdecantabria.es\/wp-content\/uploads\/2022\/11\/pcristo6.pdf\">https:\/\/www.corosdecantabria.es\/wp-content\/uploads\/2022\/11\/pcristo6.pdf<\/a><\/td><td class=\"column-3\">CANTOS RELIGIOSOS<\/td>\n<\/tr>\n<tr class=\"row-191\">\n\t<td class=\"column-1\">PCRISTO7<\/td><td class=\"column-2\"><a target=\"_blank\" href=\"https:\/\/www.corosdecantabria.es\/wp-content\/uploads\/2022\/11\/pcristo7.pdf\">https:\/\/www.corosdecantabria.es\/wp-content\/uploads\/2022\/11\/pcristo7.pdf<\/a><\/td><td class=\"column-3\">CANTOS RELIGIOSOS<\/td>\n<\/tr>\n<tr class=\"row-192\">\n\t<td class=\"column-1\">PIEDAD<\/td><td class=\"column-2\"><a target=\"_blank\" href=\"https:\/\/www.corosdecantabria.es\/wp-content\/uploads\/2022\/11\/piedad.pdf\">https:\/\/www.corosdecantabria.es\/wp-content\/uploads\/2022\/11\/piedad.pdf<\/a><\/td><td class=\"column-3\">CANTOS RELIGIOSOS<\/td>\n<\/tr>\n<tr class=\"row-193\">\n\t<td class=\"column-1\">PLEGARIA<\/td><td class=\"column-2\"><a target=\"_blank\" href=\"https:\/\/www.corosdecantabria.es\/wp-content\/uploads\/2022\/11\/plegaria.pdf\">https:\/\/www.corosdecantabria.es\/wp-content\/uploads\/2022\/11\/plegaria.pdf<\/a><\/td><td class=\"column-3\">CANTOS RELIGIOSOS<\/td>\n<\/tr>\n<tr class=\"row-194\">\n\t<td class=\"column-1\">QUERUBES<\/td><td class=\"column-2\"><a target=\"_blank\" href=\"https:\/\/www.corosdecantabria.es\/wp-content\/uploads\/2022\/11\/querubes.pdf\">https:\/\/www.corosdecantabria.es\/wp-content\/uploads\/2022\/11\/querubes.pdf<\/a><\/td><td class=\"column-3\">CANTOS RELIGIOSOS<\/td>\n<\/tr>\n<tr class=\"row-195\">\n\t<td class=\"column-1\">QUIEROAL<\/td><td class=\"column-2\"><a target=\"_blank\" href=\"https:\/\/www.corosdecantabria.es\/wp-content\/uploads\/2022\/11\/quieroal.pdf\">https:\/\/www.corosdecantabria.es\/wp-content\/uploads\/2022\/11\/quieroal.pdf<\/a><\/td><td class=\"column-3\">CANTOS RELIGIOSOS<\/td>\n<\/tr>\n<tr class=\"row-196\">\n\t<td class=\"column-1\">REGINA_G<\/td><td class=\"column-2\"><a target=\"_blank\" href=\"https:\/\/www.corosdecantabria.es\/wp-content\/uploads\/2022\/11\/regina_g.pdf\">https:\/\/www.corosdecantabria.es\/wp-content\/uploads\/2022\/11\/regina_g.pdf<\/a><\/td><td class=\"column-3\">CANTOS RELIGIOSOS<\/td>\n<\/tr>\n<tr class=\"row-197\">\n\t<td class=\"column-1\">SALMO129<\/td><td class=\"column-2\"><a target=\"_blank\" href=\"https:\/\/www.corosdecantabria.es\/wp-content\/uploads\/2022\/11\/salmo129.pdf\">https:\/\/www.corosdecantabria.es\/wp-content\/uploads\/2022\/11\/salmo129.pdf<\/a><\/td><td class=\"column-3\">CANTOS RELIGIOSOS<\/td>\n<\/tr>\n<tr class=\"row-198\">\n\t<td class=\"column-1\">SANTOELS<\/td><td class=\"column-2\"><a target=\"_blank\" href=\"https:\/\/www.corosdecantabria.es\/wp-content\/uploads\/2022\/11\/santoels.pdf\">https:\/\/www.corosdecantabria.es\/wp-content\/uploads\/2022\/11\/santoels.pdf<\/a><\/td><td class=\"column-3\">CANTOS RELIGIOSOS<\/td>\n<\/tr>\n<tr class=\"row-199\">\n\t<td class=\"column-1\">SANTU<\/td><td class=\"column-2\"><a target=\"_blank\" href=\"https:\/\/www.corosdecantabria.es\/wp-content\/uploads\/2022\/11\/santu.pdf\">https:\/\/www.corosdecantabria.es\/wp-content\/uploads\/2022\/11\/santu.pdf<\/a><\/td><td class=\"column-3\">CANTOS RELIGIOSOS<\/td>\n<\/tr>\n<tr class=\"row-200\">\n\t<td class=\"column-1\">SENDALBA<\/td><td class=\"column-2\"><a target=\"_blank\" href=\"https:\/\/www.corosdecantabria.es\/wp-content\/uploads\/2022\/11\/sendalba.pdf\">https:\/\/www.corosdecantabria.es\/wp-content\/uploads\/2022\/11\/sendalba.pdf<\/a><\/td><td class=\"column-3\">CANTOS RELIGIOSOS<\/td>\n<\/tr>\n<tr class=\"row-201\">\n\t<td class=\"column-1\">SENDER<\/td><td class=\"column-2\"><a target=\"_blank\" href=\"https:\/\/www.corosdecantabria.es\/wp-content\/uploads\/2022\/11\/sender.pdf\">https:\/\/www.corosdecantabria.es\/wp-content\/uploads\/2022\/11\/sender.pdf<\/a><\/td><td class=\"column-3\">CANTOS RELIGIOSOS<\/td>\n<\/tr>\n<tr class=\"row-202\">\n\t<td class=\"column-1\">SENOR_CA<\/td><td class=\"column-2\"><a target=\"_blank\" href=\"https:\/\/www.corosdecantabria.es\/wp-content\/uploads\/2022\/11\/senor_ca.pdf\">https:\/\/www.corosdecantabria.es\/wp-content\/uploads\/2022\/11\/senor_ca.pdf<\/a><\/td><td class=\"column-3\">CANTOS RELIGIOSOS<\/td>\n<\/tr>\n<tr class=\"row-203\">\n\t<td class=\"column-1\">SENORDE<\/td><td class=\"column-2\"><a target=\"_blank\" href=\"https:\/\/www.corosdecantabria.es\/wp-content\/uploads\/2022\/11\/senorde.pdf\">https:\/\/www.corosdecantabria.es\/wp-content\/uploads\/2022\/11\/senorde.pdf<\/a><\/td><td class=\"column-3\">CANTOS RELIGIOSOS<\/td>\n<\/tr>\n<tr class=\"row-204\">\n\t<td class=\"column-1\">SENOROLI<\/td><td class=\"column-2\"><a target=\"_blank\" href=\"https:\/\/www.corosdecantabria.es\/wp-content\/uploads\/2022\/11\/senoroli.pdf\">https:\/\/www.corosdecantabria.es\/wp-content\/uploads\/2022\/11\/senoroli.pdf<\/a><\/td><td class=\"column-3\">CANTOS RELIGIOSOS<\/td>\n<\/tr>\n<tr class=\"row-205\">\n\t<td class=\"column-1\">SHALOM<\/td><td class=\"column-2\"><a target=\"_blank\" href=\"https:\/\/www.corosdecantabria.es\/wp-content\/uploads\/2022\/11\/shalom.pdf\">https:\/\/www.corosdecantabria.es\/wp-content\/uploads\/2022\/11\/shalom.pdf<\/a><\/td><td class=\"column-3\">CANTOS RELIGIOSOS<\/td>\n<\/tr>\n<tr class=\"row-206\">\n\t<td class=\"column-1\">STABATMA<\/td><td class=\"column-2\"><a target=\"_blank\" href=\"https:\/\/www.corosdecantabria.es\/wp-content\/uploads\/2022\/11\/stabatma.pdf\">https:\/\/www.corosdecantabria.es\/wp-content\/uploads\/2022\/11\/stabatma.pdf<\/a><\/td><td class=\"column-3\">CANTOS RELIGIOSOS<\/td>\n<\/tr>\n<tr class=\"row-207\">\n\t<td class=\"column-1\">SUEPAZ<\/td><td class=\"column-2\"><a target=\"_blank\" href=\"https:\/\/www.corosdecantabria.es\/wp-content\/uploads\/2022\/11\/suepaz.pdf\">https:\/\/www.corosdecantabria.es\/wp-content\/uploads\/2022\/11\/suepaz.pdf<\/a><\/td><td class=\"column-3\">CANTOS RELIGIOSOS<\/td>\n<\/tr>\n<tr class=\"row-208\">\n\t<td class=\"column-1\">TOMAD_GO<\/td><td class=\"column-2\"><a target=\"_blank\" href=\"https:\/\/www.corosdecantabria.es\/wp-content\/uploads\/2022\/11\/tomad_go.pdf\">https:\/\/www.corosdecantabria.es\/wp-content\/uploads\/2022\/11\/tomad_go.pdf<\/a><\/td><td class=\"column-3\">CANTOS RELIGIOSOS<\/td>\n<\/tr>\n<tr class=\"row-209\">\n\t<td class=\"column-1\">UHIMNO<\/td><td class=\"column-2\"><a target=\"_blank\" href=\"https:\/\/www.corosdecantabria.es\/wp-content\/uploads\/2022\/11\/uhimno.pdf\">https:\/\/www.corosdecantabria.es\/wp-content\/uploads\/2022\/11\/uhimno.pdf<\/a><\/td><td class=\"column-3\">CANTOS RELIGIOSOS<\/td>\n<\/tr>\n<tr class=\"row-210\">\n\t<td class=\"column-1\">VAYAMOSJ<\/td><td class=\"column-2\"><a target=\"_blank\" href=\"https:\/\/www.corosdecantabria.es\/wp-content\/uploads\/2022\/11\/vayamosj.pdf\">https:\/\/www.corosdecantabria.es\/wp-content\/uploads\/2022\/11\/vayamosj.pdf<\/a><\/td><td class=\"column-3\">CANTOS RELIGIOSOS<\/td>\n<\/tr>\n<tr class=\"row-211\">\n\t<td class=\"column-1\">VENID<\/td><td class=\"column-2\"><a target=\"_blank\" href=\"https:\/\/www.corosdecantabria.es\/wp-content\/uploads\/2022\/11\/venid.pdf\">https:\/\/www.corosdecantabria.es\/wp-content\/uploads\/2022\/11\/venid.pdf<\/a><\/td><td class=\"column-3\">CANTOS RELIGIOSOS<\/td>\n<\/tr>\n<tr class=\"row-212\">\n\t<td class=\"column-1\">VENSENOR<\/td><td class=\"column-2\"><a target=\"_blank\" href=\"https:\/\/www.corosdecantabria.es\/wp-content\/uploads\/2022\/11\/vensenor.pdf\">https:\/\/www.corosdecantabria.es\/wp-content\/uploads\/2022\/11\/vensenor.pdf<\/a><\/td><td class=\"column-3\">CANTOS RELIGIOSOS<\/td>\n<\/tr>\n<tr class=\"row-213\">\n\t<td class=\"column-1\">VICTORIA<\/td><td class=\"column-2\"><a target=\"_blank\" href=\"https:\/\/www.corosdecantabria.es\/wp-content\/uploads\/2022\/11\/victoria.pdf\">https:\/\/www.corosdecantabria.es\/wp-content\/uploads\/2022\/11\/victoria.pdf<\/a><\/td><td class=\"column-3\">CANTOS RELIGIOSOS<\/td>\n<\/tr>\n<tr class=\"row-214\">\n\t<td class=\"column-1\">ESQUIVEL AVEMARIA<\/td><td class=\"column-2\"><a target=\"_blank\" href=\"https:\/\/www.corosdecantabria.es\/wp-content\/uploads\/2022\/04\/esquivel_avemaria.pdf\">https:\/\/www.corosdecantabria.es\/wp-content\/uploads\/2022\/04\/esquivel_avemaria.pdf<\/a><\/td><td class=\"column-3\">M\u00daSICA ANTIGUA<\/td>\n<\/tr>\n<tr class=\"row-215\">\n\t<td class=\"column-1\">LEON 2<\/td><td class=\"column-2\"><a target=\"_blank\" href=\"https:\/\/www.corosdecantabria.es\/wp-content\/uploads\/2022\/11\/2leon.pdf\">https:\/\/www.corosdecantabria.es\/wp-content\/uploads\/2022\/11\/2leon.pdf<\/a><\/td><td class=\"column-3\">M\u00daSICA POPULAR<\/td>\n<\/tr>\n<tr class=\"row-216\">\n\t<td class=\"column-1\">LEON 3<\/td><td class=\"column-2\"><a target=\"_blank\" href=\"https:\/\/www.corosdecantabria.es\/wp-content\/uploads\/2022\/11\/3leon.pdf\">https:\/\/www.corosdecantabria.es\/wp-content\/uploads\/2022\/11\/3leon.pdf<\/a><\/td><td class=\"column-3\">M\u00daSICA POPULAR<\/td>\n<\/tr>\n<tr class=\"row-217\">\n\t<td class=\"column-1\">LEON 4<\/td><td class=\"column-2\"><a target=\"_blank\" href=\"https:\/\/www.corosdecantabria.es\/wp-content\/uploads\/2022\/11\/4leon.pdf\">https:\/\/www.corosdecantabria.es\/wp-content\/uploads\/2022\/11\/4leon.pdf<\/a><\/td><td class=\"column-3\">M\u00daSICA POPULAR<\/td>\n<\/tr>\n<tr class=\"row-218\">\n\t<td class=\"column-1\">LEON 6<\/td><td class=\"column-2\"><a target=\"_blank\" href=\"https:\/\/www.corosdecantabria.es\/wp-content\/uploads\/2022\/11\/6leon.pdf\">https:\/\/www.corosdecantabria.es\/wp-content\/uploads\/2022\/11\/6leon.pdf<\/a><\/td><td class=\"column-3\">M\u00daSICA POPULAR<\/td>\n<\/tr>\n<tr class=\"row-219\">\n\t<td class=\"column-1\">TRILLA 73<\/td><td class=\"column-2\"><a target=\"_blank\" href=\"https:\/\/www.corosdecantabria.es\/wp-content\/uploads\/2022\/11\/73trilla.pdf\">https:\/\/www.corosdecantabria.es\/wp-content\/uploads\/2022\/11\/73trilla.pdf<\/a><\/td><td class=\"column-3\">M\u00daSICA POPULAR<\/td>\n<\/tr>\n<tr class=\"row-220\">\n\t<td class=\"column-1\">MAITE 74<\/td><td class=\"column-2\"><a target=\"_blank\" href=\"https:\/\/www.corosdecantabria.es\/wp-content\/uploads\/2022\/11\/74maite.pdf\">https:\/\/www.corosdecantabria.es\/wp-content\/uploads\/2022\/11\/74maite.pdf<\/a><\/td><td class=\"column-3\">M\u00daSICA POPULAR<\/td>\n<\/tr>\n<tr class=\"row-221\">\n\t<td class=\"column-1\">LEON 75-1<\/td><td class=\"column-2\"><a target=\"_blank\" href=\"https:\/\/www.corosdecantabria.es\/wp-content\/uploads\/2022\/11\/75-1leon.pdf\">https:\/\/www.corosdecantabria.es\/wp-content\/uploads\/2022\/11\/75-1leon.pdf<\/a><\/td><td class=\"column-3\">M\u00daSICA POPULAR<\/td>\n<\/tr>\n<tr class=\"row-222\">\n\t<td class=\"column-1\">LEON 75-2<\/td><td class=\"column-2\"><a target=\"_blank\" href=\"https:\/\/www.corosdecantabria.es\/wp-content\/uploads\/2022\/11\/75-2leon.pdf\">https:\/\/www.corosdecantabria.es\/wp-content\/uploads\/2022\/11\/75-2leon.pdf<\/a><\/td><td class=\"column-3\">M\u00daSICA POPULAR<\/td>\n<\/tr>\n<tr class=\"row-223\">\n\t<td class=\"column-1\">LEON 75-3<\/td><td class=\"column-2\"><a target=\"_blank\" href=\"https:\/\/www.corosdecantabria.es\/wp-content\/uploads\/2022\/11\/75-3leon.pdf\">https:\/\/www.corosdecantabria.es\/wp-content\/uploads\/2022\/11\/75-3leon.pdf<\/a><\/td><td class=\"column-3\">M\u00daSICA POPULAR<\/td>\n<\/tr>\n<tr class=\"row-224\">\n\t<td class=\"column-1\">LEON 75-4<\/td><td class=\"column-2\"><a target=\"_blank\" href=\"https:\/\/www.corosdecantabria.es\/wp-content\/uploads\/2022\/11\/75-4leon.pdf\">https:\/\/www.corosdecantabria.es\/wp-content\/uploads\/2022\/11\/75-4leon.pdf<\/a><\/td><td class=\"column-3\">M\u00daSICA POPULAR<\/td>\n<\/tr>\n<tr class=\"row-225\">\n\t<td class=\"column-1\">LEON 75-5<\/td><td class=\"column-2\"><a target=\"_blank\" href=\"https:\/\/www.corosdecantabria.es\/wp-content\/uploads\/2022\/11\/75-5leon.pdf\">https:\/\/www.corosdecantabria.es\/wp-content\/uploads\/2022\/11\/75-5leon.pdf<\/a><\/td><td class=\"column-3\">M\u00daSICA POPULAR<\/td>\n<\/tr>\n<tr class=\"row-226\">\n\t<td class=\"column-1\">LEON 75-6<\/td><td class=\"column-2\"><a target=\"_blank\" href=\"https:\/\/www.corosdecantabria.es\/wp-content\/uploads\/2022\/11\/75-6leon.pdf\">https:\/\/www.corosdecantabria.es\/wp-content\/uploads\/2022\/11\/75-6leon.pdf<\/a><\/td><td class=\"column-3\">M\u00daSICA POPULAR<\/td>\n<\/tr>\n<tr class=\"row-227\">\n\t<td class=\"column-1\">JAUNAK 76<\/td><td class=\"column-2\"><a target=\"_blank\" href=\"https:\/\/www.corosdecantabria.es\/wp-content\/uploads\/2022\/11\/76jaunak.pdf\">https:\/\/www.corosdecantabria.es\/wp-content\/uploads\/2022\/11\/76jaunak.pdf<\/a><\/td><td class=\"column-3\">M\u00daSICA POPULAR<\/td>\n<\/tr>\n<tr class=\"row-228\">\n\t<td class=\"column-1\">AGORA 77<\/td><td class=\"column-2\"><a target=\"_blank\" href=\"https:\/\/www.corosdecantabria.es\/wp-content\/uploads\/2022\/11\/77agora.pdf\">https:\/\/www.corosdecantabria.es\/wp-content\/uploads\/2022\/11\/77agora.pdf<\/a><\/td><td class=\"column-3\">M\u00daSICA POPULAR<\/td>\n<\/tr>\n<tr class=\"row-229\">\n\t<td class=\"column-1\">ADIOSR 78<\/td><td class=\"column-2\"><a target=\"_blank\" href=\"https:\/\/www.corosdecantabria.es\/wp-content\/uploads\/2022\/11\/78adiosr.pdf\">https:\/\/www.corosdecantabria.es\/wp-content\/uploads\/2022\/11\/78adiosr.pdf<\/a><\/td><td class=\"column-3\">M\u00daSICA POPULAR<\/td>\n<\/tr>\n<tr class=\"row-230\">\n\t<td class=\"column-1\">ALMANA 79<\/td><td class=\"column-2\"><a target=\"_blank\" href=\"https:\/\/www.corosdecantabria.es\/wp-content\/uploads\/2022\/11\/79almana.pdf\">https:\/\/www.corosdecantabria.es\/wp-content\/uploads\/2022\/11\/79almana.pdf<\/a><\/td><td class=\"column-3\">M\u00daSICA POPULAR<\/td>\n<\/tr>\n<tr class=\"row-231\">\n\t<td class=\"column-1\">LA FLOR 80<\/td><td class=\"column-2\"><a target=\"_blank\" href=\"https:\/\/www.corosdecantabria.es\/wp-content\/uploads\/2022\/11\/80laflor.pdf\">https:\/\/www.corosdecantabria.es\/wp-content\/uploads\/2022\/11\/80laflor.pdf<\/a><\/td><td class=\"column-3\">M\u00daSICA POPULAR<\/td>\n<\/tr>\n<tr class=\"row-232\">\n\t<td class=\"column-1\">MADRID 96<\/td><td class=\"column-2\"><a target=\"_blank\" href=\"https:\/\/www.corosdecantabria.es\/wp-content\/uploads\/2022\/11\/96madrid.pdf\">https:\/\/www.corosdecantabria.es\/wp-content\/uploads\/2022\/11\/96madrid.pdf<\/a><\/td><td class=\"column-3\">M\u00daSICA POPULAR<\/td>\n<\/tr>\n<tr class=\"row-233\">\n\t<td class=\"column-1\">AIRES 105<\/td><td class=\"column-2\"><a target=\"_blank\" href=\"https:\/\/www.corosdecantabria.es\/wp-content\/uploads\/2022\/11\/105aires.pdf\">https:\/\/www.corosdecantabria.es\/wp-content\/uploads\/2022\/11\/105aires.pdf<\/a><\/td><td class=\"column-3\">M\u00daSICA POPULAR<\/td>\n<\/tr>\n<tr class=\"row-234\">\n\t<td class=\"column-1\">A LA MODA DI MUNTAGNU\u0301<\/td><td class=\"column-2\"><a target=\"_blank\" href=\"https:\/\/www.corosdecantabria.es\/wp-content\/uploads\/2022\/11\/A-la-moda-di-Muntagnu\u0301.pdf\">https:\/\/www.corosdecantabria.es\/wp-content\/uploads\/2022\/11\/A-la-moda-di-Muntagnu\u0301.pdf<\/a><\/td><td class=\"column-3\">M\u00daSICA POPULAR<\/td>\n<\/tr>\n<tr class=\"row-235\">\n\t<td class=\"column-1\">A LOS ARBOLES ALTOS<\/td><td class=\"column-2\"><a target=\"_blank\" href=\"https:\/\/www.corosdecantabria.es\/wp-content\/uploads\/2022\/11\/A-los-arboles-altos.pdf\">https:\/\/www.corosdecantabria.es\/wp-content\/uploads\/2022\/11\/A-los-arboles-altos.pdf<\/a><\/td><td class=\"column-3\">M\u00daSICA POPULAR<\/td>\n<\/tr>\n<tr class=\"row-236\">\n\t<td class=\"column-1\">A ROLIN\u0303A<\/td><td class=\"column-2\"><a target=\"_blank\" href=\"https:\/\/www.corosdecantabria.es\/wp-content\/uploads\/2022\/11\/a-rolin\u0303a.pdf\">https:\/\/www.corosdecantabria.es\/wp-content\/uploads\/2022\/11\/a-rolin\u0303a.pdf<\/a><\/td><td class=\"column-3\">M\u00daSICA POPULAR<\/td>\n<\/tr>\n<tr class=\"row-237\">\n\t<td class=\"column-1\">A ROSALIA<\/td><td class=\"column-2\"><a target=\"_blank\" href=\"https:\/\/www.corosdecantabria.es\/wp-content\/uploads\/2022\/11\/A-Rosalia.pdf\">https:\/\/www.corosdecantabria.es\/wp-content\/uploads\/2022\/11\/A-Rosalia.pdf<\/a><\/td><td class=\"column-3\">M\u00daSICA POPULAR<\/td>\n<\/tr>\n<tr class=\"row-238\">\n\t<td class=\"column-1\">ABEIRA DO LUME<\/td><td class=\"column-2\"><a target=\"_blank\" href=\"https:\/\/www.corosdecantabria.es\/wp-content\/uploads\/2022\/11\/Abeira-do-Lume.pdf\">https:\/\/www.corosdecantabria.es\/wp-content\/uploads\/2022\/11\/Abeira-do-Lume.pdf<\/a><\/td><td class=\"column-3\">M\u00daSICA POPULAR<\/td>\n<\/tr>\n<tr class=\"row-239\">\n\t<td class=\"column-1\">ABEIRADO<\/td><td class=\"column-2\"><a target=\"_blank\" href=\"https:\/\/www.corosdecantabria.es\/wp-content\/uploads\/2022\/11\/abeirado.pdf\">https:\/\/www.corosdecantabria.es\/wp-content\/uploads\/2022\/11\/abeirado.pdf<\/a><\/td><td class=\"column-3\">M\u00daSICA POPULAR<\/td>\n<\/tr>\n<tr class=\"row-240\">\n\t<td class=\"column-1\">ADIOS RIOS...<\/td><td class=\"column-2\"><a target=\"_blank\" href=\"https:\/\/www.corosdecantabria.es\/wp-content\/uploads\/2022\/11\/Adios-Rios\">https:\/\/www.corosdecantabria.es\/wp-content\/uploads\/2022\/11\/Adios-Rios<\/a>....pdf<\/td><td class=\"column-3\">M\u00daSICA POPULAR<\/td>\n<\/tr>\n<tr class=\"row-241\">\n\t<td class=\"column-1\">AGORA NON<\/td><td class=\"column-2\"><a target=\"_blank\" href=\"https:\/\/www.corosdecantabria.es\/wp-content\/uploads\/2022\/11\/Agora-Non.pdf\">https:\/\/www.corosdecantabria.es\/wp-content\/uploads\/2022\/11\/Agora-Non.pdf<\/a><\/td><td class=\"column-3\">M\u00daSICA POPULAR<\/td>\n<\/tr>\n<tr class=\"row-242\">\n\t<td class=\"column-1\">AGUR JAUNAK<\/td><td class=\"column-2\"><a target=\"_blank\" href=\"https:\/\/www.corosdecantabria.es\/wp-content\/uploads\/2022\/11\/Agur-Jaunak.pdf\">https:\/\/www.corosdecantabria.es\/wp-content\/uploads\/2022\/11\/Agur-Jaunak.pdf<\/a><\/td><td class=\"column-3\">M\u00daSICA POPULAR<\/td>\n<\/tr>\n<tr class=\"row-243\">\n\t<td class=\"column-1\">AIRES BARDENEROS<\/td><td class=\"column-2\"><a target=\"_blank\" href=\"https:\/\/www.corosdecantabria.es\/wp-content\/uploads\/2022\/11\/Aires-Bardeneros.pdf\">https:\/\/www.corosdecantabria.es\/wp-content\/uploads\/2022\/11\/Aires-Bardeneros.pdf<\/a><\/td><td class=\"column-3\">M\u00daSICA POPULAR<\/td>\n<\/tr>\n<tr class=\"row-244\">\n\t<td class=\"column-1\">AKATOMBO<\/td><td class=\"column-2\"><a target=\"_blank\" href=\"https:\/\/www.corosdecantabria.es\/wp-content\/uploads\/2022\/11\/akatombo.pdf\">https:\/\/www.corosdecantabria.es\/wp-content\/uploads\/2022\/11\/akatombo.pdf<\/a><\/td><td class=\"column-3\">M\u00daSICA POPULAR<\/td>\n<\/tr>\n<tr class=\"row-245\">\n\t<td class=\"column-1\">AL CAMPO<\/td><td class=\"column-2\"><a target=\"_blank\" href=\"https:\/\/www.corosdecantabria.es\/wp-content\/uploads\/2022\/11\/al_campo.pdf\">https:\/\/www.corosdecantabria.es\/wp-content\/uploads\/2022\/11\/al_campo.pdf<\/a><\/td><td class=\"column-3\">M\u00daSICA POPULAR<\/td>\n<\/tr>\n<tr class=\"row-246\">\n\t<td class=\"column-1\">A LA ALDEA<\/td><td class=\"column-2\"><a target=\"_blank\" href=\"https:\/\/www.corosdecantabria.es\/wp-content\/uploads\/2022\/11\/alaaldea.pdf\">https:\/\/www.corosdecantabria.es\/wp-content\/uploads\/2022\/11\/alaaldea.pdf<\/a><\/td><td class=\"column-3\">M\u00daSICA POPULAR<\/td>\n<\/tr>\n<tr class=\"row-247\">\n\t<td class=\"column-1\">A LA MODA<\/td><td class=\"column-2\"><a target=\"_blank\" href=\"https:\/\/www.corosdecantabria.es\/wp-content\/uploads\/2022\/11\/alamoda.pdf\">https:\/\/www.corosdecantabria.es\/wp-content\/uploads\/2022\/11\/alamoda.pdf<\/a><\/td><td class=\"column-3\">M\u00daSICA POPULAR<\/td>\n<\/tr>\n<tr class=\"row-248\">\n\t<td class=\"column-1\">ALDAPEKO<\/td><td class=\"column-2\"><a target=\"_blank\" href=\"https:\/\/www.corosdecantabria.es\/wp-content\/uploads\/2022\/11\/aldapeko.pdf\">https:\/\/www.corosdecantabria.es\/wp-content\/uploads\/2022\/11\/aldapeko.pdf<\/a><\/td><td class=\"column-3\">M\u00daSICA POPULAR<\/td>\n<\/tr>\n<tr class=\"row-249\">\n\t<td class=\"column-1\">ALL NIGHT<\/td><td class=\"column-2\"><a target=\"_blank\" href=\"https:\/\/www.corosdecantabria.es\/wp-content\/uploads\/2022\/11\/allnight.pdf\">https:\/\/www.corosdecantabria.es\/wp-content\/uploads\/2022\/11\/allnight.pdf<\/a><\/td><td class=\"column-3\">M\u00daSICA POPULAR<\/td>\n<\/tr>\n<tr class=\"row-250\">\n\t<td class=\"column-1\">ALMA NAVARRA<\/td><td class=\"column-2\"><a target=\"_blank\" href=\"https:\/\/www.corosdecantabria.es\/wp-content\/uploads\/2022\/11\/alma-Navarra.pdf\">https:\/\/www.corosdecantabria.es\/wp-content\/uploads\/2022\/11\/alma-Navarra.pdf<\/a><\/td><td class=\"column-3\">M\u00daSICA POPULAR<\/td>\n<\/tr>\n<tr class=\"row-251\">\n\t<td class=\"column-1\">AN IRISH BLISSING<\/td><td class=\"column-2\"><a target=\"_blank\" href=\"https:\/\/www.corosdecantabria.es\/wp-content\/uploads\/2022\/11\/an_irish-Blissing.pdf\">https:\/\/www.corosdecantabria.es\/wp-content\/uploads\/2022\/11\/an_irish-Blissing.pdf<\/a><\/td><td class=\"column-3\">M\u00daSICA POPULAR<\/td>\n<\/tr>\n<tr class=\"row-252\">\n\t<td class=\"column-1\">AN IRISH<\/td><td class=\"column-2\"><a target=\"_blank\" href=\"https:\/\/www.corosdecantabria.es\/wp-content\/uploads\/2022\/11\/an_irish.pdf\">https:\/\/www.corosdecantabria.es\/wp-content\/uploads\/2022\/11\/an_irish.pdf<\/a><\/td><td class=\"column-3\">M\u00daSICA POPULAR<\/td>\n<\/tr>\n<tr class=\"row-253\">\n\t<td class=\"column-1\">APRIETE LE PORTE<\/td><td class=\"column-2\"><a target=\"_blank\" href=\"https:\/\/www.corosdecantabria.es\/wp-content\/uploads\/2022\/11\/Apriete-le-Porte.pdf\">https:\/\/www.corosdecantabria.es\/wp-content\/uploads\/2022\/11\/Apriete-le-Porte.pdf<\/a><\/td><td class=\"column-3\">M\u00daSICA POPULAR<\/td>\n<\/tr>\n<tr class=\"row-254\">\n\t<td class=\"column-1\">ARBOLESA<\/td><td class=\"column-2\"><a target=\"_blank\" href=\"https:\/\/www.corosdecantabria.es\/wp-content\/uploads\/2022\/11\/arbolesa.pdf\">https:\/\/www.corosdecantabria.es\/wp-content\/uploads\/2022\/11\/arbolesa.pdf<\/a><\/td><td class=\"column-3\">M\u00daSICA POPULAR<\/td>\n<\/tr>\n<tr class=\"row-255\">\n\t<td class=\"column-1\">AROLINA<\/td><td class=\"column-2\"><a target=\"_blank\" href=\"https:\/\/www.corosdecantabria.es\/wp-content\/uploads\/2022\/11\/arolina.pdf\">https:\/\/www.corosdecantabria.es\/wp-content\/uploads\/2022\/11\/arolina.pdf<\/a><\/td><td class=\"column-3\">M\u00daSICA POPULAR<\/td>\n<\/tr>\n<tr class=\"row-256\">\n\t<td class=\"column-1\">AROSALIA<\/td><td class=\"column-2\"><a target=\"_blank\" href=\"https:\/\/www.corosdecantabria.es\/wp-content\/uploads\/2022\/11\/arosalia.pdf\">https:\/\/www.corosdecantabria.es\/wp-content\/uploads\/2022\/11\/arosalia.pdf<\/a><\/td><td class=\"column-3\">M\u00daSICA POPULAR<\/td>\n<\/tr>\n<tr class=\"row-257\">\n\t<td class=\"column-1\">ARRORRO MI NIN\u0303O CHICO<\/td><td class=\"column-2\"><a target=\"_blank\" href=\"https:\/\/www.corosdecantabria.es\/wp-content\/uploads\/2022\/11\/arrorro-mi-nin\u0303o-chico.pdf\">https:\/\/www.corosdecantabria.es\/wp-content\/uploads\/2022\/11\/arrorro-mi-nin\u0303o-chico.pdf<\/a><\/td><td class=\"column-3\">M\u00daSICA POPULAR<\/td>\n<\/tr>\n<tr class=\"row-258\">\n\t<td class=\"column-1\">ARRORRO<\/td><td class=\"column-2\"><a target=\"_blank\" href=\"https:\/\/www.corosdecantabria.es\/wp-content\/uploads\/2022\/11\/arrorro.pdf\">https:\/\/www.corosdecantabria.es\/wp-content\/uploads\/2022\/11\/arrorro.pdf<\/a><\/td><td class=\"column-3\">M\u00daSICA POPULAR<\/td>\n<\/tr>\n<tr class=\"row-259\">\n\t<td class=\"column-1\">AURTXO A<\/td><td class=\"column-2\"><a target=\"_blank\" href=\"https:\/\/www.corosdecantabria.es\/wp-content\/uploads\/2022\/11\/aurtxo_a.pdf\">https:\/\/www.corosdecantabria.es\/wp-content\/uploads\/2022\/11\/aurtxo_a.pdf<\/a><\/td><td class=\"column-3\">M\u00daSICA POPULAR<\/td>\n<\/tr>\n<tr class=\"row-260\">\n\t<td class=\"column-1\">AUXOA SEAXKA<\/td><td class=\"column-2\"><a target=\"_blank\" href=\"https:\/\/www.corosdecantabria.es\/wp-content\/uploads\/2022\/11\/Auxoa-Seaxka.pdf\">https:\/\/www.corosdecantabria.es\/wp-content\/uploads\/2022\/11\/Auxoa-Seaxka.pdf<\/a><\/td><td class=\"column-3\">M\u00daSICA POPULAR<\/td>\n<\/tr>\n<tr class=\"row-261\">\n\t<td class=\"column-1\">AY ROSINA<\/td><td class=\"column-2\"><a target=\"_blank\" href=\"https:\/\/www.corosdecantabria.es\/wp-content\/uploads\/2022\/11\/ay-Rosina.pdf\">https:\/\/www.corosdecantabria.es\/wp-content\/uploads\/2022\/11\/ay-Rosina.pdf<\/a><\/td><td class=\"column-3\">M\u00daSICA POPULAR<\/td>\n<\/tr>\n<tr class=\"row-262\">\n\t<td class=\"column-1\">AY, AGU\u0308ITA DE MI TIERRA<\/td><td class=\"column-2\"><a target=\"_blank\" href=\"https:\/\/www.corosdecantabria.es\/wp-content\/uploads\/2022\/11\/Ay-agu\u0308ita-de-mi-tierra.pdf\">https:\/\/www.corosdecantabria.es\/wp-content\/uploads\/2022\/11\/Ay-agu\u0308ita-de-mi-tierra.pdf<\/a><\/td><td class=\"column-3\">M\u00daSICA POPULAR<\/td>\n<\/tr>\n<tr class=\"row-263\">\n\t<td class=\"column-1\">AY AGUITA<\/td><td class=\"column-2\"><a target=\"_blank\" href=\"https:\/\/www.corosdecantabria.es\/wp-content\/uploads\/2022\/11\/ayaguita.pdf\">https:\/\/www.corosdecantabria.es\/wp-content\/uploads\/2022\/11\/ayaguita.pdf<\/a><\/td><td class=\"column-3\">M\u00daSICA POPULAR<\/td>\n<\/tr>\n<tr class=\"row-264\">\n\t<td class=\"column-1\">AY ROSINA<\/td><td class=\"column-2\"><a target=\"_blank\" href=\"https:\/\/www.corosdecantabria.es\/wp-content\/uploads\/2022\/11\/ayrosina.pdf\">https:\/\/www.corosdecantabria.es\/wp-content\/uploads\/2022\/11\/ayrosina.pdf<\/a><\/td><td class=\"column-3\">M\u00daSICA POPULAR<\/td>\n<\/tr>\n<tr class=\"row-265\">\n\t<td class=\"column-1\">BAIALDAK<\/td><td class=\"column-2\"><a target=\"_blank\" href=\"https:\/\/www.corosdecantabria.es\/wp-content\/uploads\/2022\/11\/baialdak.pdf\">https:\/\/www.corosdecantabria.es\/wp-content\/uploads\/2022\/11\/baialdak.pdf<\/a><\/td><td class=\"column-3\">M\u00daSICA POPULAR<\/td>\n<\/tr>\n<tr class=\"row-266\">\n\t<td class=\"column-1\">BAIALDAKIZU MAITE<\/td><td class=\"column-2\"><a target=\"_blank\" href=\"https:\/\/www.corosdecantabria.es\/wp-content\/uploads\/2022\/11\/baialdakizu-Maite.pdf\">https:\/\/www.corosdecantabria.es\/wp-content\/uploads\/2022\/11\/baialdakizu-Maite.pdf<\/a><\/td><td class=\"column-3\">M\u00daSICA POPULAR<\/td>\n<\/tr>\n<tr class=\"row-267\">\n\t<td class=\"column-1\">BAT HYMN<\/td><td class=\"column-2\"><a target=\"_blank\" href=\"https:\/\/www.corosdecantabria.es\/wp-content\/uploads\/2022\/11\/bat_hymn.pdf\">https:\/\/www.corosdecantabria.es\/wp-content\/uploads\/2022\/11\/bat_hymn.pdf<\/a><\/td><td class=\"column-3\">M\u00daSICA POPULAR<\/td>\n<\/tr>\n<tr class=\"row-268\">\n\t<td class=\"column-1\">BICOS DE CORAL<\/td><td class=\"column-2\"><a target=\"_blank\" href=\"https:\/\/www.corosdecantabria.es\/wp-content\/uploads\/2022\/11\/bicos-de-coral.pdf\">https:\/\/www.corosdecantabria.es\/wp-content\/uploads\/2022\/11\/bicos-de-coral.pdf<\/a><\/td><td class=\"column-3\">M\u00daSICA POPULAR<\/td>\n<\/tr>\n<tr class=\"row-269\">\n\t<td class=\"column-1\">BICOS DE<\/td><td class=\"column-2\"><a target=\"_blank\" href=\"https:\/\/www.corosdecantabria.es\/wp-content\/uploads\/2022\/11\/bicos_de.pdf\">https:\/\/www.corosdecantabria.es\/wp-content\/uploads\/2022\/11\/bicos_de.pdf<\/a><\/td><td class=\"column-3\">M\u00daSICA POPULAR<\/td>\n<\/tr>\n<tr class=\"row-270\">\n\t<td class=\"column-1\">BOGA BOGA<\/td><td class=\"column-2\"><a target=\"_blank\" href=\"https:\/\/www.corosdecantabria.es\/wp-content\/uploads\/2022\/11\/boga-boga.pdf\">https:\/\/www.corosdecantabria.es\/wp-content\/uploads\/2022\/11\/boga-boga.pdf<\/a><\/td><td class=\"column-3\">M\u00daSICA POPULAR<\/td>\n<\/tr>\n<tr class=\"row-271\">\n\t<td class=\"column-1\">BOGABOGA<\/td><td class=\"column-2\"><a target=\"_blank\" href=\"https:\/\/www.corosdecantabria.es\/wp-content\/uploads\/2022\/11\/bogaboga.pdf\">https:\/\/www.corosdecantabria.es\/wp-content\/uploads\/2022\/11\/bogaboga.pdf<\/a><\/td><td class=\"column-3\">M\u00daSICA POPULAR<\/td>\n<\/tr>\n<tr class=\"row-272\">\n\t<td class=\"column-1\">BOLERAS<\/td><td class=\"column-2\"><a target=\"_blank\" href=\"https:\/\/www.corosdecantabria.es\/wp-content\/uploads\/2022\/11\/boleras.pdf\">https:\/\/www.corosdecantabria.es\/wp-content\/uploads\/2022\/11\/boleras.pdf<\/a><\/td><td class=\"column-3\">M\u00daSICA POPULAR<\/td>\n<\/tr>\n<tr class=\"row-273\">\n\t<td class=\"column-1\">BROWNJUG<\/td><td class=\"column-2\"><a target=\"_blank\" href=\"https:\/\/www.corosdecantabria.es\/wp-content\/uploads\/2022\/11\/brownjug.pdf\">https:\/\/www.corosdecantabria.es\/wp-content\/uploads\/2022\/11\/brownjug.pdf<\/a><\/td><td class=\"column-3\">M\u00daSICA POPULAR<\/td>\n<\/tr>\n<tr class=\"row-274\">\n\t<td class=\"column-1\">BUNUEL<\/td><td class=\"column-2\"><a target=\"_blank\" href=\"https:\/\/www.corosdecantabria.es\/wp-content\/uploads\/2022\/11\/bunuel.pdf\">https:\/\/www.corosdecantabria.es\/wp-content\/uploads\/2022\/11\/bunuel.pdf<\/a><\/td><td class=\"column-3\">M\u00daSICA POPULAR<\/td>\n<\/tr>\n<tr class=\"row-275\">\n\t<td class=\"column-1\">CAN MAYO<\/td><td class=\"column-2\"><a target=\"_blank\" href=\"https:\/\/www.corosdecantabria.es\/wp-content\/uploads\/2022\/11\/can_mayo.pdf\">https:\/\/www.corosdecantabria.es\/wp-content\/uploads\/2022\/11\/can_mayo.pdf<\/a><\/td><td class=\"column-3\">M\u00daSICA POPULAR<\/td>\n<\/tr>\n<tr class=\"row-276\">\n\t<td class=\"column-1\">CANTO DE TRILLA<\/td><td class=\"column-2\"><a target=\"_blank\" href=\"https:\/\/www.corosdecantabria.es\/wp-content\/uploads\/2022\/11\/Canto-de-TRilla.pdf\">https:\/\/www.corosdecantabria.es\/wp-content\/uploads\/2022\/11\/Canto-de-TRilla.pdf<\/a><\/td><td class=\"column-3\">M\u00daSICA POPULAR<\/td>\n<\/tr>\n<tr class=\"row-277\">\n\t<td class=\"column-1\">CAPUEBLO<\/td><td class=\"column-2\"><a target=\"_blank\" href=\"https:\/\/www.corosdecantabria.es\/wp-content\/uploads\/2022\/11\/capueblo.pdf\">https:\/\/www.corosdecantabria.es\/wp-content\/uploads\/2022\/11\/capueblo.pdf<\/a><\/td><td class=\"column-3\">M\u00daSICA POPULAR<\/td>\n<\/tr>\n<tr class=\"row-278\">\n\t<td class=\"column-1\">CATROVEL<\/td><td class=\"column-2\"><a target=\"_blank\" href=\"https:\/\/www.corosdecantabria.es\/wp-content\/uploads\/2022\/11\/catrovel.pdf\">https:\/\/www.corosdecantabria.es\/wp-content\/uploads\/2022\/11\/catrovel.pdf<\/a><\/td><td class=\"column-3\">M\u00daSICA POPULAR<\/td>\n<\/tr>\n<tr class=\"row-279\">\n\t<td class=\"column-1\">CICERENE<\/td><td class=\"column-2\"><a target=\"_blank\" href=\"https:\/\/www.corosdecantabria.es\/wp-content\/uploads\/2022\/11\/cicerene.pdf\">https:\/\/www.corosdecantabria.es\/wp-content\/uploads\/2022\/11\/cicerene.pdf<\/a><\/td><td class=\"column-3\">M\u00daSICA POPULAR<\/td>\n<\/tr>\n<tr class=\"row-280\">\n\t<td class=\"column-1\">COMINRYE<\/td><td class=\"column-2\"><a target=\"_blank\" href=\"https:\/\/www.corosdecantabria.es\/wp-content\/uploads\/2022\/11\/cominrye.pdf\">https:\/\/www.corosdecantabria.es\/wp-content\/uploads\/2022\/11\/cominrye.pdf<\/a><\/td><td class=\"column-3\">M\u00daSICA POPULAR<\/td>\n<\/tr>\n<tr class=\"row-281\">\n\t<td class=\"column-1\">CUANDO SALES AL CAMPO<\/td><td class=\"column-2\"><a target=\"_blank\" href=\"https:\/\/www.corosdecantabria.es\/wp-content\/uploads\/2022\/11\/Cuando-sales-al-campo.pdf\">https:\/\/www.corosdecantabria.es\/wp-content\/uploads\/2022\/11\/Cuando-sales-al-campo.pdf<\/a><\/td><td class=\"column-3\">M\u00daSICA POPULAR<\/td>\n<\/tr>\n<tr class=\"row-282\">\n\t<td class=\"column-1\">CUANDO VOY A LA ALDEA<\/td><td class=\"column-2\"><a target=\"_blank\" href=\"https:\/\/www.corosdecantabria.es\/wp-content\/uploads\/2022\/11\/Cuando-voy-a-la-Aldea.pdf\">https:\/\/www.corosdecantabria.es\/wp-content\/uploads\/2022\/11\/Cuando-voy-a-la-Aldea.pdf<\/a><\/td><td class=\"column-3\">M\u00daSICA POPULAR<\/td>\n<\/tr>\n<tr class=\"row-283\">\n\t<td class=\"column-1\">DACANIZA<\/td><td class=\"column-2\"><a target=\"_blank\" href=\"https:\/\/www.corosdecantabria.es\/wp-content\/uploads\/2022\/11\/dacaniza.pdf\">https:\/\/www.corosdecantabria.es\/wp-content\/uploads\/2022\/11\/dacaniza.pdf<\/a><\/td><td class=\"column-3\">M\u00daSICA POPULAR<\/td>\n<\/tr>\n<tr class=\"row-284\">\n\t<td class=\"column-1\">DANSACAN<\/td><td class=\"column-2\"><a target=\"_blank\" href=\"https:\/\/www.corosdecantabria.es\/wp-content\/uploads\/2022\/11\/dansacan.pdf\">https:\/\/www.corosdecantabria.es\/wp-content\/uploads\/2022\/11\/dansacan.pdf<\/a><\/td><td class=\"column-3\">M\u00daSICA POPULAR<\/td>\n<\/tr>\n<tr class=\"row-285\">\n\t<td class=\"column-1\">DE LEO\u0301N<\/td><td class=\"column-2\"><a target=\"_blank\" href=\"https:\/\/www.corosdecantabria.es\/wp-content\/uploads\/2022\/11\/De-Leo\u0301n.pdf\">https:\/\/www.corosdecantabria.es\/wp-content\/uploads\/2022\/11\/De-Leo\u0301n.pdf<\/a><\/td><td class=\"column-3\">M\u00daSICA POPULAR<\/td>\n<\/tr>\n<tr class=\"row-286\">\n\t<td class=\"column-1\">DE BAILE<\/td><td class=\"column-2\"><a target=\"_blank\" href=\"https:\/\/www.corosdecantabria.es\/wp-content\/uploads\/2022\/11\/de_baile.pdf\">https:\/\/www.corosdecantabria.es\/wp-content\/uploads\/2022\/11\/de_baile.pdf<\/a><\/td><td class=\"column-3\">M\u00daSICA POPULAR<\/td>\n<\/tr>\n<tr class=\"row-287\">\n\t<td class=\"column-1\">DE BALDE<\/td><td class=\"column-2\"><a target=\"_blank\" href=\"https:\/\/www.corosdecantabria.es\/wp-content\/uploads\/2022\/11\/de_balde.pdf\">https:\/\/www.corosdecantabria.es\/wp-content\/uploads\/2022\/11\/de_balde.pdf<\/a><\/td><td class=\"column-3\">M\u00daSICA POPULAR<\/td>\n<\/tr>\n<tr class=\"row-288\">\n\t<td class=\"column-1\">DE GRAUS<\/td><td class=\"column-2\"><a target=\"_blank\" href=\"https:\/\/www.corosdecantabria.es\/wp-content\/uploads\/2022\/11\/de_graus.pdf\">https:\/\/www.corosdecantabria.es\/wp-content\/uploads\/2022\/11\/de_graus.pdf<\/a><\/td><td class=\"column-3\">M\u00daSICA POPULAR<\/td>\n<\/tr>\n<tr class=\"row-289\">\n\t<td class=\"column-1\">DE OLVES<\/td><td class=\"column-2\"><a target=\"_blank\" href=\"https:\/\/www.corosdecantabria.es\/wp-content\/uploads\/2022\/11\/de_olves.pdf\">https:\/\/www.corosdecantabria.es\/wp-content\/uploads\/2022\/11\/de_olves.pdf<\/a><\/td><td class=\"column-3\">M\u00daSICA POPULAR<\/td>\n<\/tr>\n<tr class=\"row-290\">\n\t<td class=\"column-1\">DE AVILES<\/td><td class=\"column-2\"><a target=\"_blank\" href=\"https:\/\/www.corosdecantabria.es\/wp-content\/uploads\/2022\/11\/deaviles.pdf\">https:\/\/www.corosdecantabria.es\/wp-content\/uploads\/2022\/11\/deaviles.pdf<\/a><\/td><td class=\"column-3\">M\u00daSICA POPULAR<\/td>\n<\/tr>\n<tr class=\"row-291\">\n\t<td class=\"column-1\">DEBAJOMO<\/td><td class=\"column-2\"><a target=\"_blank\" href=\"https:\/\/www.corosdecantabria.es\/wp-content\/uploads\/2022\/11\/debajomo.pdf\">https:\/\/www.corosdecantabria.es\/wp-content\/uploads\/2022\/11\/debajomo.pdf<\/a><\/td><td class=\"column-3\">M\u00daSICA POPULAR<\/td>\n<\/tr>\n<tr class=\"row-292\">\n\t<td class=\"column-1\">DECANIGO<\/td><td class=\"column-2\"><a target=\"_blank\" href=\"https:\/\/www.corosdecantabria.es\/wp-content\/uploads\/2022\/11\/decanigo.pdf\">https:\/\/www.corosdecantabria.es\/wp-content\/uploads\/2022\/11\/decanigo.pdf<\/a><\/td><td class=\"column-3\">M\u00daSICA POPULAR<\/td>\n<\/tr>\n<tr class=\"row-293\">\n\t<td class=\"column-1\">DEL OLIVO<\/td><td class=\"column-2\"><a target=\"_blank\" href=\"https:\/\/www.corosdecantabria.es\/wp-content\/uploads\/2022\/11\/delolivo.pdf\">https:\/\/www.corosdecantabria.es\/wp-content\/uploads\/2022\/11\/delolivo.pdf<\/a><\/td><td class=\"column-3\">M\u00daSICA POPULAR<\/td>\n<\/tr>\n<tr class=\"row-294\">\n\t<td class=\"column-1\">DIJO LUNA<\/td><td class=\"column-2\"><a target=\"_blank\" href=\"https:\/\/www.corosdecantabria.es\/wp-content\/uploads\/2022\/11\/dijoluna.pdf\">https:\/\/www.corosdecantabria.es\/wp-content\/uploads\/2022\/11\/dijoluna.pdf<\/a><\/td><td class=\"column-3\">M\u00daSICA POPULAR<\/td>\n<\/tr>\n<tr class=\"row-295\">\n\t<td class=\"column-1\">DURMEDUR<\/td><td class=\"column-2\"><a target=\"_blank\" href=\"https:\/\/www.corosdecantabria.es\/wp-content\/uploads\/2022\/11\/durmedur.pdf\">https:\/\/www.corosdecantabria.es\/wp-content\/uploads\/2022\/11\/durmedur.pdf<\/a><\/td><td class=\"column-3\">M\u00daSICA POPULAR<\/td>\n<\/tr>\n<tr class=\"row-296\">\n\t<td class=\"column-1\">EL VITO<\/td><td class=\"column-2\"><a target=\"_blank\" href=\"https:\/\/www.corosdecantabria.es\/wp-content\/uploads\/2022\/11\/el_vito.pdf\">https:\/\/www.corosdecantabria.es\/wp-content\/uploads\/2022\/11\/el_vito.pdf<\/a><\/td><td class=\"column-3\">M\u00daSICA POPULAR<\/td>\n<\/tr>\n<tr class=\"row-297\">\n\t<td class=\"column-1\">EL BAILE<\/td><td class=\"column-2\"><a target=\"_blank\" href=\"https:\/\/www.corosdecantabria.es\/wp-content\/uploads\/2022\/11\/elbaile.pdf\">https:\/\/www.corosdecantabria.es\/wp-content\/uploads\/2022\/11\/elbaile.pdf<\/a><\/td><td class=\"column-3\">M\u00daSICA POPULAR<\/td>\n<\/tr>\n<tr class=\"row-298\">\n\t<td class=\"column-1\">ELPANDER<\/td><td class=\"column-2\"><a target=\"_blank\" href=\"https:\/\/www.corosdecantabria.es\/wp-content\/uploads\/2022\/11\/elpander.pdf\">https:\/\/www.corosdecantabria.es\/wp-content\/uploads\/2022\/11\/elpander.pdf<\/a><\/td><td class=\"column-3\">M\u00daSICA POPULAR<\/td>\n<\/tr>\n<tr class=\"row-299\">\n\t<td class=\"column-1\">ELXIQUET<\/td><td class=\"column-2\"><a target=\"_blank\" href=\"https:\/\/www.corosdecantabria.es\/wp-content\/uploads\/2022\/11\/elxiquet.pdf\">https:\/\/www.corosdecantabria.es\/wp-content\/uploads\/2022\/11\/elxiquet.pdf<\/a><\/td><td class=\"column-3\">M\u00daSICA POPULAR<\/td>\n<\/tr>\n<tr class=\"row-300\">\n\t<td class=\"column-1\">ENSALAMA<\/td><td class=\"column-2\"><a target=\"_blank\" href=\"https:\/\/www.corosdecantabria.es\/wp-content\/uploads\/2022\/11\/ensalama.pdf\">https:\/\/www.corosdecantabria.es\/wp-content\/uploads\/2022\/11\/ensalama.pdf<\/a><\/td><td class=\"column-3\">M\u00daSICA POPULAR<\/td>\n<\/tr>\n<tr class=\"row-301\">\n\t<td class=\"column-1\">ERES ALTA<\/td><td class=\"column-2\"><a target=\"_blank\" href=\"https:\/\/www.corosdecantabria.es\/wp-content\/uploads\/2022\/11\/eresalta.pdf\">https:\/\/www.corosdecantabria.es\/wp-content\/uploads\/2022\/11\/eresalta.pdf<\/a><\/td><td class=\"column-3\">M\u00daSICA POPULAR<\/td>\n<\/tr>\n<tr class=\"row-302\">\n\t<td class=\"column-1\">EXTIENDE<\/td><td class=\"column-2\"><a target=\"_blank\" href=\"https:\/\/www.corosdecantabria.es\/wp-content\/uploads\/2022\/11\/extiende.pdf\">https:\/\/www.corosdecantabria.es\/wp-content\/uploads\/2022\/11\/extiende.pdf<\/a><\/td><td class=\"column-3\">M\u00daSICA POPULAR<\/td>\n<\/tr>\n<tr class=\"row-303\">\n\t<td class=\"column-1\">FALADEBE<\/td><td class=\"column-2\"><a target=\"_blank\" href=\"https:\/\/www.corosdecantabria.es\/wp-content\/uploads\/2022\/11\/faladebe.pdf\">https:\/\/www.corosdecantabria.es\/wp-content\/uploads\/2022\/11\/faladebe.pdf<\/a><\/td><td class=\"column-3\">M\u00daSICA POPULAR<\/td>\n<\/tr>\n<tr class=\"row-304\">\n\t<td class=\"column-1\">FROLVENT<\/td><td class=\"column-2\"><a target=\"_blank\" href=\"https:\/\/www.corosdecantabria.es\/wp-content\/uploads\/2022\/11\/frolvent.pdf\">https:\/\/www.corosdecantabria.es\/wp-content\/uploads\/2022\/11\/frolvent.pdf<\/a><\/td><td class=\"column-3\">M\u00daSICA POPULAR<\/td>\n<\/tr>\n<tr class=\"row-305\">\n\t<td class=\"column-1\">GOBBO SO<\/td><td class=\"column-2\"><a target=\"_blank\" href=\"https:\/\/www.corosdecantabria.es\/wp-content\/uploads\/2022\/11\/gobbo_so.pdf\">https:\/\/www.corosdecantabria.es\/wp-content\/uploads\/2022\/11\/gobbo_so.pdf<\/a><\/td><td class=\"column-3\">M\u00daSICA POPULAR<\/td>\n<\/tr>\n<tr class=\"row-306\">\n\t<td class=\"column-1\">GOIZEKO<\/td><td class=\"column-2\"><a target=\"_blank\" href=\"https:\/\/www.corosdecantabria.es\/wp-content\/uploads\/2022\/11\/goizeko.pdf\">https:\/\/www.corosdecantabria.es\/wp-content\/uploads\/2022\/11\/goizeko.pdf<\/a><\/td><td class=\"column-3\">M\u00daSICA POPULAR<\/td>\n<\/tr>\n<tr class=\"row-307\">\n\t<td class=\"column-1\">IDIL LI<\/td><td class=\"column-2\"><a target=\"_blank\" href=\"https:\/\/www.corosdecantabria.es\/wp-content\/uploads\/2022\/11\/idil_li.pdf\">https:\/\/www.corosdecantabria.es\/wp-content\/uploads\/2022\/11\/idil_li.pdf<\/a><\/td><td class=\"column-3\">M\u00daSICA POPULAR<\/td>\n<\/tr>\n<tr class=\"row-308\">\n\t<td class=\"column-1\">INDUVELA<\/td><td class=\"column-2\"><a target=\"_blank\" href=\"https:\/\/www.corosdecantabria.es\/wp-content\/uploads\/2022\/11\/induvela.pdf\">https:\/\/www.corosdecantabria.es\/wp-content\/uploads\/2022\/11\/induvela.pdf<\/a><\/td><td class=\"column-3\">M\u00daSICA POPULAR<\/td>\n<\/tr>\n<tr class=\"row-309\">\n\t<td class=\"column-1\">JOTA ENE<\/td><td class=\"column-2\"><a target=\"_blank\" href=\"https:\/\/www.corosdecantabria.es\/wp-content\/uploads\/2022\/11\/jota_ene.pdf\">https:\/\/www.corosdecantabria.es\/wp-content\/uploads\/2022\/11\/jota_ene.pdf<\/a><\/td><td class=\"column-3\">M\u00daSICA POPULAR<\/td>\n<\/tr>\n<tr class=\"row-310\">\n\t<td class=\"column-1\">JOTA GUA<\/td><td class=\"column-2\"><a target=\"_blank\" href=\"https:\/\/www.corosdecantabria.es\/wp-content\/uploads\/2022\/11\/jota_gua.pdf\">https:\/\/www.corosdecantabria.es\/wp-content\/uploads\/2022\/11\/jota_gua.pdf<\/a><\/td><td class=\"column-3\">M\u00daSICA POPULAR<\/td>\n<\/tr>\n<tr class=\"row-311\">\n\t<td class=\"column-1\">JOTA UVA<\/td><td class=\"column-2\"><a target=\"_blank\" href=\"https:\/\/www.corosdecantabria.es\/wp-content\/uploads\/2022\/11\/jota_uva.pdf\">https:\/\/www.corosdecantabria.es\/wp-content\/uploads\/2022\/11\/jota_uva.pdf<\/a><\/td><td class=\"column-3\">M\u00daSICA POPULAR<\/td>\n<\/tr>\n<tr class=\"row-312\">\n\t<td class=\"column-1\">L AVEMAR<\/td><td class=\"column-2\"><a target=\"_blank\" href=\"https:\/\/www.corosdecantabria.es\/wp-content\/uploads\/2022\/11\/l_avemar.pdf\">https:\/\/www.corosdecantabria.es\/wp-content\/uploads\/2022\/11\/l_avemar.pdf<\/a><\/td><td class=\"column-3\">M\u00daSICA POPULAR<\/td>\n<\/tr>\n<tr class=\"row-313\">\n\t<td class=\"column-1\">LA CHITA<\/td><td class=\"column-2\"><a target=\"_blank\" href=\"https:\/\/www.corosdecantabria.es\/wp-content\/uploads\/2022\/11\/la_chita.pdf\">https:\/\/www.corosdecantabria.es\/wp-content\/uploads\/2022\/11\/la_chita.pdf<\/a><\/td><td class=\"column-3\">M\u00daSICA POPULAR<\/td>\n<\/tr>\n<tr class=\"row-314\">\n\t<td class=\"column-1\">LA DOLORE<\/td><td class=\"column-2\"><a target=\"_blank\" href=\"https:\/\/www.corosdecantabria.es\/wp-content\/uploads\/2022\/11\/ladolore.pdf\">https:\/\/www.corosdecantabria.es\/wp-content\/uploads\/2022\/11\/ladolore.pdf<\/a><\/td><td class=\"column-3\">M\u00daSICA POPULAR<\/td>\n<\/tr>\n<tr class=\"row-315\">\n\t<td class=\"column-1\">LA FLOR<\/td><td class=\"column-2\"><a target=\"_blank\" href=\"https:\/\/www.corosdecantabria.es\/wp-content\/uploads\/2022\/11\/laflor.pdf\">https:\/\/www.corosdecantabria.es\/wp-content\/uploads\/2022\/11\/laflor.pdf<\/a><\/td><td class=\"column-3\">M\u00daSICA POPULAR<\/td>\n<\/tr>\n<tr class=\"row-316\">\n\t<td class=\"column-1\">LANANITA<\/td><td class=\"column-2\"><a target=\"_blank\" href=\"https:\/\/www.corosdecantabria.es\/wp-content\/uploads\/2022\/11\/lananita.pdf\">https:\/\/www.corosdecantabria.es\/wp-content\/uploads\/2022\/11\/lananita.pdf<\/a><\/td><td class=\"column-3\">M\u00daSICA POPULAR<\/td>\n<\/tr>\n<tr class=\"row-317\">\n\t<td class=\"column-1\">LAPUERCA<\/td><td class=\"column-2\"><a target=\"_blank\" href=\"https:\/\/www.corosdecantabria.es\/wp-content\/uploads\/2022\/11\/lapuerca.pdf\">https:\/\/www.corosdecantabria.es\/wp-content\/uploads\/2022\/11\/lapuerca.pdf<\/a><\/td><td class=\"column-3\">M\u00daSICA POPULAR<\/td>\n<\/tr>\n<tr class=\"row-318\">\n\t<td class=\"column-1\">LA TARARA<\/td><td class=\"column-2\"><a target=\"_blank\" href=\"https:\/\/www.corosdecantabria.es\/wp-content\/uploads\/2022\/11\/latarara.pdf\">https:\/\/www.corosdecantabria.es\/wp-content\/uploads\/2022\/11\/latarara.pdf<\/a><\/td><td class=\"column-3\">M\u00daSICA POPULAR<\/td>\n<\/tr>\n<tr class=\"row-319\">\n\t<td class=\"column-1\">LAURAQUE<\/td><td class=\"column-2\"><a target=\"_blank\" href=\"https:\/\/www.corosdecantabria.es\/wp-content\/uploads\/2022\/11\/lauraque.pdf\">https:\/\/www.corosdecantabria.es\/wp-content\/uploads\/2022\/11\/lauraque.pdf<\/a><\/td><td class=\"column-3\">M\u00daSICA POPULAR<\/td>\n<\/tr>\n<tr class=\"row-320\">\n\t<td class=\"column-1\">LE PORTE<\/td><td class=\"column-2\"><a target=\"_blank\" href=\"https:\/\/www.corosdecantabria.es\/wp-content\/uploads\/2022\/11\/le_porte.pdf\">https:\/\/www.corosdecantabria.es\/wp-content\/uploads\/2022\/11\/le_porte.pdf<\/a><\/td><td class=\"column-3\">M\u00daSICA POPULAR<\/td>\n<\/tr>\n<tr class=\"row-321\">\n\t<td class=\"column-1\">LEBATEAU<\/td><td class=\"column-2\"><a target=\"_blank\" href=\"https:\/\/www.corosdecantabria.es\/wp-content\/uploads\/2022\/11\/lebateau.pdf\">https:\/\/www.corosdecantabria.es\/wp-content\/uploads\/2022\/11\/lebateau.pdf<\/a><\/td><td class=\"column-3\">M\u00daSICA POPULAR<\/td>\n<\/tr>\n<tr class=\"row-322\">\n\t<td class=\"column-1\">LEMIGRANT<\/td><td class=\"column-2\"><a target=\"_blank\" href=\"https:\/\/www.corosdecantabria.es\/wp-content\/uploads\/2022\/11\/lemigrant.pdf\">https:\/\/www.corosdecantabria.es\/wp-content\/uploads\/2022\/11\/lemigrant.pdf<\/a><\/td><td class=\"column-3\">M\u00daSICA POPULAR<\/td>\n<\/tr>\n<tr class=\"row-323\">\n\t<td class=\"column-1\">LEON<\/td><td class=\"column-2\"><a target=\"_blank\" href=\"https:\/\/www.corosdecantabria.es\/wp-content\/uploads\/2022\/11\/leon.pdf\">https:\/\/www.corosdecantabria.es\/wp-content\/uploads\/2022\/11\/leon.pdf<\/a><\/td><td class=\"column-3\">M\u00daSICA POPULAR<\/td>\n<\/tr>\n<tr class=\"row-324\">\n\t<td class=\"column-1\">LIMPIATE<\/td><td class=\"column-2\"><a target=\"_blank\" href=\"https:\/\/www.corosdecantabria.es\/wp-content\/uploads\/2022\/11\/limpiate.pdf\">https:\/\/www.corosdecantabria.es\/wp-content\/uploads\/2022\/11\/limpiate.pdf<\/a><\/td><td class=\"column-3\">M\u00daSICA POPULAR<\/td>\n<\/tr>\n<tr class=\"row-325\">\n\t<td class=\"column-1\">LORENZO<\/td><td class=\"column-2\"><a target=\"_blank\" href=\"https:\/\/www.corosdecantabria.es\/wp-content\/uploads\/2022\/11\/lorenzo.pdf\">https:\/\/www.corosdecantabria.es\/wp-content\/uploads\/2022\/11\/lorenzo.pdf<\/a><\/td><td class=\"column-3\">M\u00daSICA POPULAR<\/td>\n<\/tr>\n<tr class=\"row-326\">\n\t<td class=\"column-1\">MADRID<\/td><td class=\"column-2\"><a target=\"_blank\" href=\"https:\/\/www.corosdecantabria.es\/wp-content\/uploads\/2022\/11\/madrid.pdf\">https:\/\/www.corosdecantabria.es\/wp-content\/uploads\/2022\/11\/madrid.pdf<\/a><\/td><td class=\"column-3\">M\u00daSICA POPULAR<\/td>\n<\/tr>\n<tr class=\"row-327\">\n\t<td class=\"column-1\">MAITE<\/td><td class=\"column-2\"><a target=\"_blank\" href=\"https:\/\/www.corosdecantabria.es\/wp-content\/uploads\/2022\/11\/Maite.pdf\">https:\/\/www.corosdecantabria.es\/wp-content\/uploads\/2022\/11\/Maite.pdf<\/a><\/td><td class=\"column-3\">M\u00daSICA POPULAR<\/td>\n<\/tr>\n<tr class=\"row-328\">\n\t<td class=\"column-1\">MAITECHU<\/td><td class=\"column-2\"><a target=\"_blank\" href=\"https:\/\/www.corosdecantabria.es\/wp-content\/uploads\/2022\/11\/maitechu.pdf\">https:\/\/www.corosdecantabria.es\/wp-content\/uploads\/2022\/11\/maitechu.pdf<\/a><\/td><td class=\"column-3\">M\u00daSICA POPULAR<\/td>\n<\/tr>\n<tr class=\"row-329\">\n\t<td class=\"column-1\">MALISETE<\/td><td class=\"column-2\"><a target=\"_blank\" href=\"https:\/\/www.corosdecantabria.es\/wp-content\/uploads\/2022\/11\/malisete.pdf\">https:\/\/www.corosdecantabria.es\/wp-content\/uploads\/2022\/11\/malisete.pdf<\/a><\/td><td class=\"column-3\">M\u00daSICA POPULAR<\/td>\n<\/tr>\n<tr class=\"row-330\">\n\t<td class=\"column-1\">MARETAMA<\/td><td class=\"column-2\"><a target=\"_blank\" href=\"https:\/\/www.corosdecantabria.es\/wp-content\/uploads\/2022\/11\/maretama.pdf\">https:\/\/www.corosdecantabria.es\/wp-content\/uploads\/2022\/11\/maretama.pdf<\/a><\/td><td class=\"column-3\">M\u00daSICA POPULAR<\/td>\n<\/tr>\n<tr class=\"row-331\">\n\t<td class=\"column-1\">MAREVULL<\/td><td class=\"column-2\"><a target=\"_blank\" href=\"https:\/\/www.corosdecantabria.es\/wp-content\/uploads\/2022\/11\/marevull.pdf\">https:\/\/www.corosdecantabria.es\/wp-content\/uploads\/2022\/11\/marevull.pdf<\/a><\/td><td class=\"column-3\">M\u00daSICA POPULAR<\/td>\n<\/tr>\n<tr class=\"row-332\">\n\t<td class=\"column-1\">MARIOLA<\/td><td class=\"column-2\"><a target=\"_blank\" href=\"https:\/\/www.corosdecantabria.es\/wp-content\/uploads\/2022\/11\/mariola.pdf\">https:\/\/www.corosdecantabria.es\/wp-content\/uploads\/2022\/11\/mariola.pdf<\/a><\/td><td class=\"column-3\">M\u00daSICA POPULAR<\/td>\n<\/tr>\n<tr class=\"row-333\">\n\t<td class=\"column-1\">MICABANA<\/td><td class=\"column-2\"><a target=\"_blank\" href=\"https:\/\/www.corosdecantabria.es\/wp-content\/uploads\/2022\/11\/micabana.pdf\">https:\/\/www.corosdecantabria.es\/wp-content\/uploads\/2022\/11\/micabana.pdf<\/a><\/td><td class=\"column-3\">M\u00daSICA POPULAR<\/td>\n<\/tr>\n<tr class=\"row-334\">\n\t<td class=\"column-1\">MINSTREL<\/td><td class=\"column-2\"><a target=\"_blank\" href=\"https:\/\/www.corosdecantabria.es\/wp-content\/uploads\/2022\/11\/minstrel.pdf\">https:\/\/www.corosdecantabria.es\/wp-content\/uploads\/2022\/11\/minstrel.pdf<\/a><\/td><td class=\"column-3\">M\u00daSICA POPULAR<\/td>\n<\/tr>\n<tr class=\"row-335\">\n\t<td class=\"column-1\">MOLOMOLO<\/td><td class=\"column-2\"><a target=\"_blank\" href=\"https:\/\/www.corosdecantabria.es\/wp-content\/uploads\/2022\/11\/molomolo.pdf\">https:\/\/www.corosdecantabria.es\/wp-content\/uploads\/2022\/11\/molomolo.pdf<\/a><\/td><td class=\"column-3\">M\u00daSICA POPULAR<\/td>\n<\/tr>\n<tr class=\"row-336\">\n\t<td class=\"column-1\">MORITOPI<\/td><td class=\"column-2\"><a target=\"_blank\" href=\"https:\/\/www.corosdecantabria.es\/wp-content\/uploads\/2022\/11\/moritopi.pdf\">https:\/\/www.corosdecantabria.es\/wp-content\/uploads\/2022\/11\/moritopi.pdf<\/a><\/td><td class=\"column-3\">M\u00daSICA POPULAR<\/td>\n<\/tr>\n<tr class=\"row-337\">\n\t<td class=\"column-1\">MYBONNIE<\/td><td class=\"column-2\"><a target=\"_blank\" href=\"https:\/\/www.corosdecantabria.es\/wp-content\/uploads\/2022\/11\/mybonnie.pdf\">https:\/\/www.corosdecantabria.es\/wp-content\/uploads\/2022\/11\/mybonnie.pdf<\/a><\/td><td class=\"column-3\">M\u00daSICA POPULAR<\/td>\n<\/tr>\n<tr class=\"row-338\">\n\t<td class=\"column-1\">NARDOS C<\/td><td class=\"column-2\"><a target=\"_blank\" href=\"https:\/\/www.corosdecantabria.es\/wp-content\/uploads\/2022\/11\/nardos_c.pdf\">https:\/\/www.corosdecantabria.es\/wp-content\/uploads\/2022\/11\/nardos_c.pdf<\/a><\/td><td class=\"column-3\">M\u00daSICA POPULAR<\/td>\n<\/tr>\n<tr class=\"row-339\">\n\t<td class=\"column-1\">ORILLITA<\/td><td class=\"column-2\"><a target=\"_blank\" href=\"https:\/\/www.corosdecantabria.es\/wp-content\/uploads\/2022\/11\/orillita.pdf\">https:\/\/www.corosdecantabria.es\/wp-content\/uploads\/2022\/11\/orillita.pdf<\/a><\/td><td class=\"column-3\">M\u00daSICA POPULAR<\/td>\n<\/tr>\n<tr class=\"row-340\">\n\t<td class=\"column-1\">PAJARITO<\/td><td class=\"column-2\"><a target=\"_blank\" href=\"https:\/\/www.corosdecantabria.es\/wp-content\/uploads\/2022\/11\/pajarito.pdf\">https:\/\/www.corosdecantabria.es\/wp-content\/uploads\/2022\/11\/pajarito.pdf<\/a><\/td><td class=\"column-3\">M\u00daSICA POPULAR<\/td>\n<\/tr>\n<tr class=\"row-341\">\n\t<td class=\"column-1\">PATAPAN<\/td><td class=\"column-2\"><a target=\"_blank\" href=\"https:\/\/www.corosdecantabria.es\/wp-content\/uploads\/2022\/11\/patapan.pdf\">https:\/\/www.corosdecantabria.es\/wp-content\/uploads\/2022\/11\/patapan.pdf<\/a><\/td><td class=\"column-3\">M\u00daSICA POPULAR<\/td>\n<\/tr>\n<tr class=\"row-342\">\n\t<td class=\"column-1\">PAXAROVA<\/td><td class=\"column-2\"><a target=\"_blank\" href=\"https:\/\/www.corosdecantabria.es\/wp-content\/uploads\/2022\/11\/paxarova.pdf\">https:\/\/www.corosdecantabria.es\/wp-content\/uploads\/2022\/11\/paxarova.pdf<\/a><\/td><td class=\"column-3\">M\u00daSICA POPULAR<\/td>\n<\/tr>\n<tr class=\"row-343\">\n\t<td class=\"column-1\">PUNTEAU<\/td><td class=\"column-2\"><a target=\"_blank\" href=\"https:\/\/www.corosdecantabria.es\/wp-content\/uploads\/2022\/11\/punteau.pdf\">https:\/\/www.corosdecantabria.es\/wp-content\/uploads\/2022\/11\/punteau.pdf<\/a><\/td><td class=\"column-3\">M\u00daSICA POPULAR<\/td>\n<\/tr>\n<tr class=\"row-344\">\n\t<td class=\"column-1\">QUE DIRA<\/td><td class=\"column-2\"><a target=\"_blank\" href=\"https:\/\/www.corosdecantabria.es\/wp-content\/uploads\/2022\/11\/que_dira.pdf\">https:\/\/www.corosdecantabria.es\/wp-content\/uploads\/2022\/11\/que_dira.pdf<\/a><\/td><td class=\"column-3\">M\u00daSICA POPULAR<\/td>\n<\/tr>\n<tr class=\"row-345\">\n\t<td class=\"column-1\">REDRIVER<\/td><td class=\"column-2\"><a target=\"_blank\" href=\"https:\/\/www.corosdecantabria.es\/wp-content\/uploads\/2022\/11\/redriver.pdf\">https:\/\/www.corosdecantabria.es\/wp-content\/uploads\/2022\/11\/redriver.pdf<\/a><\/td><td class=\"column-3\">M\u00daSICA POPULAR<\/td>\n<\/tr>\n<tr class=\"row-346\">\n\t<td class=\"column-1\">REME VOL<\/td><td class=\"column-2\"><a target=\"_blank\" href=\"https:\/\/www.corosdecantabria.es\/wp-content\/uploads\/2022\/11\/reme_vol.pdf\">https:\/\/www.corosdecantabria.es\/wp-content\/uploads\/2022\/11\/reme_vol.pdf<\/a><\/td><td class=\"column-3\">M\u00daSICA POPULAR<\/td>\n<\/tr>\n<tr class=\"row-347\">\n\t<td class=\"column-1\">RIOMIERA<\/td><td class=\"column-2\"><a target=\"_blank\" href=\"https:\/\/www.corosdecantabria.es\/wp-content\/uploads\/2022\/11\/riomiera.pdf\">https:\/\/www.corosdecantabria.es\/wp-content\/uploads\/2022\/11\/riomiera.pdf<\/a><\/td><td class=\"column-3\">M\u00daSICA POPULAR<\/td>\n<\/tr>\n<tr class=\"row-348\">\n\t<td class=\"column-1\">RONCALES<\/td><td class=\"column-2\"><a target=\"_blank\" href=\"https:\/\/www.corosdecantabria.es\/wp-content\/uploads\/2022\/11\/roncales.pdf\">https:\/\/www.corosdecantabria.es\/wp-content\/uploads\/2022\/11\/roncales.pdf<\/a><\/td><td class=\"column-3\">M\u00daSICA POPULAR<\/td>\n<\/tr>\n<tr class=\"row-349\">\n\t<td class=\"column-1\">ROSSINOL<\/td><td class=\"column-2\"><a target=\"_blank\" href=\"https:\/\/www.corosdecantabria.es\/wp-content\/uploads\/2022\/11\/rossinol.pdf\">https:\/\/www.corosdecantabria.es\/wp-content\/uploads\/2022\/11\/rossinol.pdf<\/a><\/td><td class=\"column-3\">M\u00daSICA POPULAR<\/td>\n<\/tr>\n<tr class=\"row-350\">\n\t<td class=\"column-1\">SAN PEDRO<\/td><td class=\"column-2\"><a target=\"_blank\" href=\"https:\/\/www.corosdecantabria.es\/wp-content\/uploads\/2022\/11\/sanpedro.pdf\">https:\/\/www.corosdecantabria.es\/wp-content\/uploads\/2022\/11\/sanpedro.pdf<\/a><\/td><td class=\"column-3\">M\u00daSICA POPULAR<\/td>\n<\/tr>\n<tr class=\"row-351\">\n\t<td class=\"column-1\">SEGABALA<\/td><td class=\"column-2\"><a target=\"_blank\" href=\"https:\/\/www.corosdecantabria.es\/wp-content\/uploads\/2022\/11\/segabala.pdf\">https:\/\/www.corosdecantabria.es\/wp-content\/uploads\/2022\/11\/segabala.pdf<\/a><\/td><td class=\"column-3\">M\u00daSICA POPULAR<\/td>\n<\/tr>\n<tr class=\"row-352\">\n\t<td class=\"column-1\">SEGADOR<\/td><td class=\"column-2\"><a target=\"_blank\" href=\"https:\/\/www.corosdecantabria.es\/wp-content\/uploads\/2022\/11\/segador.pdf\">https:\/\/www.corosdecantabria.es\/wp-content\/uploads\/2022\/11\/segador.pdf<\/a><\/td><td class=\"column-3\">M\u00daSICA POPULAR<\/td>\n<\/tr>\n<tr class=\"row-353\">\n\t<td class=\"column-1\">SEVANPAS<\/td><td class=\"column-2\"><a target=\"_blank\" href=\"https:\/\/www.corosdecantabria.es\/wp-content\/uploads\/2022\/11\/sevanpas.pdf\">https:\/\/www.corosdecantabria.es\/wp-content\/uploads\/2022\/11\/sevanpas.pdf<\/a><\/td><td class=\"column-3\">M\u00daSICA POPULAR<\/td>\n<\/tr>\n<tr class=\"row-354\">\n\t<td class=\"column-1\">SEVILLAN<\/td><td class=\"column-2\"><a target=\"_blank\" href=\"https:\/\/www.corosdecantabria.es\/wp-content\/uploads\/2022\/11\/sevillan.pdf\">https:\/\/www.corosdecantabria.es\/wp-content\/uploads\/2022\/11\/sevillan.pdf<\/a><\/td><td class=\"column-3\">M\u00daSICA POPULAR<\/td>\n<\/tr>\n<tr class=\"row-355\">\n\t<td class=\"column-1\">SMARIOLA<\/td><td class=\"column-2\"><a target=\"_blank\" href=\"https:\/\/www.corosdecantabria.es\/wp-content\/uploads\/2022\/11\/smariola.pdf\">https:\/\/www.corosdecantabria.es\/wp-content\/uploads\/2022\/11\/smariola.pdf<\/a><\/td><td class=\"column-3\">M\u00daSICA POPULAR<\/td>\n<\/tr>\n<tr class=\"row-356\">\n\t<td class=\"column-1\">SORONDON<\/td><td class=\"column-2\"><a target=\"_blank\" href=\"https:\/\/www.corosdecantabria.es\/wp-content\/uploads\/2022\/11\/sorondon.pdf\">https:\/\/www.corosdecantabria.es\/wp-content\/uploads\/2022\/11\/sorondon.pdf<\/a><\/td><td class=\"column-3\">M\u00daSICA POPULAR<\/td>\n<\/tr>\n<tr class=\"row-357\">\n\t<td class=\"column-1\">TEMPLAMA<\/td><td class=\"column-2\"><a target=\"_blank\" href=\"https:\/\/www.corosdecantabria.es\/wp-content\/uploads\/2022\/11\/templama.pdf\">https:\/\/www.corosdecantabria.es\/wp-content\/uploads\/2022\/11\/templama.pdf<\/a><\/td><td class=\"column-3\">M\u00daSICA POPULAR<\/td>\n<\/tr>\n<tr class=\"row-358\">\n\t<td class=\"column-1\">THOJITAS<\/td><td class=\"column-2\"><a target=\"_blank\" href=\"https:\/\/www.corosdecantabria.es\/wp-content\/uploads\/2022\/11\/thojitas.pdf\">https:\/\/www.corosdecantabria.es\/wp-content\/uploads\/2022\/11\/thojitas.pdf<\/a><\/td><td class=\"column-3\">M\u00daSICA POPULAR<\/td>\n<\/tr>\n<tr class=\"row-359\">\n\t<td class=\"column-1\">TRIGUERO<\/td><td class=\"column-2\"><a target=\"_blank\" href=\"https:\/\/www.corosdecantabria.es\/wp-content\/uploads\/2022\/11\/triguero.pdf\">https:\/\/www.corosdecantabria.es\/wp-content\/uploads\/2022\/11\/triguero.pdf<\/a><\/td><td class=\"column-3\">M\u00daSICA POPULAR<\/td>\n<\/tr>\n<tr class=\"row-360\">\n\t<td class=\"column-1\">VIBEIRAO<\/td><td class=\"column-2\"><a target=\"_blank\" href=\"https:\/\/www.corosdecantabria.es\/wp-content\/uploads\/2022\/11\/vibeirao.pdf\">https:\/\/www.corosdecantabria.es\/wp-content\/uploads\/2022\/11\/vibeirao.pdf<\/a><\/td><td class=\"column-3\">M\u00daSICA POPULAR<\/td>\n<\/tr>\n<tr class=\"row-361\">\n\t<td class=\"column-1\">VINDIMA<\/td><td class=\"column-2\"><a target=\"_blank\" href=\"https:\/\/www.corosdecantabria.es\/wp-content\/uploads\/2022\/11\/vindima.pdf\">https:\/\/www.corosdecantabria.es\/wp-content\/uploads\/2022\/11\/vindima.pdf<\/a><\/td><td class=\"column-3\">M\u00daSICA POPULAR<\/td>\n<\/tr>\n<tr class=\"row-362\">\n\t<td class=\"column-1\">VOLUZERN<\/td><td class=\"column-2\"><a target=\"_blank\" href=\"https:\/\/www.corosdecantabria.es\/wp-content\/uploads\/2022\/11\/voluzern.pdf\">https:\/\/www.corosdecantabria.es\/wp-content\/uploads\/2022\/11\/voluzern.pdf<\/a><\/td><td class=\"column-3\">M\u00daSICA POPULAR<\/td>\n<\/tr>\n<tr class=\"row-363\">\n\t<td class=\"column-1\">VOSOGALO<\/td><td class=\"column-2\"><a target=\"_blank\" href=\"https:\/\/www.corosdecantabria.es\/wp-content\/uploads\/2022\/11\/vosogalo.pdf\">https:\/\/www.corosdecantabria.es\/wp-content\/uploads\/2022\/11\/vosogalo.pdf<\/a><\/td><td class=\"column-3\">M\u00daSICA POPULAR<\/td>\n<\/tr>\n<tr class=\"row-364\">\n\t<td class=\"column-1\">WANDERSC<\/td><td class=\"column-2\"><a target=\"_blank\" href=\"https:\/\/www.corosdecantabria.es\/wp-content\/uploads\/2022\/11\/wandersc.pdf\">https:\/\/www.corosdecantabria.es\/wp-content\/uploads\/2022\/11\/wandersc.pdf<\/a><\/td><td class=\"column-3\">M\u00daSICA POPULAR<\/td>\n<\/tr>\n<tr class=\"row-365\">\n\t<td class=\"column-1\">YALELIES<\/td><td class=\"column-2\"><a target=\"_blank\" href=\"https:\/\/www.corosdecantabria.es\/wp-content\/uploads\/2022\/11\/yalelies.pdf\">https:\/\/www.corosdecantabria.es\/wp-content\/uploads\/2022\/11\/yalelies.pdf<\/a><\/td><td class=\"column-3\">M\u00daSICA POPULAR<\/td>\n<\/tr>\n<tr class=\"row-366\">\n\t<td class=\"column-1\">ZORONGO<\/td><td class=\"column-2\"><a target=\"_blank\" href=\"https:\/\/www.corosdecantabria.es\/wp-content\/uploads\/2022\/11\/zorongo.pdf\">https:\/\/www.corosdecantabria.es\/wp-content\/uploads\/2022\/11\/zorongo.pdf<\/a><\/td><td class=\"column-3\">M\u00daSICA POPULAR<\/td>\n<\/tr>\n<tr class=\"row-367\">\n\t<td class=\"column-1\">ALEGRIA, ALEGRIA, ALEGRIA - Villancico<\/td><td class=\"column-2\"><a target=\"_blank\" href=\"https:\/\/www.corosdecantabria.es\/wp-content\/uploads\/2022\/11\/ALEGRIA-ALEGRIA-ALEGRIA-Villancico.pdf\">https:\/\/www.corosdecantabria.es\/wp-content\/uploads\/2022\/11\/ALEGRIA-ALEGRIA-ALEGRIA-Villancico.pdf<\/a><\/td><td class=\"column-3\">M\u00daSICA POPULAR<\/td>\n<\/tr>\n<tr class=\"row-368\">\n\t<td class=\"column-1\">AMALIA ROSA - Joropo<\/td><td class=\"column-2\"><a target=\"_blank\" href=\"https:\/\/www.corosdecantabria.es\/wp-content\/uploads\/2022\/11\/AMALIA-ROSA-Joropo.pdf\">https:\/\/www.corosdecantabria.es\/wp-content\/uploads\/2022\/11\/AMALIA-ROSA-Joropo.pdf<\/a><\/td><td class=\"column-3\">M\u00daSICA POPULAR<\/td>\n<\/tr>\n<tr class=\"row-369\">\n\t<td class=\"column-1\">DE CUBA PARA LA HABANA<\/td><td class=\"column-2\"><a target=\"_blank\" href=\"https:\/\/www.corosdecantabria.es\/wp-content\/uploads\/2022\/11\/DE-CUBA-PARA-LA-HABANA.pdf\">https:\/\/www.corosdecantabria.es\/wp-content\/uploads\/2022\/11\/DE-CUBA-PARA-LA-HABANA.pdf<\/a><\/td><td class=\"column-3\">M\u00daSICA POPULAR<\/td>\n<\/tr>\n<tr class=\"row-370\">\n\t<td class=\"column-1\">DESOLACIO\u0301N -bolero<\/td><td class=\"column-2\"><a target=\"_blank\" href=\"https:\/\/www.corosdecantabria.es\/wp-content\/uploads\/2022\/11\/DESOLACIO\u0301N-bolero.pdf\">https:\/\/www.corosdecantabria.es\/wp-content\/uploads\/2022\/11\/DESOLACIO\u0301N-bolero.pdf<\/a><\/td><td class=\"column-3\">M\u00daSICA POPULAR<\/td>\n<\/tr>\n<tr class=\"row-371\">\n\t<td class=\"column-1\">DULCE EMBELESO -Bolero<\/td><td class=\"column-2\"><a target=\"_blank\" href=\"https:\/\/www.corosdecantabria.es\/wp-content\/uploads\/2022\/11\/DULCE-EMBELESO-Bolero.pdf\">https:\/\/www.corosdecantabria.es\/wp-content\/uploads\/2022\/11\/DULCE-EMBELESO-Bolero.pdf<\/a><\/td><td class=\"column-3\">M\u00daSICA POPULAR<\/td>\n<\/tr>\n<tr class=\"row-372\">\n\t<td class=\"column-1\">EL ARROYO QUE MURMURA- Guajira<\/td><td class=\"column-2\"><a target=\"_blank\" href=\"https:\/\/www.corosdecantabria.es\/wp-content\/uploads\/2022\/11\/EL-ARROYO-QUE-MURMURA-Guajira.pdf\">https:\/\/www.corosdecantabria.es\/wp-content\/uploads\/2022\/11\/EL-ARROYO-QUE-MURMURA-Guajira.pdf<\/a><\/td><td class=\"column-3\">M\u00daSICA POPULAR<\/td>\n<\/tr>\n<tr class=\"row-373\">\n\t<td class=\"column-1\">EL BAILE -Asturias<\/td><td class=\"column-2\"><a target=\"_blank\" href=\"https:\/\/www.corosdecantabria.es\/wp-content\/uploads\/2022\/11\/EL-BAILE-Asturias.pdf\">https:\/\/www.corosdecantabria.es\/wp-content\/uploads\/2022\/11\/EL-BAILE-Asturias.pdf<\/a><\/td><td class=\"column-3\">M\u00daSICA POPULAR<\/td>\n<\/tr>\n<tr class=\"row-374\">\n\t<td class=\"column-1\">EL BAQUIANO - Portugal<\/td><td class=\"column-2\"><a target=\"_blank\" href=\"https:\/\/www.corosdecantabria.es\/wp-content\/uploads\/2022\/11\/EL-BAQUIANO-Portugal.pdf\">https:\/\/www.corosdecantabria.es\/wp-content\/uploads\/2022\/11\/EL-BAQUIANO-Portugal.pdf<\/a><\/td><td class=\"column-3\">M\u00daSICA POPULAR<\/td>\n<\/tr>\n<tr class=\"row-375\">\n\t<td class=\"column-1\">HAPPY DAY<\/td><td class=\"column-2\"><a target=\"_blank\" href=\"https:\/\/www.corosdecantabria.es\/wp-content\/uploads\/2022\/11\/HAPPY-DAY.pdf\">https:\/\/www.corosdecantabria.es\/wp-content\/uploads\/2022\/11\/HAPPY-DAY.pdf<\/a><\/td><td class=\"column-3\">M\u00daSICA POPULAR<\/td>\n<\/tr>\n<tr class=\"row-376\">\n\t<td class=\"column-1\">ISLAS CANARIAS- Pasodoble<\/td><td class=\"column-2\"><a target=\"_blank\" href=\"https:\/\/www.corosdecantabria.es\/wp-content\/uploads\/2022\/11\/ISLAS-CANARIAS-Pasodoble.pdf\">https:\/\/www.corosdecantabria.es\/wp-content\/uploads\/2022\/11\/ISLAS-CANARIAS-Pasodoble.pdf<\/a><\/td><td class=\"column-3\">M\u00daSICA POPULAR<\/td>\n<\/tr>\n<tr class=\"row-377\">\n\t<td class=\"column-1\">JOTA DE GUADALUPE- Extremadura<\/td><td class=\"column-2\"><a target=\"_blank\" href=\"https:\/\/www.corosdecantabria.es\/wp-content\/uploads\/2022\/11\/JOTA-DE-GUADALUPE-Extremadura.pdf\">https:\/\/www.corosdecantabria.es\/wp-content\/uploads\/2022\/11\/JOTA-DE-GUADALUPE-Extremadura.pdf<\/a><\/td><td class=\"column-3\">M\u00daSICA POPULAR<\/td>\n<\/tr>\n<tr class=\"row-378\">\n\t<td class=\"column-1\">JURAMENTO- Bolero<\/td><td class=\"column-2\"><a target=\"_blank\" href=\"https:\/\/www.corosdecantabria.es\/wp-content\/uploads\/2022\/11\/JURAMENTO-Bolero.pdf\">https:\/\/www.corosdecantabria.es\/wp-content\/uploads\/2022\/11\/JURAMENTO-Bolero.pdf<\/a><\/td><td class=\"column-3\">M\u00daSICA POPULAR<\/td>\n<\/tr>\n<tr class=\"row-379\">\n\t<td class=\"column-1\">LA CUCARACHA - Mexicana<\/td><td class=\"column-2\"><a target=\"_blank\" href=\"https:\/\/www.corosdecantabria.es\/wp-content\/uploads\/2022\/11\/LA-CUCARACHA-Mexicana.pdf\">https:\/\/www.corosdecantabria.es\/wp-content\/uploads\/2022\/11\/LA-CUCARACHA-Mexicana.pdf<\/a><\/td><td class=\"column-3\">M\u00daSICA POPULAR<\/td>\n<\/tr>\n<tr class=\"row-380\">\n\t<td class=\"column-1\">LA PERLA<\/td><td class=\"column-2\"><a target=\"_blank\" href=\"https:\/\/www.corosdecantabria.es\/wp-content\/uploads\/2022\/11\/LA-PERLA.pdf\">https:\/\/www.corosdecantabria.es\/wp-content\/uploads\/2022\/11\/LA-PERLA.pdf<\/a><\/td><td class=\"column-3\">M\u00daSICA POPULAR<\/td>\n<\/tr>\n<tr class=\"row-381\">\n\t<td class=\"column-1\">LA PLAYA<\/td><td class=\"column-2\"><a target=\"_blank\" href=\"https:\/\/www.corosdecantabria.es\/wp-content\/uploads\/2022\/11\/LA-PLAYA.pdf\">https:\/\/www.corosdecantabria.es\/wp-content\/uploads\/2022\/11\/LA-PLAYA.pdf<\/a><\/td><td class=\"column-3\">M\u00daSICA POPULAR<\/td>\n<\/tr>\n<tr class=\"row-382\">\n\t<td class=\"column-1\">LA TARDE -Bolero<\/td><td class=\"column-2\"><a target=\"_blank\" href=\"https:\/\/www.corosdecantabria.es\/wp-content\/uploads\/2022\/11\/LA-TARDE-Bolero.pdf\">https:\/\/www.corosdecantabria.es\/wp-content\/uploads\/2022\/11\/LA-TARDE-Bolero.pdf<\/a><\/td><td class=\"column-3\">M\u00daSICA POPULAR<\/td>\n<\/tr>\n<tr class=\"row-383\">\n\t<td class=\"column-1\">LA VIDITAY SAN LORENZO- Tonada Boliviana<\/td><td class=\"column-2\"><a target=\"_blank\" href=\"https:\/\/www.corosdecantabria.es\/wp-content\/uploads\/2022\/11\/LA-VIDITAY-SAN-LORENZO-Tonada-Boliviana.pdf\">https:\/\/www.corosdecantabria.es\/wp-content\/uploads\/2022\/11\/LA-VIDITAY-SAN-LORENZO-Tonada-Boliviana.pdf<\/a><\/td><td class=\"column-3\">M\u00daSICA POPULAR<\/td>\n<\/tr>\n<tr class=\"row-384\">\n\t<td class=\"column-1\">MAMAN EU QUERO - Brasil(censurada)<\/td><td class=\"column-2\"><a target=\"_blank\" href=\"https:\/\/www.corosdecantabria.es\/wp-content\/uploads\/2022\/11\/MAMAN-EU-QUERO-Brasilcensurada.pdf\">https:\/\/www.corosdecantabria.es\/wp-content\/uploads\/2022\/11\/MAMAN-EU-QUERO-Brasilcensurada.pdf<\/a><\/td><td class=\"column-3\">M\u00daSICA POPULAR<\/td>\n<\/tr>\n<tr class=\"row-385\">\n\t<td class=\"column-1\">MI VIEJO RIO<\/td><td class=\"column-2\"><a target=\"_blank\" href=\"https:\/\/www.corosdecantabria.es\/wp-content\/uploads\/2022\/11\/MI-VIEJO-RIO.pdf\">https:\/\/www.corosdecantabria.es\/wp-content\/uploads\/2022\/11\/MI-VIEJO-RIO.pdf<\/a><\/td><td class=\"column-3\">M\u00daSICA POPULAR<\/td>\n<\/tr>\n<tr class=\"row-386\">\n\t<td class=\"column-1\">OH, LUNA - Serenata<\/td><td class=\"column-2\"><a target=\"_blank\" href=\"https:\/\/www.corosdecantabria.es\/wp-content\/uploads\/2022\/11\/OH-LUNA-Serenata.pdf\">https:\/\/www.corosdecantabria.es\/wp-content\/uploads\/2022\/11\/OH-LUNA-Serenata.pdf<\/a><\/td><td class=\"column-3\">M\u00daSICA POPULAR<\/td>\n<\/tr>\n<tr class=\"row-387\">\n\t<td class=\"column-1\">Oh, luna<\/td><td class=\"column-2\"><a target=\"_blank\" href=\"https:\/\/www.corosdecantabria.es\/wp-content\/uploads\/2022\/11\/Oh-luna.pdf\">https:\/\/www.corosdecantabria.es\/wp-content\/uploads\/2022\/11\/Oh-luna.pdf<\/a><\/td><td class=\"column-3\">M\u00daSICA POPULAR<\/td>\n<\/tr>\n<tr class=\"row-388\">\n\t<td class=\"column-1\">OJOS BRUJOS- Criolla<\/td><td class=\"column-2\"><a target=\"_blank\" href=\"https:\/\/www.corosdecantabria.es\/wp-content\/uploads\/2022\/11\/OJOS-BRUJOS-Criolla.pdf\">https:\/\/www.corosdecantabria.es\/wp-content\/uploads\/2022\/11\/OJOS-BRUJOS-Criolla.pdf<\/a><\/td><td class=\"column-3\">M\u00daSICA POPULAR<\/td>\n<\/tr>\n<tr class=\"row-389\">\n\t<td class=\"column-1\">PREGUNTALE A LAS ESTRELLAS- Habanera<\/td><td class=\"column-2\"><a target=\"_blank\" href=\"https:\/\/www.corosdecantabria.es\/wp-content\/uploads\/2022\/11\/PREGUNTALE-A-LAS-ESTRELLAS-Habanera.pdf\">https:\/\/www.corosdecantabria.es\/wp-content\/uploads\/2022\/11\/PREGUNTALE-A-LAS-ESTRELLAS-Habanera.pdf<\/a><\/td><td class=\"column-3\">M\u00daSICA POPULAR<\/td>\n<\/tr>\n<tr class=\"row-390\">\n\t<td class=\"column-1\">RELOJ- Para voces graves<\/td><td class=\"column-2\"><a target=\"_blank\" href=\"https:\/\/www.corosdecantabria.es\/wp-content\/uploads\/2022\/11\/RELOJ-Para-voces-graves.pdf\">https:\/\/www.corosdecantabria.es\/wp-content\/uploads\/2022\/11\/RELOJ-Para-voces-graves.pdf<\/a><\/td><td class=\"column-3\">M\u00daSICA POPULAR<\/td>\n<\/tr>\n<tr class=\"row-391\">\n\t<td class=\"column-1\">TRISTE, MUY TRISTE - Bolero<\/td><td class=\"column-2\"><a target=\"_blank\" href=\"https:\/\/www.corosdecantabria.es\/wp-content\/uploads\/2022\/11\/TRISTE-MUY-TRISTE-Bolero.pdf\">https:\/\/www.corosdecantabria.es\/wp-content\/uploads\/2022\/11\/TRISTE-MUY-TRISTE-Bolero.pdf<\/a><\/td><td class=\"column-3\">M\u00daSICA POPULAR<\/td>\n<\/tr>\n<tr class=\"row-392\">\n\t<td class=\"column-1\">VIDALITA<\/td><td class=\"column-2\"><a target=\"_blank\" href=\"https:\/\/www.corosdecantabria.es\/wp-content\/uploads\/2022\/11\/VIDALITA.pdf\">https:\/\/www.corosdecantabria.es\/wp-content\/uploads\/2022\/11\/VIDALITA.pdf<\/a><\/td><td class=\"column-3\">M\u00daSICA POPULAR<\/td>\n<\/tr>\n<tr class=\"row-393\">\n\t<td class=\"column-1\">ZORONGO<\/td><td class=\"column-2\"><a target=\"_blank\" href=\"https:\/\/www.corosdecantabria.es\/wp-content\/uploads\/2022\/11\/ZORONGO.pdf\">https:\/\/www.corosdecantabria.es\/wp-content\/uploads\/2022\/11\/ZORONGO.pdf<\/a><\/td><td class=\"column-3\">M\u00daSICA POPULAR<\/td>\n<\/tr>\n<tr class=\"row-394\">\n\t<td class=\"column-1\">69 ERMITA<\/td><td class=\"column-2\"><a target=\"_blank\" href=\"https:\/\/www.corosdecantabria.es\/wp-content\/uploads\/2022\/11\/69ermita.pdf\">https:\/\/www.corosdecantabria.es\/wp-content\/uploads\/2022\/11\/69ermita.pdf<\/a><\/td><td class=\"column-3\">CANCIONERO S.XVI<\/td>\n<\/tr>\n<tr class=\"row-395\">\n\t<td class=\"column-1\">70 AYTRIS<\/td><td class=\"column-2\"><a target=\"_blank\" href=\"https:\/\/www.corosdecantabria.es\/wp-content\/uploads\/2022\/11\/70aytris.pdf\">https:\/\/www.corosdecantabria.es\/wp-content\/uploads\/2022\/11\/70aytris.pdf<\/a><\/td><td class=\"column-3\">CANCIONERO S.XVI<\/td>\n<\/tr>\n<tr class=\"row-396\">\n\t<td class=\"column-1\">72 AMADOR<\/td><td class=\"column-2\"><a target=\"_blank\" href=\"https:\/\/www.corosdecantabria.es\/wp-content\/uploads\/2022\/11\/71amador.pdf\">https:\/\/www.corosdecantabria.es\/wp-content\/uploads\/2022\/11\/71amador.pdf<\/a><\/td><td class=\"column-3\">CANCIONERO S.XVI<\/td>\n<\/tr>\n<tr class=\"row-397\">\n\t<td class=\"column-1\">72 BALDRE<\/td><td class=\"column-2\"><a target=\"_blank\" href=\"https:\/\/www.corosdecantabria.es\/wp-content\/uploads\/2022\/11\/72baldre.pdf\">https:\/\/www.corosdecantabria.es\/wp-content\/uploads\/2022\/11\/72baldre.pdf<\/a><\/td><td class=\"column-3\">CANCIONERO S.XVI<\/td>\n<\/tr>\n<tr class=\"row-398\">\n\t<td class=\"column-1\">A PELAYO<\/td><td class=\"column-2\"><a target=\"_blank\" href=\"https:\/\/www.corosdecantabria.es\/wp-content\/uploads\/2022\/11\/a_pelayo.pdf\">https:\/\/www.corosdecantabria.es\/wp-content\/uploads\/2022\/11\/a_pelayo.pdf<\/a><\/td><td class=\"column-3\">CANCIONERO S.XVI<\/td>\n<\/tr>\n<tr class=\"row-399\">\n\t<td class=\"column-1\">ALEGRIA<\/td><td class=\"column-2\"><a target=\"_blank\" href=\"https:\/\/www.corosdecantabria.es\/wp-content\/uploads\/2022\/11\/alegria.pdf\">https:\/\/www.corosdecantabria.es\/wp-content\/uploads\/2022\/11\/alegria.pdf<\/a><\/td><td class=\"column-3\">CANCIONERO S.XVI<\/td>\n<\/tr>\n<tr class=\"row-400\">\n\t<td class=\"column-1\">ALTREINA<\/td><td class=\"column-2\"><a target=\"_blank\" href=\"https:\/\/www.corosdecantabria.es\/wp-content\/uploads\/2022\/11\/altreina.pdf\">https:\/\/www.corosdecantabria.es\/wp-content\/uploads\/2022\/11\/altreina.pdf<\/a><\/td><td class=\"column-3\">CANCIONERO S.XVI<\/td>\n<\/tr>\n<tr class=\"row-401\">\n\t<td class=\"column-1\">AMORCF E<\/td><td class=\"column-2\"><a target=\"_blank\" href=\"https:\/\/www.corosdecantabria.es\/wp-content\/uploads\/2022\/11\/amorcf_e.pdf\">https:\/\/www.corosdecantabria.es\/wp-content\/uploads\/2022\/11\/amorcf_e.pdf<\/a><\/td><td class=\"column-3\">CANCIONERO S.XVI<\/td>\n<\/tr>\n<tr class=\"row-402\">\n\t<td class=\"column-1\">AMORES E<\/td><td class=\"column-2\"><a target=\"_blank\" href=\"https:\/\/www.corosdecantabria.es\/wp-content\/uploads\/2022\/11\/amores_e.pdf\">https:\/\/www.corosdecantabria.es\/wp-content\/uploads\/2022\/11\/amores_e.pdf<\/a><\/td><td class=\"column-3\">CANCIONERO S.XVI<\/td>\n<\/tr>\n<tr class=\"row-403\">\n\t<td class=\"column-1\">ATALPE E<\/td><td class=\"column-2\"><a target=\"_blank\" href=\"https:\/\/www.corosdecantabria.es\/wp-content\/uploads\/2022\/11\/atalpe_e.pdf\">https:\/\/www.corosdecantabria.es\/wp-content\/uploads\/2022\/11\/atalpe_e.pdf<\/a><\/td><td class=\"column-3\">CANCIONERO S.XVI<\/td>\n<\/tr>\n<tr class=\"row-404\">\n\t<td class=\"column-1\">CALDER E<\/td><td class=\"column-2\"><a target=\"_blank\" href=\"https:\/\/www.corosdecantabria.es\/wp-content\/uploads\/2022\/11\/calder_e.pdf\">https:\/\/www.corosdecantabria.es\/wp-content\/uploads\/2022\/11\/calder_e.pdf<\/a><\/td><td class=\"column-3\">CANCIONERO S.XVI<\/td>\n<\/tr>\n<tr class=\"row-405\">\n\t<td class=\"column-1\">CARILO E<\/td><td class=\"column-2\"><a target=\"_blank\" href=\"https:\/\/www.corosdecantabria.es\/wp-content\/uploads\/2022\/11\/carilo_e.pdf\">https:\/\/www.corosdecantabria.es\/wp-content\/uploads\/2022\/11\/carilo_e.pdf<\/a><\/td><td class=\"column-3\">CANCIONERO S.XVI<\/td>\n<\/tr>\n<tr class=\"row-406\">\n\t<td class=\"column-1\">CM PERRA<\/td><td class=\"column-2\"><a target=\"_blank\" href=\"https:\/\/www.corosdecantabria.es\/wp-content\/uploads\/2022\/11\/cm_perra.pdf\">https:\/\/www.corosdecantabria.es\/wp-content\/uploads\/2022\/11\/cm_perra.pdf<\/a><\/td><td class=\"column-3\">CANCIONERO S.XVI<\/td>\n<\/tr>\n<tr class=\"row-407\">\n\t<td class=\"column-1\">CP ADORA<\/td><td class=\"column-2\"><a target=\"_blank\" href=\"https:\/\/www.corosdecantabria.es\/wp-content\/uploads\/2022\/11\/cp_adora.pdf\">https:\/\/www.corosdecantabria.es\/wp-content\/uploads\/2022\/11\/cp_adora.pdf<\/a><\/td><td class=\"column-3\">CANCIONERO S.XVI<\/td>\n<\/tr>\n<tr class=\"row-408\">\n\t<td class=\"column-1\">CP AYLIN<\/td><td class=\"column-2\"><a target=\"_blank\" href=\"https:\/\/www.corosdecantabria.es\/wp-content\/uploads\/2022\/11\/cp_aylin.pdf\">https:\/\/www.corosdecantabria.es\/wp-content\/uploads\/2022\/11\/cp_aylin.pdf<\/a><\/td><td class=\"column-3\">CANCIONERO S.XVI<\/td>\n<\/tr>\n<tr class=\"row-409\">\n\t<td class=\"column-1\">CP DIRIN<\/td><td class=\"column-2\"><a target=\"_blank\" href=\"https:\/\/www.corosdecantabria.es\/wp-content\/uploads\/2022\/11\/cp_dirin.pdf\">https:\/\/www.corosdecantabria.es\/wp-content\/uploads\/2022\/11\/cp_dirin.pdf<\/a><\/td><td class=\"column-3\">CANCIONERO S.XVI<\/td>\n<\/tr>\n<tr class=\"row-410\">\n\t<td class=\"column-1\">CP ELSOL<\/td><td class=\"column-2\"><a target=\"_blank\" href=\"https:\/\/www.corosdecantabria.es\/wp-content\/uploads\/2022\/11\/cp_elsol.pdf\">https:\/\/www.corosdecantabria.es\/wp-content\/uploads\/2022\/11\/cp_elsol.pdf<\/a><\/td><td class=\"column-3\">CANCIONERO S.XVI<\/td>\n<\/tr>\n<tr class=\"row-411\">\n\t<td class=\"column-1\">CP FRACO<\/td><td class=\"column-2\"><a target=\"_blank\" href=\"https:\/\/www.corosdecantabria.es\/wp-content\/uploads\/2022\/11\/cp_fraco.pdf\">https:\/\/www.corosdecantabria.es\/wp-content\/uploads\/2022\/11\/cp_fraco.pdf<\/a><\/td><td class=\"column-3\">CANCIONERO S.XVI<\/td>\n<\/tr>\n<tr class=\"row-412\">\n\t<td class=\"column-1\">CP FRANC<\/td><td class=\"column-2\"><a target=\"_blank\" href=\"https:\/\/www.corosdecantabria.es\/wp-content\/uploads\/2022\/11\/cp_franc.pdf\">https:\/\/www.corosdecantabria.es\/wp-content\/uploads\/2022\/11\/cp_franc.pdf<\/a><\/td><td class=\"column-3\">CANCIONERO S.XVI<\/td>\n<\/tr>\n<tr class=\"row-413\">\n\t<td class=\"column-1\">CP MIMAL<\/td><td class=\"column-2\"><a target=\"_blank\" href=\"https:\/\/www.corosdecantabria.es\/wp-content\/uploads\/2022\/11\/cp_mimal.pdf\">https:\/\/www.corosdecantabria.es\/wp-content\/uploads\/2022\/11\/cp_mimal.pdf<\/a><\/td><td class=\"column-3\">CANCIONERO S.XVI<\/td>\n<\/tr>\n<tr class=\"row-414\">\n\t<td class=\"column-1\">CP MORIL<\/td><td class=\"column-2\"><a target=\"_blank\" href=\"https:\/\/www.corosdecantabria.es\/wp-content\/uploads\/2022\/11\/cp_moril.pdf\">https:\/\/www.corosdecantabria.es\/wp-content\/uploads\/2022\/11\/cp_moril.pdf<\/a><\/td><td class=\"column-3\">CANCIONERO S.XVI<\/td>\n<\/tr>\n<tr class=\"row-415\">\n\t<td class=\"column-1\">CP PENAS<\/td><td class=\"column-2\"><a target=\"_blank\" href=\"https:\/\/www.corosdecantabria.es\/wp-content\/uploads\/2022\/11\/cp_penas.pdf\">https:\/\/www.corosdecantabria.es\/wp-content\/uploads\/2022\/11\/cp_penas.pdf<\/a><\/td><td class=\"column-3\">CANCIONERO S.XVI<\/td>\n<\/tr>\n<tr class=\"row-416\">\n\t<td class=\"column-1\">CP SOMOS<\/td><td class=\"column-2\"><a target=\"_blank\" href=\"https:\/\/www.corosdecantabria.es\/wp-content\/uploads\/2022\/11\/cp_somos.pdf\">https:\/\/www.corosdecantabria.es\/wp-content\/uploads\/2022\/11\/cp_somos.pdf<\/a><\/td><td class=\"column-3\">CANCIONERO S.XVI<\/td>\n<\/tr>\n<tr class=\"row-417\">\n\t<td class=\"column-1\">CP TODMI<\/td><td class=\"column-2\"><a target=\"_blank\" href=\"https:\/\/www.corosdecantabria.es\/wp-content\/uploads\/2022\/11\/cp_todmi.pdf\">https:\/\/www.corosdecantabria.es\/wp-content\/uploads\/2022\/11\/cp_todmi.pdf<\/a><\/td><td class=\"column-3\">CANCIONERO S.XVI<\/td>\n<\/tr>\n<tr class=\"row-418\">\n\t<td class=\"column-1\">CP TRISTE<\/td><td class=\"column-2\"><a target=\"_blank\" href=\"https:\/\/www.corosdecantabria.es\/wp-content\/uploads\/2022\/11\/cp_triste.pdf\">https:\/\/www.corosdecantabria.es\/wp-content\/uploads\/2022\/11\/cp_triste.pdf<\/a><\/td><td class=\"column-3\">CANCIONERO S.XVI<\/td>\n<\/tr>\n<tr class=\"row-419\">\n\t<td class=\"column-1\">CU DORMI<\/td><td class=\"column-2\"><a target=\"_blank\" href=\"https:\/\/www.corosdecantabria.es\/wp-content\/uploads\/2022\/11\/cu_dormi.pdf\">https:\/\/www.corosdecantabria.es\/wp-content\/uploads\/2022\/11\/cu_dormi.pdf<\/a><\/td><td class=\"column-3\">CANCIONERO S.XVI<\/td>\n<\/tr>\n<tr class=\"row-420\">\n\t<td class=\"column-1\">CU GARCO<\/td><td class=\"column-2\"><a target=\"_blank\" href=\"https:\/\/www.corosdecantabria.es\/wp-content\/uploads\/2022\/11\/cu_garco.pdf\">https:\/\/www.corosdecantabria.es\/wp-content\/uploads\/2022\/11\/cu_garco.pdf<\/a><\/td><td class=\"column-3\">CANCIONERO S.XVI<\/td>\n<\/tr>\n<tr class=\"row-421\">\n\t<td class=\"column-1\">CU GOZAT<\/td><td class=\"column-2\"><a target=\"_blank\" href=\"https:\/\/www.corosdecantabria.es\/wp-content\/uploads\/2022\/11\/cu_gozat.pdf\">https:\/\/www.corosdecantabria.es\/wp-content\/uploads\/2022\/11\/cu_gozat.pdf<\/a><\/td><td class=\"column-3\">CANCIONERO S.XVI<\/td>\n<\/tr>\n<tr class=\"row-422\">\n\t<td class=\"column-1\">CU JUANI<\/td><td class=\"column-2\"><a target=\"_blank\" href=\"https:\/\/www.corosdecantabria.es\/wp-content\/uploads\/2022\/11\/cu_juani.pdf\">https:\/\/www.corosdecantabria.es\/wp-content\/uploads\/2022\/11\/cu_juani.pdf<\/a><\/td><td class=\"column-3\">CANCIONERO S.XVI<\/td>\n<\/tr>\n<tr class=\"row-423\">\n\t<td class=\"column-1\">CU LARGA<\/td><td class=\"column-2\"><a target=\"_blank\" href=\"https:\/\/www.corosdecantabria.es\/wp-content\/uploads\/2022\/11\/cu_larga.pdf\">https:\/\/www.corosdecantabria.es\/wp-content\/uploads\/2022\/11\/cu_larga.pdf<\/a><\/td><td class=\"column-3\">CANCIONERO S.XVI<\/td>\n<\/tr>\n<tr class=\"row-424\">\n\t<td class=\"column-1\">CU LAVAR<\/td><td class=\"column-2\"><a target=\"_blank\" href=\"https:\/\/www.corosdecantabria.es\/wp-content\/uploads\/2022\/11\/cu_lavar.pdf\">https:\/\/www.corosdecantabria.es\/wp-content\/uploads\/2022\/11\/cu_lavar.pdf<\/a><\/td><td class=\"column-3\">CANCIONERO S.XVI<\/td>\n<\/tr>\n<tr class=\"row-425\">\n\t<td class=\"column-1\">CU MESOY<\/td><td class=\"column-2\"><a target=\"_blank\" href=\"https:\/\/www.corosdecantabria.es\/wp-content\/uploads\/2022\/11\/cu_mesoy.pdf\">https:\/\/www.corosdecantabria.es\/wp-content\/uploads\/2022\/11\/cu_mesoy.pdf<\/a><\/td><td class=\"column-3\">CANCIONERO S.XVI<\/td>\n<\/tr>\n<tr class=\"row-426\">\n\t<td class=\"column-1\">CU NOSES<\/td><td class=\"column-2\"><a target=\"_blank\" href=\"https:\/\/www.corosdecantabria.es\/wp-content\/uploads\/2022\/11\/cu_noses.pdf\">https:\/\/www.corosdecantabria.es\/wp-content\/uploads\/2022\/11\/cu_noses.pdf<\/a><\/td><td class=\"column-3\">CANCIONERO S.XVI<\/td>\n<\/tr>\n<tr class=\"row-427\">\n\t<td class=\"column-1\">CU RICHI<\/td><td class=\"column-2\"><a target=\"_blank\" href=\"https:\/\/www.corosdecantabria.es\/wp-content\/uploads\/2022\/11\/cu_richi.pdf\">https:\/\/www.corosdecantabria.es\/wp-content\/uploads\/2022\/11\/cu_richi.pdf<\/a><\/td><td class=\"column-3\">CANCIONERO S.XVI<\/td>\n<\/tr>\n<tr class=\"row-428\">\n\t<td class=\"column-1\">CUCUCU E<\/td><td class=\"column-2\"><a target=\"_blank\" href=\"https:\/\/www.corosdecantabria.es\/wp-content\/uploads\/2022\/11\/cucucu_e.pdf\">https:\/\/www.corosdecantabria.es\/wp-content\/uploads\/2022\/11\/cucucu_e.pdf<\/a><\/td><td class=\"column-3\">CANCIONERO S.XVI<\/td>\n<\/tr>\n<tr class=\"row-429\">\n\t<td class=\"column-1\">DADMEAL<\/td><td class=\"column-2\"><a target=\"_blank\" href=\"https:\/\/www.corosdecantabria.es\/wp-content\/uploads\/2022\/11\/dadmeal.pdf\">https:\/\/www.corosdecantabria.es\/wp-content\/uploads\/2022\/11\/dadmeal.pdf<\/a><\/td><td class=\"column-3\">CANCIONERO S.XVI<\/td>\n<\/tr>\n<tr class=\"row-430\">\n\t<td class=\"column-1\">DIMETRIS<\/td><td class=\"column-2\"><a target=\"_blank\" href=\"https:\/\/www.corosdecantabria.es\/wp-content\/uploads\/2022\/11\/dimetris.pdf\">https:\/\/www.corosdecantabria.es\/wp-content\/uploads\/2022\/11\/dimetris.pdf<\/a><\/td><td class=\"column-3\">CANCIONERO S.XVI<\/td>\n<\/tr>\n<tr class=\"row-431\">\n\t<td class=\"column-1\">E LA DON<\/td><td class=\"column-2\"><a target=\"_blank\" href=\"https:\/\/www.corosdecantabria.es\/wp-content\/uploads\/2022\/11\/e_la_don.pdf\">https:\/\/www.corosdecantabria.es\/wp-content\/uploads\/2022\/11\/e_la_don.pdf<\/a><\/td><td class=\"column-3\">CANCIONERO S.XVI<\/td>\n<\/tr>\n<tr class=\"row-432\">\n\t<td class=\"column-1\">ESCALA E<\/td><td class=\"column-2\"><a target=\"_blank\" href=\"https:\/\/www.corosdecantabria.es\/wp-content\/uploads\/2022\/11\/escala_e.pdf\">https:\/\/www.corosdecantabria.es\/wp-content\/uploads\/2022\/11\/escala_e.pdf<\/a><\/td><td class=\"column-3\">CANCIONERO S.XVI<\/td>\n<\/tr>\n<tr class=\"row-433\">\n\t<td class=\"column-1\">FATAPA E<\/td><td class=\"column-2\"><a target=\"_blank\" href=\"https:\/\/www.corosdecantabria.es\/wp-content\/uploads\/2022\/11\/fatapa_e.pdf\">https:\/\/www.corosdecantabria.es\/wp-content\/uploads\/2022\/11\/fatapa_e.pdf<\/a><\/td><td class=\"column-3\">CANCIONERO S.XVI<\/td>\n<\/tr>\n<tr class=\"row-434\">\n\t<td class=\"column-1\">GRANGA E<\/td><td class=\"column-2\"><a target=\"_blank\" href=\"https:\/\/www.corosdecantabria.es\/wp-content\/uploads\/2022\/11\/granga_e.pdf\">https:\/\/www.corosdecantabria.es\/wp-content\/uploads\/2022\/11\/granga_e.pdf<\/a><\/td><td class=\"column-3\">CANCIONERO S.XVI<\/td>\n<\/tr>\n<tr class=\"row-435\">\n\t<td class=\"column-1\">HOYCOM E<\/td><td class=\"column-2\"><a target=\"_blank\" href=\"https:\/\/www.corosdecantabria.es\/wp-content\/uploads\/2022\/11\/hoycom_e.pdf\">https:\/\/www.corosdecantabria.es\/wp-content\/uploads\/2022\/11\/hoycom_e.pdf<\/a><\/td><td class=\"column-3\">CANCIONERO S.XVI<\/td>\n<\/tr>\n<tr class=\"row-436\">\n\t<td class=\"column-1\">HUZIA E<\/td><td class=\"column-2\"><a target=\"_blank\" href=\"https:\/\/www.corosdecantabria.es\/wp-content\/uploads\/2022\/11\/huzia_e.pdf\">https:\/\/www.corosdecantabria.es\/wp-content\/uploads\/2022\/11\/huzia_e.pdf<\/a><\/td><td class=\"column-3\">CANCIONERO S.XVI<\/td>\n<\/tr>\n<tr class=\"row-437\">\n\t<td class=\"column-1\">LAGRIMAS<\/td><td class=\"column-2\"><a target=\"_blank\" href=\"https:\/\/www.corosdecantabria.es\/wp-content\/uploads\/2022\/11\/lagrimas.pdf\">https:\/\/www.corosdecantabria.es\/wp-content\/uploads\/2022\/11\/lagrimas.pdf<\/a><\/td><td class=\"column-3\">CANCIONERO S.XVI<\/td>\n<\/tr>\n<tr class=\"row-438\">\n\t<td class=\"column-1\">LEVPAS E<\/td><td class=\"column-2\"><a target=\"_blank\" href=\"https:\/\/www.corosdecantabria.es\/wp-content\/uploads\/2022\/11\/levpas_e.pdf\">https:\/\/www.corosdecantabria.es\/wp-content\/uploads\/2022\/11\/levpas_e.pdf<\/a><\/td><td class=\"column-3\">CANCIONERO S.XVI<\/td>\n<\/tr>\n<tr class=\"row-439\">\n\t<td class=\"column-1\">LUNA QUE<\/td><td class=\"column-2\"><a target=\"_blank\" href=\"https:\/\/www.corosdecantabria.es\/wp-content\/uploads\/2022\/11\/luna_que.pdf\">https:\/\/www.corosdecantabria.es\/wp-content\/uploads\/2022\/11\/luna_que.pdf<\/a><\/td><td class=\"column-3\">CANCIONERO S.XVI<\/td>\n<\/tr>\n<tr class=\"row-440\">\n\t<td class=\"column-1\">MASQUI E<\/td><td class=\"column-2\"><a target=\"_blank\" href=\"https:\/\/www.corosdecantabria.es\/wp-content\/uploads\/2022\/11\/masqui_e.pdf\">https:\/\/www.corosdecantabria.es\/wp-content\/uploads\/2022\/11\/masqui_e.pdf<\/a><\/td><td class=\"column-3\">CANCIONERO S.XVI<\/td>\n<\/tr>\n<tr class=\"row-441\">\n\t<td class=\"column-1\">MILIBE E<\/td><td class=\"column-2\"><a target=\"_blank\" href=\"https:\/\/www.corosdecantabria.es\/wp-content\/uploads\/2022\/11\/milibe_e.pdf\">https:\/\/www.corosdecantabria.es\/wp-content\/uploads\/2022\/11\/milibe_e.pdf<\/a><\/td><td class=\"column-3\">CANCIONERO S.XVI<\/td>\n<\/tr>\n<tr class=\"row-442\">\n\t<td class=\"column-1\">MIQUERER<\/td><td class=\"column-2\"><a target=\"_blank\" href=\"https:\/\/www.corosdecantabria.es\/wp-content\/uploads\/2022\/11\/miquerer.pdf\">https:\/\/www.corosdecantabria.es\/wp-content\/uploads\/2022\/11\/miquerer.pdf<\/a><\/td><td class=\"column-3\">CANCIONERO S.XVI<\/td>\n<\/tr>\n<tr class=\"row-443\">\n\t<td class=\"column-1\">MORTAL E<\/td><td class=\"column-2\"><a target=\"_blank\" href=\"https:\/\/www.corosdecantabria.es\/wp-content\/uploads\/2022\/11\/mortal_e.pdf\">https:\/\/www.corosdecantabria.es\/wp-content\/uploads\/2022\/11\/mortal_e.pdf<\/a><\/td><td class=\"column-3\">CANCIONERO S.XVI<\/td>\n<\/tr>\n<tr class=\"row-444\">\n\t<td class=\"column-1\">NINGUN E<\/td><td class=\"column-2\"><a target=\"_blank\" href=\"https:\/\/www.corosdecantabria.es\/wp-content\/uploads\/2022\/11\/ningun_e.pdf\">https:\/\/www.corosdecantabria.es\/wp-content\/uploads\/2022\/11\/ningun_e.pdf<\/a><\/td><td class=\"column-3\">CANCIONERO S.XVI<\/td>\n<\/tr>\n<tr class=\"row-445\">\n\t<td class=\"column-1\">NONQUI E<\/td><td class=\"column-2\"><a target=\"_blank\" href=\"https:\/\/www.corosdecantabria.es\/wp-content\/uploads\/2022\/11\/nonqui_e.pdf\">https:\/\/www.corosdecantabria.es\/wp-content\/uploads\/2022\/11\/nonqui_e.pdf<\/a><\/td><td class=\"column-3\">CANCIONERO S.XVI<\/td>\n<\/tr>\n<tr class=\"row-446\">\n\t<td class=\"column-1\">NUEVAS E<\/td><td class=\"column-2\"><a target=\"_blank\" href=\"https:\/\/www.corosdecantabria.es\/wp-content\/uploads\/2022\/11\/nuevas_e.pdf\">https:\/\/www.corosdecantabria.es\/wp-content\/uploads\/2022\/11\/nuevas_e.pdf<\/a><\/td><td class=\"column-3\">CANCIONERO S.XVI<\/td>\n<\/tr>\n<tr class=\"row-447\">\n\t<td class=\"column-1\">OREYES E<\/td><td class=\"column-2\"><a target=\"_blank\" href=\"https:\/\/www.corosdecantabria.es\/wp-content\/uploads\/2022\/11\/oreyes_e.pdf\">https:\/\/www.corosdecantabria.es\/wp-content\/uploads\/2022\/11\/oreyes_e.pdf<\/a><\/td><td class=\"column-3\">CANCIONERO S.XVI<\/td>\n<\/tr>\n<tr class=\"row-448\">\n\t<td class=\"column-1\">PESAME E<\/td><td class=\"column-2\"><a target=\"_blank\" href=\"https:\/\/www.corosdecantabria.es\/wp-content\/uploads\/2022\/11\/pesame_e.pdf\">https:\/\/www.corosdecantabria.es\/wp-content\/uploads\/2022\/11\/pesame_e.pdf<\/a><\/td><td class=\"column-3\">CANCIONERO S.XVI<\/td>\n<\/tr>\n<tr class=\"row-449\">\n\t<td class=\"column-1\">PORMUY E<\/td><td class=\"column-2\"><a target=\"_blank\" href=\"https:\/\/www.corosdecantabria.es\/wp-content\/uploads\/2022\/11\/pormuy_e.pdf\">https:\/\/www.corosdecantabria.es\/wp-content\/uploads\/2022\/11\/pormuy_e.pdf<\/a><\/td><td class=\"column-3\">CANCIONERO S.XVI<\/td>\n<\/tr>\n<tr class=\"row-450\">\n\t<td class=\"column-1\">PUERTOSA<\/td><td class=\"column-2\"><a target=\"_blank\" href=\"https:\/\/www.corosdecantabria.es\/wp-content\/uploads\/2022\/11\/puertosa.pdf\">https:\/\/www.corosdecantabria.es\/wp-content\/uploads\/2022\/11\/puertosa.pdf<\/a><\/td><td class=\"column-3\">CANCIONERO S.XVI<\/td>\n<\/tr>\n<tr class=\"row-451\">\n\t<td class=\"column-1\">PUESMI E<\/td><td class=\"column-2\"><a target=\"_blank\" href=\"https:\/\/www.corosdecantabria.es\/wp-content\/uploads\/2022\/11\/puesmi_e.pdf\">https:\/\/www.corosdecantabria.es\/wp-content\/uploads\/2022\/11\/puesmi_e.pdf<\/a><\/td><td class=\"column-3\">CANCIONERO S.XVI<\/td>\n<\/tr>\n<tr class=\"row-452\">\n\t<td class=\"column-1\">PUESNO E<\/td><td class=\"column-2\"><a target=\"_blank\" href=\"https:\/\/www.corosdecantabria.es\/wp-content\/uploads\/2022\/11\/puesno_e.pdf\">https:\/\/www.corosdecantabria.es\/wp-content\/uploads\/2022\/11\/puesno_e.pdf<\/a><\/td><td class=\"column-3\">CANCIONERO S.XVI<\/td>\n<\/tr>\n<tr class=\"row-453\">\n\t<td class=\"column-1\">PUESQU E<\/td><td class=\"column-2\"><a target=\"_blank\" href=\"https:\/\/www.corosdecantabria.es\/wp-content\/uploads\/2022\/11\/puesqu_e.pdf\">https:\/\/www.corosdecantabria.es\/wp-content\/uploads\/2022\/11\/puesqu_e.pdf<\/a><\/td><td class=\"column-3\">CANCIONERO S.XVI<\/td>\n<\/tr>\n<tr class=\"row-454\">\n\t<td class=\"column-1\">QUE ANSI<\/td><td class=\"column-2\"><a target=\"_blank\" href=\"https:\/\/www.corosdecantabria.es\/wp-content\/uploads\/2022\/11\/que_ansi.pdf\">https:\/\/www.corosdecantabria.es\/wp-content\/uploads\/2022\/11\/que_ansi.pdf<\/a><\/td><td class=\"column-3\">CANCIONERO S.XVI<\/td>\n<\/tr>\n<tr class=\"row-455\">\n\t<td class=\"column-1\">QUE BONI<\/td><td class=\"column-2\"><a target=\"_blank\" href=\"https:\/\/www.corosdecantabria.es\/wp-content\/uploads\/2022\/11\/que_boni.pdf\">https:\/\/www.corosdecantabria.es\/wp-content\/uploads\/2022\/11\/que_boni.pdf<\/a><\/td><td class=\"column-3\">CANCIONERO S.XVI<\/td>\n<\/tr>\n<tr class=\"row-456\">\n\t<td class=\"column-1\">RAZONQ E<\/td><td class=\"column-2\"><a target=\"_blank\" href=\"https:\/\/www.corosdecantabria.es\/wp-content\/uploads\/2022\/11\/razonq_e.pdf\">https:\/\/www.corosdecantabria.es\/wp-content\/uploads\/2022\/11\/razonq_e.pdf<\/a><\/td><td class=\"column-3\">CANCIONERO S.XVI<\/td>\n<\/tr>\n<tr class=\"row-457\">\n\t<td class=\"column-1\">REINA E<\/td><td class=\"column-2\"><a target=\"_blank\" href=\"https:\/\/www.corosdecantabria.es\/wp-content\/uploads\/2022\/11\/reina_e.pdf\">https:\/\/www.corosdecantabria.es\/wp-content\/uploads\/2022\/11\/reina_e.pdf<\/a><\/td><td class=\"column-3\">CANCIONERO S.XVI<\/td>\n<\/tr>\n<tr class=\"row-458\">\n\t<td class=\"column-1\">SANOSA E<\/td><td class=\"column-2\"><a target=\"_blank\" href=\"https:\/\/www.corosdecantabria.es\/wp-content\/uploads\/2022\/11\/sanosa_e.pdf\">https:\/\/www.corosdecantabria.es\/wp-content\/uploads\/2022\/11\/sanosa_e.pdf<\/a><\/td><td class=\"column-3\">CANCIONERO S.XVI<\/td>\n<\/tr>\n<tr class=\"row-459\">\n\t<td class=\"column-1\">SEORA E<\/td><td class=\"column-2\"><a target=\"_blank\" href=\"https:\/\/www.corosdecantabria.es\/wp-content\/uploads\/2022\/11\/seF1ora_e.pdf\">https:\/\/www.corosdecantabria.es\/wp-content\/uploads\/2022\/11\/seF1ora_e.pdf<\/a><\/td><td class=\"column-3\">CANCIONERO S.XVI<\/td>\n<\/tr>\n<tr class=\"row-460\">\n\t<td class=\"column-1\">SOENCINA<\/td><td class=\"column-2\"><a target=\"_blank\" href=\"https:\/\/www.corosdecantabria.es\/wp-content\/uploads\/2022\/11\/soencina.pdf\">https:\/\/www.corosdecantabria.es\/wp-content\/uploads\/2022\/11\/soencina.pdf<\/a><\/td><td class=\"column-3\">CANCIONERO S.XVI<\/td>\n<\/tr>\n<tr class=\"row-461\">\n\t<td class=\"column-1\">SOSPIR E<\/td><td class=\"column-2\"><a target=\"_blank\" href=\"https:\/\/www.corosdecantabria.es\/wp-content\/uploads\/2022\/11\/sospir_e.pdf\">https:\/\/www.corosdecantabria.es\/wp-content\/uploads\/2022\/11\/sospir_e.pdf<\/a><\/td><td class=\"column-3\">CANCIONERO S.XVI<\/td>\n<\/tr>\n<tr class=\"row-462\">\n\t<td class=\"column-1\">SOYSERRA<\/td><td class=\"column-2\"><a target=\"_blank\" href=\"https:\/\/www.corosdecantabria.es\/wp-content\/uploads\/2022\/11\/soyserra.pdf\">https:\/\/www.corosdecantabria.es\/wp-content\/uploads\/2022\/11\/soyserra.pdf<\/a><\/td><td class=\"column-3\">CANCIONERO S.XVI<\/td>\n<\/tr>\n<tr class=\"row-463\">\n\t<td class=\"column-1\">TAN MALA<\/td><td class=\"column-2\"><a target=\"_blank\" href=\"https:\/\/www.corosdecantabria.es\/wp-content\/uploads\/2022\/11\/tan_mala.pdf\">https:\/\/www.corosdecantabria.es\/wp-content\/uploads\/2022\/11\/tan_mala.pdf<\/a><\/td><td class=\"column-3\">CANCIONERO S.XVI<\/td>\n<\/tr>\n<tr class=\"row-464\">\n\t<td class=\"column-1\">TANBUE E<\/td><td class=\"column-2\"><a target=\"_blank\" href=\"https:\/\/www.corosdecantabria.es\/wp-content\/uploads\/2022\/11\/tanbue_e.pdf\">https:\/\/www.corosdecantabria.es\/wp-content\/uploads\/2022\/11\/tanbue_e.pdf<\/a><\/td><td class=\"column-3\">CANCIONERO S.XVI<\/td>\n<\/tr>\n<tr class=\"row-465\">\n\t<td class=\"column-1\">TODOSL E<\/td><td class=\"column-2\"><a target=\"_blank\" href=\"https:\/\/www.corosdecantabria.es\/wp-content\/uploads\/2022\/11\/todosl_e.pdf\">https:\/\/www.corosdecantabria.es\/wp-content\/uploads\/2022\/11\/todosl_e.pdf<\/a><\/td><td class=\"column-3\">CANCIONERO S.XVI<\/td>\n<\/tr>\n<tr class=\"row-466\">\n\t<td class=\"column-1\">TRAXO E<\/td><td class=\"column-2\"><a target=\"_blank\" href=\"https:\/\/www.corosdecantabria.es\/wp-content\/uploads\/2022\/11\/traxo_e.pdf\">https:\/\/www.corosdecantabria.es\/wp-content\/uploads\/2022\/11\/traxo_e.pdf<\/a><\/td><td class=\"column-3\">CANCIONERO S.XVI<\/td>\n<\/tr>\n<tr class=\"row-467\">\n\t<td class=\"column-1\">TRISTE E<\/td><td class=\"column-2\"><a target=\"_blank\" href=\"https:\/\/www.corosdecantabria.es\/wp-content\/uploads\/2022\/11\/triste_e.pdf\">https:\/\/www.corosdecantabria.es\/wp-content\/uploads\/2022\/11\/triste_e.pdf<\/a><\/td><td class=\"column-3\">CANCIONERO S.XVI<\/td>\n<\/tr>\n<tr class=\"row-468\">\n\t<td class=\"column-1\">TROCAR E<\/td><td class=\"column-2\"><a target=\"_blank\" href=\"https:\/\/www.corosdecantabria.es\/wp-content\/uploads\/2022\/11\/trocar_e.pdf\">https:\/\/www.corosdecantabria.es\/wp-content\/uploads\/2022\/11\/trocar_e.pdf<\/a><\/td><td class=\"column-3\">CANCIONERO S.XVI<\/td>\n<\/tr>\n<tr class=\"row-469\">\n\t<td class=\"column-1\">VERBUFAC<\/td><td class=\"column-2\"><a target=\"_blank\" href=\"https:\/\/www.corosdecantabria.es\/wp-content\/uploads\/2022\/11\/verbufac.pdf\">https:\/\/www.corosdecantabria.es\/wp-content\/uploads\/2022\/11\/verbufac.pdf<\/a><\/td><td class=\"column-3\">CANCIONERO S.XVI<\/td>\n<\/tr>\n<tr class=\"row-470\">\n\t<td class=\"column-1\">VIRGENBE<\/td><td class=\"column-2\"><a target=\"_blank\" href=\"https:\/\/www.corosdecantabria.es\/wp-content\/uploads\/2022\/11\/virgenbe.pdf\">https:\/\/www.corosdecantabria.es\/wp-content\/uploads\/2022\/11\/virgenbe.pdf<\/a><\/td><td class=\"column-3\">CANCIONERO S.XVI<\/td>\n<\/tr>\n<tr class=\"row-471\">\n\t<td class=\"column-1\">YANUNC E<\/td><td class=\"column-2\"><a target=\"_blank\" href=\"https:\/\/www.corosdecantabria.es\/wp-content\/uploads\/2022\/11\/yanunc_e.pdf\">https:\/\/www.corosdecantabria.es\/wp-content\/uploads\/2022\/11\/yanunc_e.pdf<\/a><\/td><td class=\"column-3\">CANCIONERO S.XVI<\/td>\n<\/tr>\n<tr class=\"row-472\">\n\t<td class=\"column-1\">YOMEST E<\/td><td class=\"column-2\"><a target=\"_blank\" href=\"https:\/\/www.corosdecantabria.es\/wp-content\/uploads\/2022\/11\/yomest_e.pdf\">https:\/\/www.corosdecantabria.es\/wp-content\/uploads\/2022\/11\/yomest_e.pdf<\/a><\/td><td class=\"column-3\">CANCIONERO S.XVI<\/td>\n<\/tr>\n<tr class=\"row-473\">\n\t<td class=\"column-1\">A ESTRELA<\/td><td class=\"column-2\"><a target=\"_blank\" href=\"https:\/\/www.corosdecantabria.es\/wp-content\/uploads\/2022\/11\/A-ESTRELA.pdf\">https:\/\/www.corosdecantabria.es\/wp-content\/uploads\/2022\/11\/A-ESTRELA.pdf<\/a><\/td><td class=\"column-3\">M\u00daSICA POPULAR GALLEGA<\/td>\n<\/tr>\n<tr class=\"row-474\">\n\t<td class=\"column-1\">A LA FUENTE DEL OLIVO<\/td><td class=\"column-2\"><a target=\"_blank\" href=\"https:\/\/www.corosdecantabria.es\/wp-content\/uploads\/2022\/11\/A-LA-FUENTE-DEL-OLIVO.pdf\">https:\/\/www.corosdecantabria.es\/wp-content\/uploads\/2022\/11\/A-LA-FUENTE-DEL-OLIVO.pdf<\/a><\/td><td class=\"column-3\">M\u00daSICA POPULAR GALLEGA<\/td>\n<\/tr>\n<tr class=\"row-475\">\n\t<td class=\"column-1\">A LA HORA NONA<\/td><td class=\"column-2\"><a target=\"_blank\" href=\"https:\/\/www.corosdecantabria.es\/wp-content\/uploads\/2022\/11\/A-LA-HORA-NONA.pdf\">https:\/\/www.corosdecantabria.es\/wp-content\/uploads\/2022\/11\/A-LA-HORA-NONA.pdf<\/a><\/td><td class=\"column-3\">M\u00daSICA POPULAR GALLEGA<\/td>\n<\/tr>\n<tr class=\"row-476\">\n\t<td class=\"column-1\">A LA RILLA DEL RIO<\/td><td class=\"column-2\"><a target=\"_blank\" href=\"https:\/\/www.corosdecantabria.es\/wp-content\/uploads\/2022\/11\/A-LA-RILLA-DEL-RIO.pdf\">https:\/\/www.corosdecantabria.es\/wp-content\/uploads\/2022\/11\/A-LA-RILLA-DEL-RIO.pdf<\/a><\/td><td class=\"column-3\">M\u00daSICA POPULAR GALLEGA<\/td>\n<\/tr>\n<tr class=\"row-477\">\n\t<td class=\"column-1\">A NENA NA FONTE<\/td><td class=\"column-2\"><a target=\"_blank\" href=\"https:\/\/www.corosdecantabria.es\/wp-content\/uploads\/2022\/11\/A-NENA-NA-FONTE.pdf\">https:\/\/www.corosdecantabria.es\/wp-content\/uploads\/2022\/11\/A-NENA-NA-FONTE.pdf<\/a><\/td><td class=\"column-3\">M\u00daSICA POPULAR GALLEGA<\/td>\n<\/tr>\n<tr class=\"row-478\">\n\t<td class=\"column-1\">A ROSALIA<\/td><td class=\"column-2\"><a target=\"_blank\" href=\"https:\/\/www.corosdecantabria.es\/wp-content\/uploads\/2022\/11\/A-ROSALIA.pdf\">https:\/\/www.corosdecantabria.es\/wp-content\/uploads\/2022\/11\/A-ROSALIA.pdf<\/a><\/td><td class=\"column-3\">M\u00daSICA POPULAR GALLEGA<\/td>\n<\/tr>\n<tr class=\"row-479\">\n\t<td class=\"column-1\">ABEIRA 0DO LUME<\/td><td class=\"column-2\"><a target=\"_blank\" href=\"https:\/\/www.corosdecantabria.es\/wp-content\/uploads\/2022\/11\/ABEIRA-0DO-LUME.pdf\">https:\/\/www.corosdecantabria.es\/wp-content\/uploads\/2022\/11\/ABEIRA-0DO-LUME.pdf<\/a><\/td><td class=\"column-3\">M\u00daSICA POPULAR GALLEGA<\/td>\n<\/tr>\n<tr class=\"row-480\">\n\t<td class=\"column-1\">ADELITA<\/td><td class=\"column-2\"><a target=\"_blank\" href=\"https:\/\/www.corosdecantabria.es\/wp-content\/uploads\/2022\/11\/ADELITA.pdf\">https:\/\/www.corosdecantabria.es\/wp-content\/uploads\/2022\/11\/ADELITA.pdf<\/a><\/td><td class=\"column-3\">M\u00daSICA POPULAR GALLEGA<\/td>\n<\/tr>\n<tr class=\"row-481\">\n\t<td class=\"column-1\">AGUINALDO<\/td><td class=\"column-2\"><a target=\"_blank\" href=\"https:\/\/www.corosdecantabria.es\/wp-content\/uploads\/2022\/11\/AGUINALDO.pdf\">https:\/\/www.corosdecantabria.es\/wp-content\/uploads\/2022\/11\/AGUINALDO.pdf<\/a><\/td><td class=\"column-3\">M\u00daSICA POPULAR GALLEGA<\/td>\n<\/tr>\n<tr class=\"row-482\">\n\t<td class=\"column-1\">AHORA<\/td><td class=\"column-2\"><a target=\"_blank\" href=\"https:\/\/www.corosdecantabria.es\/wp-content\/uploads\/2022\/11\/Ahora.pdf\">https:\/\/www.corosdecantabria.es\/wp-content\/uploads\/2022\/11\/Ahora.pdf<\/a><\/td><td class=\"column-3\">M\u00daSICA POPULAR GALLEGA<\/td>\n<\/tr>\n<tr class=\"row-483\">\n\t<td class=\"column-1\">ALGA QUISIERA SER<\/td><td class=\"column-2\"><a target=\"_blank\" href=\"https:\/\/www.corosdecantabria.es\/wp-content\/uploads\/2022\/11\/ALGA-QUISIERA-SER.pdf\">https:\/\/www.corosdecantabria.es\/wp-content\/uploads\/2022\/11\/ALGA-QUISIERA-SER.pdf<\/a><\/td><td class=\"column-3\">M\u00daSICA POPULAR GALLEGA<\/td>\n<\/tr>\n<tr class=\"row-484\">\n\t<td class=\"column-1\">AMANECE<\/td><td class=\"column-2\"><a target=\"_blank\" href=\"https:\/\/www.corosdecantabria.es\/wp-content\/uploads\/2022\/11\/AMANECE.pdf\">https:\/\/www.corosdecantabria.es\/wp-content\/uploads\/2022\/11\/AMANECE.pdf<\/a><\/td><td class=\"column-3\">M\u00daSICA POPULAR GALLEGA<\/td>\n<\/tr>\n<tr class=\"row-485\">\n\t<td class=\"column-1\">AMIGO<\/td><td class=\"column-2\"><a target=\"_blank\" href=\"https:\/\/www.corosdecantabria.es\/wp-content\/uploads\/2022\/11\/AMIGO.pdf\">https:\/\/www.corosdecantabria.es\/wp-content\/uploads\/2022\/11\/AMIGO.pdf<\/a><\/td><td class=\"column-3\">M\u00daSICA POPULAR GALLEGA<\/td>\n<\/tr>\n<tr class=\"row-486\">\n\t<td class=\"column-1\">AMOR COMPARTIDO REY RIVERO<\/td><td class=\"column-2\"><a target=\"_blank\" href=\"https:\/\/www.corosdecantabria.es\/wp-content\/uploads\/2022\/11\/AMOR-COMPARTIDO-Rey-Rivero.pdf\">https:\/\/www.corosdecantabria.es\/wp-content\/uploads\/2022\/11\/AMOR-COMPARTIDO-Rey-Rivero.pdf<\/a><\/td><td class=\"column-3\">M\u00daSICA POPULAR GALLEGA<\/td>\n<\/tr>\n<tr class=\"row-487\">\n\t<td class=\"column-1\">ANSIEDAD VOCES BLANCAS<\/td><td class=\"column-2\"><a target=\"_blank\" href=\"https:\/\/www.corosdecantabria.es\/wp-content\/uploads\/2022\/11\/ansiedad-voces-blancas.pdf\">https:\/\/www.corosdecantabria.es\/wp-content\/uploads\/2022\/11\/ansiedad-voces-blancas.pdf<\/a><\/td><td class=\"column-3\">M\u00daSICA POPULAR GALLEGA<\/td>\n<\/tr>\n<tr class=\"row-488\">\n\t<td class=\"column-1\">AS CAMPAS DA IGRESIA JAVIER DOMINGUEZ<\/td><td class=\"column-2\"><a target=\"_blank\" href=\"https:\/\/www.corosdecantabria.es\/wp-content\/uploads\/2022\/11\/AS-CAMPAS-DA-IGRESIA-Javier-Dominguez-.pdf\">https:\/\/www.corosdecantabria.es\/wp-content\/uploads\/2022\/11\/AS-CAMPAS-DA-IGRESIA-Javier-Dominguez-.pdf<\/a><\/td><td class=\"column-3\">M\u00daSICA POPULAR GALLEGA<\/td>\n<\/tr>\n<tr class=\"row-489\">\n\t<td class=\"column-1\">AUSENCIA<\/td><td class=\"column-2\"><a target=\"_blank\" href=\"https:\/\/www.corosdecantabria.es\/wp-content\/uploads\/2022\/11\/Ausencia.pdf\">https:\/\/www.corosdecantabria.es\/wp-content\/uploads\/2022\/11\/Ausencia.pdf<\/a><\/td><td class=\"column-3\">M\u00daSICA POPULAR GALLEGA<\/td>\n<\/tr>\n<tr class=\"row-490\">\n\t<td class=\"column-1\">BICOS DE CORAL<\/td><td class=\"column-2\"><a target=\"_blank\" href=\"https:\/\/www.corosdecantabria.es\/wp-content\/uploads\/2022\/11\/BICOS-DE-CORAL.pdf\">https:\/\/www.corosdecantabria.es\/wp-content\/uploads\/2022\/11\/BICOS-DE-CORAL.pdf<\/a><\/td><td class=\"column-3\">M\u00daSICA POPULAR GALLEGA<\/td>\n<\/tr>\n<tr class=\"row-491\">\n\t<td class=\"column-1\">BOLBORETAS DE NEVE<\/td><td class=\"column-2\"><a target=\"_blank\" href=\"https:\/\/www.corosdecantabria.es\/wp-content\/uploads\/2022\/11\/BOLBORETAS-DE-NEVE.pdf\">https:\/\/www.corosdecantabria.es\/wp-content\/uploads\/2022\/11\/BOLBORETAS-DE-NEVE.pdf<\/a><\/td><td class=\"column-3\">M\u00daSICA POPULAR GALLEGA<\/td>\n<\/tr>\n<tr class=\"row-492\">\n\t<td class=\"column-1\">BONSOIR<\/td><td class=\"column-2\"><a target=\"_blank\" href=\"https:\/\/www.corosdecantabria.es\/wp-content\/uploads\/2022\/11\/BONSOIR.pdf\">https:\/\/www.corosdecantabria.es\/wp-content\/uploads\/2022\/11\/BONSOIR.pdf<\/a><\/td><td class=\"column-3\">M\u00daSICA POPULAR GALLEGA<\/td>\n<\/tr>\n<tr class=\"row-493\">\n\t<td class=\"column-1\">CAMINANTE VELLO<\/td><td class=\"column-2\"><a target=\"_blank\" href=\"https:\/\/www.corosdecantabria.es\/wp-content\/uploads\/2022\/11\/CAMINANTE-VELLO.pdf\">https:\/\/www.corosdecantabria.es\/wp-content\/uploads\/2022\/11\/CAMINANTE-VELLO.pdf<\/a><\/td><td class=\"column-3\">M\u00daSICA POPULAR GALLEGA<\/td>\n<\/tr>\n<tr class=\"row-494\">\n\t<td class=\"column-1\">CAMINEMOS MARTINS BLASCO<\/td><td class=\"column-2\"><a target=\"_blank\" href=\"https:\/\/www.corosdecantabria.es\/wp-content\/uploads\/2022\/11\/CAMINEMOS-Martins-Blasco.pdf\">https:\/\/www.corosdecantabria.es\/wp-content\/uploads\/2022\/11\/CAMINEMOS-Martins-Blasco.pdf<\/a><\/td><td class=\"column-3\">M\u00daSICA POPULAR GALLEGA<\/td>\n<\/tr>\n<tr class=\"row-495\">\n\t<td class=\"column-1\">CAMPANA CHOCA<\/td><td class=\"column-2\"><a target=\"_blank\" href=\"https:\/\/www.corosdecantabria.es\/wp-content\/uploads\/2022\/11\/CAMPANA-CHOCA.pdf\">https:\/\/www.corosdecantabria.es\/wp-content\/uploads\/2022\/11\/CAMPANA-CHOCA.pdf<\/a><\/td><td class=\"column-3\">M\u00daSICA POPULAR GALLEGA<\/td>\n<\/tr>\n<tr class=\"row-496\">\n\t<td class=\"column-1\">CANTIGA DA CANIZA JAUNSARAS<\/td><td class=\"column-2\"><a target=\"_blank\" href=\"https:\/\/www.corosdecantabria.es\/wp-content\/uploads\/2022\/11\/CANTIGA-DA-CANIZA-Jaunsaras-.pdf\">https:\/\/www.corosdecantabria.es\/wp-content\/uploads\/2022\/11\/CANTIGA-DA-CANIZA-Jaunsaras-.pdf<\/a><\/td><td class=\"column-3\">M\u00daSICA POPULAR GALLEGA<\/td>\n<\/tr>\n<tr class=\"row-497\">\n\t<td class=\"column-1\">CANTIGA DE MARIN<\/td><td class=\"column-2\"><a target=\"_blank\" href=\"https:\/\/www.corosdecantabria.es\/wp-content\/uploads\/2022\/11\/CANTIGA-DE-MARIN.pdf\">https:\/\/www.corosdecantabria.es\/wp-content\/uploads\/2022\/11\/CANTIGA-DE-MARIN.pdf<\/a><\/td><td class=\"column-3\">M\u00daSICA POPULAR GALLEGA<\/td>\n<\/tr>\n<tr class=\"row-498\">\n\t<td class=\"column-1\">CANTIGA DO INVERNO<\/td><td class=\"column-2\"><a target=\"_blank\" href=\"https:\/\/www.corosdecantabria.es\/wp-content\/uploads\/2022\/11\/CANTIGA-DO-INVERNO.pdf\">https:\/\/www.corosdecantabria.es\/wp-content\/uploads\/2022\/11\/CANTIGA-DO-INVERNO.pdf<\/a><\/td><td class=\"column-3\">M\u00daSICA POPULAR GALLEGA<\/td>\n<\/tr>\n<tr class=\"row-499\">\n\t<td class=\"column-1\">CANTIGA DO OUTONO<\/td><td class=\"column-2\"><a target=\"_blank\" href=\"https:\/\/www.corosdecantabria.es\/wp-content\/uploads\/2022\/11\/CANTIGA-DO-OUTONO.pdf\">https:\/\/www.corosdecantabria.es\/wp-content\/uploads\/2022\/11\/CANTIGA-DO-OUTONO.pdf<\/a><\/td><td class=\"column-3\">M\u00daSICA POPULAR GALLEGA<\/td>\n<\/tr>\n<tr class=\"row-500\">\n\t<td class=\"column-1\">CANTO A LA VIRGEN<\/td><td class=\"column-2\"><a target=\"_blank\" href=\"https:\/\/www.corosdecantabria.es\/wp-content\/uploads\/2022\/11\/CANTO-A-LA-VIRGEN.pdf\">https:\/\/www.corosdecantabria.es\/wp-content\/uploads\/2022\/11\/CANTO-A-LA-VIRGEN.pdf<\/a><\/td><td class=\"column-3\">M\u00daSICA POPULAR GALLEGA<\/td>\n<\/tr>\n<tr class=\"row-501\">\n\t<td class=\"column-1\">CAPULLITO DE ALELI<\/td><td class=\"column-2\"><a target=\"_blank\" href=\"https:\/\/www.corosdecantabria.es\/wp-content\/uploads\/2022\/11\/CAPULLITO-DE-ALELI.pdf\">https:\/\/www.corosdecantabria.es\/wp-content\/uploads\/2022\/11\/CAPULLITO-DE-ALELI.pdf<\/a><\/td><td class=\"column-3\">M\u00daSICA POPULAR GALLEGA<\/td>\n<\/tr>\n<tr class=\"row-502\">\n\t<td class=\"column-1\">CARAVELES<\/td><td class=\"column-2\"><a target=\"_blank\" href=\"https:\/\/www.corosdecantabria.es\/wp-content\/uploads\/2022\/11\/CARAVELES.pdf\">https:\/\/www.corosdecantabria.es\/wp-content\/uploads\/2022\/11\/CARAVELES.pdf<\/a><\/td><td class=\"column-3\">M\u00daSICA POPULAR GALLEGA<\/td>\n<\/tr>\n<tr class=\"row-503\">\n\t<td class=\"column-1\">CHOVE<\/td><td class=\"column-2\"><a target=\"_blank\" href=\"https:\/\/www.corosdecantabria.es\/wp-content\/uploads\/2022\/11\/CHOVE.pdf\">https:\/\/www.corosdecantabria.es\/wp-content\/uploads\/2022\/11\/CHOVE.pdf<\/a><\/td><td class=\"column-3\">M\u00daSICA POPULAR GALLEGA<\/td>\n<\/tr>\n<tr class=\"row-504\">\n\t<td class=\"column-1\">COMO CHOVE<\/td><td class=\"column-2\"><a target=\"_blank\" href=\"https:\/\/www.corosdecantabria.es\/wp-content\/uploads\/2022\/11\/COMO-CHOVE.pdf\">https:\/\/www.corosdecantabria.es\/wp-content\/uploads\/2022\/11\/COMO-CHOVE.pdf<\/a><\/td><td class=\"column-3\">M\u00daSICA POPULAR GALLEGA<\/td>\n<\/tr>\n<tr class=\"row-505\">\n\t<td class=\"column-1\">COMO EL ROCIO<\/td><td class=\"column-2\"><a target=\"_blank\" href=\"https:\/\/www.corosdecantabria.es\/wp-content\/uploads\/2022\/11\/como-el-rocio.pdf\">https:\/\/www.corosdecantabria.es\/wp-content\/uploads\/2022\/11\/como-el-rocio.pdf<\/a><\/td><td class=\"column-3\">M\u00daSICA POPULAR GALLEGA<\/td>\n<\/tr>\n<tr class=\"row-506\">\n\t<td class=\"column-1\">CONSOLO<\/td><td class=\"column-2\"><a target=\"_blank\" href=\"https:\/\/www.corosdecantabria.es\/wp-content\/uploads\/2022\/11\/CONSOLO.pdf\">https:\/\/www.corosdecantabria.es\/wp-content\/uploads\/2022\/11\/CONSOLO.pdf<\/a><\/td><td class=\"column-3\">M\u00daSICA POPULAR GALLEGA<\/td>\n<\/tr>\n<tr class=\"row-507\">\n\t<td class=\"column-1\">CUANDO DE FLORES<\/td><td class=\"column-2\"><a target=\"_blank\" href=\"https:\/\/www.corosdecantabria.es\/wp-content\/uploads\/2022\/11\/CUANDO-DE-FLORES.pdf\">https:\/\/www.corosdecantabria.es\/wp-content\/uploads\/2022\/11\/CUANDO-DE-FLORES.pdf<\/a><\/td><td class=\"column-3\">M\u00daSICA POPULAR GALLEGA<\/td>\n<\/tr>\n<tr class=\"row-508\">\n\t<td class=\"column-1\">CUANDO ME QUIERAS<\/td><td class=\"column-2\"><a target=\"_blank\" href=\"https:\/\/www.corosdecantabria.es\/wp-content\/uploads\/2022\/11\/Cuando-me-quieras.pdf\">https:\/\/www.corosdecantabria.es\/wp-content\/uploads\/2022\/11\/Cuando-me-quieras.pdf<\/a><\/td><td class=\"column-3\">M\u00daSICA POPULAR GALLEGA<\/td>\n<\/tr>\n<tr class=\"row-509\">\n\t<td class=\"column-1\">CUANTO MAS<\/td><td class=\"column-2\"><a target=\"_blank\" href=\"https:\/\/www.corosdecantabria.es\/wp-content\/uploads\/2022\/11\/CUANTO-MAS.pdf\">https:\/\/www.corosdecantabria.es\/wp-content\/uploads\/2022\/11\/CUANTO-MAS.pdf<\/a><\/td><td class=\"column-3\">M\u00daSICA POPULAR GALLEGA<\/td>\n<\/tr>\n<tr class=\"row-510\">\n\t<td class=\"column-1\">DE BALDE CARVAJAL<\/td><td class=\"column-2\"><a target=\"_blank\" href=\"https:\/\/www.corosdecantabria.es\/wp-content\/uploads\/2022\/11\/DE-BALDE-CARVAJAL-.pdf\">https:\/\/www.corosdecantabria.es\/wp-content\/uploads\/2022\/11\/DE-BALDE-CARVAJAL-.pdf<\/a><\/td><td class=\"column-3\">M\u00daSICA POPULAR GALLEGA<\/td>\n<\/tr>\n<tr class=\"row-511\">\n\t<td class=\"column-1\">DE BALDE OLIVEIRA<\/td><td class=\"column-2\"><a target=\"_blank\" href=\"https:\/\/www.corosdecantabria.es\/wp-content\/uploads\/2022\/11\/DE-BALDE-OLIVEIRA-.pdf\">https:\/\/www.corosdecantabria.es\/wp-content\/uploads\/2022\/11\/DE-BALDE-OLIVEIRA-.pdf<\/a><\/td><td class=\"column-3\">M\u00daSICA POPULAR GALLEGA<\/td>\n<\/tr>\n<tr class=\"row-512\">\n\t<td class=\"column-1\">DESDES<\/td><td class=\"column-2\"><a target=\"_blank\" href=\"https:\/\/www.corosdecantabria.es\/wp-content\/uploads\/2022\/11\/DESDES.pdf\">https:\/\/www.corosdecantabria.es\/wp-content\/uploads\/2022\/11\/DESDES.pdf<\/a><\/td><td class=\"column-3\">M\u00daSICA POPULAR GALLEGA<\/td>\n<\/tr>\n<tr class=\"row-513\">\n\t<td class=\"column-1\">DESESPERANZA CORAL<\/td><td class=\"column-2\"><a target=\"_blank\" href=\"https:\/\/www.corosdecantabria.es\/wp-content\/uploads\/2022\/11\/Desesperanza-coral.pdf\">https:\/\/www.corosdecantabria.es\/wp-content\/uploads\/2022\/11\/Desesperanza-coral.pdf<\/a><\/td><td class=\"column-3\">M\u00daSICA POPULAR GALLEGA<\/td>\n<\/tr>\n<tr class=\"row-514\">\n\t<td class=\"column-1\">DIES EST LETTIAE<\/td><td class=\"column-2\"><a target=\"_blank\" href=\"https:\/\/www.corosdecantabria.es\/wp-content\/uploads\/2022\/11\/DIES-EST-LETTIAE.pdf\">https:\/\/www.corosdecantabria.es\/wp-content\/uploads\/2022\/11\/DIES-EST-LETTIAE.pdf<\/a><\/td><td class=\"column-3\">M\u00daSICA POPULAR GALLEGA<\/td>\n<\/tr>\n<tr class=\"row-515\">\n\t<td class=\"column-1\">DOS CORAZONES<\/td><td class=\"column-2\"><a target=\"_blank\" href=\"https:\/\/www.corosdecantabria.es\/wp-content\/uploads\/2022\/11\/Dos-Corazones.pdf\">https:\/\/www.corosdecantabria.es\/wp-content\/uploads\/2022\/11\/Dos-Corazones.pdf<\/a><\/td><td class=\"column-3\">M\u00daSICA POPULAR GALLEGA<\/td>\n<\/tr>\n<tr class=\"row-516\">\n\t<td class=\"column-1\">DURME MEU BEN<\/td><td class=\"column-2\"><a target=\"_blank\" href=\"https:\/\/www.corosdecantabria.es\/wp-content\/uploads\/2022\/11\/DURME-MEU-BEN.pdf\">https:\/\/www.corosdecantabria.es\/wp-content\/uploads\/2022\/11\/DURME-MEU-BEN.pdf<\/a><\/td><td class=\"column-3\">M\u00daSICA POPULAR GALLEGA<\/td>\n<\/tr>\n<tr class=\"row-517\">\n\t<td class=\"column-1\">EL DIABLO SUELTO<\/td><td class=\"column-2\"><a target=\"_blank\" href=\"https:\/\/www.corosdecantabria.es\/wp-content\/uploads\/2022\/11\/EL-DIABLO-SUELTO.pdf\">https:\/\/www.corosdecantabria.es\/wp-content\/uploads\/2022\/11\/EL-DIABLO-SUELTO.pdf<\/a><\/td><td class=\"column-3\">M\u00daSICA POPULAR GALLEGA<\/td>\n<\/tr>\n<tr class=\"row-518\">\n\t<td class=\"column-1\">EL ESPANTO CORO MIXTO<\/td><td class=\"column-2\"><a target=\"_blank\" href=\"https:\/\/www.corosdecantabria.es\/wp-content\/uploads\/2022\/11\/El-Espanto-Coro-Mixto.pdf\">https:\/\/www.corosdecantabria.es\/wp-content\/uploads\/2022\/11\/El-Espanto-Coro-Mixto.pdf<\/a><\/td><td class=\"column-3\">M\u00daSICA POPULAR GALLEGA<\/td>\n<\/tr>\n<tr class=\"row-519\">\n\t<td class=\"column-1\">ERA UN ARINO SOAVE<\/td><td class=\"column-2\"><a target=\"_blank\" href=\"https:\/\/www.corosdecantabria.es\/wp-content\/uploads\/2022\/11\/ERA-UN-ARINO-SOAVE.pdf\">https:\/\/www.corosdecantabria.es\/wp-content\/uploads\/2022\/11\/ERA-UN-ARINO-SOAVE.pdf<\/a><\/td><td class=\"column-3\">M\u00daSICA POPULAR GALLEGA<\/td>\n<\/tr>\n<tr class=\"row-520\">\n\t<td class=\"column-1\">ERIPE ME<\/td><td class=\"column-2\"><a target=\"_blank\" href=\"https:\/\/www.corosdecantabria.es\/wp-content\/uploads\/2022\/11\/ERIPE-ME.pdf\">https:\/\/www.corosdecantabria.es\/wp-content\/uploads\/2022\/11\/ERIPE-ME.pdf<\/a><\/td><td class=\"column-3\">M\u00daSICA POPULAR GALLEGA<\/td>\n<\/tr>\n<tr class=\"row-521\">\n\t<td class=\"column-1\">ESPLENDIDA NOCHE<\/td><td class=\"column-2\"><a target=\"_blank\" href=\"https:\/\/www.corosdecantabria.es\/wp-content\/uploads\/2022\/11\/Esplendida-Noche.pdf\">https:\/\/www.corosdecantabria.es\/wp-content\/uploads\/2022\/11\/Esplendida-Noche.pdf<\/a><\/td><td class=\"column-3\">M\u00daSICA POPULAR GALLEGA<\/td>\n<\/tr>\n<tr class=\"row-522\">\n\t<td class=\"column-1\">ESTA TIERRA<\/td><td class=\"column-2\"><a target=\"_blank\" href=\"https:\/\/www.corosdecantabria.es\/wp-content\/uploads\/2022\/11\/ESTA-TIERRA.pdf\">https:\/\/www.corosdecantabria.es\/wp-content\/uploads\/2022\/11\/ESTA-TIERRA.pdf<\/a><\/td><td class=\"column-3\">M\u00daSICA POPULAR GALLEGA<\/td>\n<\/tr>\n<tr class=\"row-523\">\n\t<td class=\"column-1\">ESTAMPA<\/td><td class=\"column-2\"><a target=\"_blank\" href=\"https:\/\/www.corosdecantabria.es\/wp-content\/uploads\/2022\/11\/ESTAMPA.pdf\">https:\/\/www.corosdecantabria.es\/wp-content\/uploads\/2022\/11\/ESTAMPA.pdf<\/a><\/td><td class=\"column-3\">M\u00daSICA POPULAR GALLEGA<\/td>\n<\/tr>\n<tr class=\"row-524\">\n\t<td class=\"column-1\">ESTRELLA DEL MAR<\/td><td class=\"column-2\"><a target=\"_blank\" href=\"https:\/\/www.corosdecantabria.es\/wp-content\/uploads\/2022\/11\/ESTRELLA-DEL-MAR.pdf\">https:\/\/www.corosdecantabria.es\/wp-content\/uploads\/2022\/11\/ESTRELLA-DEL-MAR.pdf<\/a><\/td><td class=\"column-3\">M\u00daSICA POPULAR GALLEGA<\/td>\n<\/tr>\n<tr class=\"row-525\">\n\t<td class=\"column-1\">FATA LA PARTE<\/td><td class=\"column-2\"><a target=\"_blank\" href=\"https:\/\/www.corosdecantabria.es\/wp-content\/uploads\/2022\/11\/FATA-LA-PARTE.pdf\">https:\/\/www.corosdecantabria.es\/wp-content\/uploads\/2022\/11\/FATA-LA-PARTE.pdf<\/a><\/td><td class=\"column-3\">M\u00daSICA POPULAR GALLEGA<\/td>\n<\/tr>\n<tr class=\"row-526\">\n\t<td class=\"column-1\">FLOR TROPICAL<\/td><td class=\"column-2\"><a target=\"_blank\" href=\"https:\/\/www.corosdecantabria.es\/wp-content\/uploads\/2022\/11\/FLOR-TROPICAL.pdf\">https:\/\/www.corosdecantabria.es\/wp-content\/uploads\/2022\/11\/FLOR-TROPICAL.pdf<\/a><\/td><td class=\"column-3\">M\u00daSICA POPULAR GALLEGA<\/td>\n<\/tr>\n<tr class=\"row-527\">\n\t<td class=\"column-1\">FROL DO ROMEO<\/td><td class=\"column-2\"><a target=\"_blank\" href=\"https:\/\/www.corosdecantabria.es\/wp-content\/uploads\/2022\/11\/FROL-DO-ROMEO.pdf\">https:\/\/www.corosdecantabria.es\/wp-content\/uploads\/2022\/11\/FROL-DO-ROMEO.pdf<\/a><\/td><td class=\"column-3\">M\u00daSICA POPULAR GALLEGA<\/td>\n<\/tr>\n<tr class=\"row-528\">\n\t<td class=\"column-1\">FROL VENTUREIRA<\/td><td class=\"column-2\"><a target=\"_blank\" href=\"https:\/\/www.corosdecantabria.es\/wp-content\/uploads\/2022\/11\/FROL-VENTUREIRA.pdf\">https:\/\/www.corosdecantabria.es\/wp-content\/uploads\/2022\/11\/FROL-VENTUREIRA.pdf<\/a><\/td><td class=\"column-3\">M\u00daSICA POPULAR GALLEGA<\/td>\n<\/tr>\n<tr class=\"row-529\">\n\t<td class=\"column-1\">FROLES DOURO<\/td><td class=\"column-2\"><a target=\"_blank\" href=\"https:\/\/www.corosdecantabria.es\/wp-content\/uploads\/2022\/11\/FROLES-DOURO.pdf\">https:\/\/www.corosdecantabria.es\/wp-content\/uploads\/2022\/11\/FROLES-DOURO.pdf<\/a><\/td><td class=\"column-3\">M\u00daSICA POPULAR GALLEGA<\/td>\n<\/tr>\n<tr class=\"row-530\">\n\t<td class=\"column-1\">GERUSALEM<\/td><td class=\"column-2\"><a target=\"_blank\" href=\"https:\/\/www.corosdecantabria.es\/wp-content\/uploads\/2022\/11\/GERUSALEM.pdf\">https:\/\/www.corosdecantabria.es\/wp-content\/uploads\/2022\/11\/GERUSALEM.pdf<\/a><\/td><td class=\"column-3\">M\u00daSICA POPULAR GALLEGA<\/td>\n<\/tr>\n<tr class=\"row-531\">\n\t<td class=\"column-1\">GIGANTES Y CABEZUDOS CORO DE REPATRIADOS<\/td><td class=\"column-2\"><a target=\"_blank\" href=\"https:\/\/www.corosdecantabria.es\/wp-content\/uploads\/2022\/11\/GIGANTES-Y-CABEZUDOS-Coro-de-repatriados-.pdf\">https:\/\/www.corosdecantabria.es\/wp-content\/uploads\/2022\/11\/GIGANTES-Y-CABEZUDOS-Coro-de-repatriados-.pdf<\/a><\/td><td class=\"column-3\">M\u00daSICA POPULAR GALLEGA<\/td>\n<\/tr>\n<tr class=\"row-532\">\n\t<td class=\"column-1\">HABANERA DON GIL DE ALCALA<\/td><td class=\"column-2\"><a target=\"_blank\" href=\"https:\/\/www.corosdecantabria.es\/wp-content\/uploads\/2022\/11\/HABANERA-Don-Gil-de-Alcala-.pdf\">https:\/\/www.corosdecantabria.es\/wp-content\/uploads\/2022\/11\/HABANERA-Don-Gil-de-Alcala-.pdf<\/a><\/td><td class=\"column-3\">M\u00daSICA POPULAR GALLEGA<\/td>\n<\/tr>\n<tr class=\"row-533\">\n\t<td class=\"column-1\">HERMOSA HABANERA<\/td><td class=\"column-2\"><a target=\"_blank\" href=\"https:\/\/www.corosdecantabria.es\/wp-content\/uploads\/2022\/11\/HERMOSA-Habanera-.pdf\">https:\/\/www.corosdecantabria.es\/wp-content\/uploads\/2022\/11\/HERMOSA-Habanera-.pdf<\/a><\/td><td class=\"column-3\">M\u00daSICA POPULAR GALLEGA<\/td>\n<\/tr>\n<tr class=\"row-534\">\n\t<td class=\"column-1\">HIMNO GALEGO<\/td><td class=\"column-2\"><a target=\"_blank\" href=\"https:\/\/www.corosdecantabria.es\/wp-content\/uploads\/2022\/11\/HIMNO-GALEGO.pdf\">https:\/\/www.corosdecantabria.es\/wp-content\/uploads\/2022\/11\/HIMNO-GALEGO.pdf<\/a><\/td><td class=\"column-3\">M\u00daSICA POPULAR GALLEGA<\/td>\n<\/tr>\n<tr class=\"row-535\">\n\t<td class=\"column-1\">IN NOTTE PLACIDA<\/td><td class=\"column-2\"><a target=\"_blank\" href=\"https:\/\/www.corosdecantabria.es\/wp-content\/uploads\/2022\/11\/IN-NOTTE-PLACIDA.pdf\">https:\/\/www.corosdecantabria.es\/wp-content\/uploads\/2022\/11\/IN-NOTTE-PLACIDA.pdf<\/a><\/td><td class=\"column-3\">M\u00daSICA POPULAR GALLEGA<\/td>\n<\/tr>\n<tr class=\"row-536\">\n\t<td class=\"column-1\">JUANA Y JOSE<\/td><td class=\"column-2\"><a target=\"_blank\" href=\"https:\/\/www.corosdecantabria.es\/wp-content\/uploads\/2022\/11\/Juana-y-Jose.pdf\">https:\/\/www.corosdecantabria.es\/wp-content\/uploads\/2022\/11\/Juana-y-Jose.pdf<\/a><\/td><td class=\"column-3\">M\u00daSICA POPULAR GALLEGA<\/td>\n<\/tr>\n<tr class=\"row-537\">\n\t<td class=\"column-1\">LA CAMPANA<\/td><td class=\"column-2\"><a target=\"_blank\" href=\"https:\/\/www.corosdecantabria.es\/wp-content\/uploads\/2022\/11\/LA-CAMPANA.pdf\">https:\/\/www.corosdecantabria.es\/wp-content\/uploads\/2022\/11\/LA-CAMPANA.pdf<\/a><\/td><td class=\"column-3\">M\u00daSICA POPULAR GALLEGA<\/td>\n<\/tr>\n<tr class=\"row-538\">\n\t<td class=\"column-1\">LA GOLONDRINA<\/td><td class=\"column-2\"><a target=\"_blank\" href=\"https:\/\/www.corosdecantabria.es\/wp-content\/uploads\/2022\/11\/LA-GOLONDRINA.pdf\">https:\/\/www.corosdecantabria.es\/wp-content\/uploads\/2022\/11\/LA-GOLONDRINA.pdf<\/a><\/td><td class=\"column-3\">M\u00daSICA POPULAR GALLEGA<\/td>\n<\/tr>\n<tr class=\"row-539\">\n\t<td class=\"column-1\">LA JORNADA VOCES MIXTAS<\/td><td class=\"column-2\"><a target=\"_blank\" href=\"https:\/\/www.corosdecantabria.es\/wp-content\/uploads\/2022\/11\/La-Jornada-voces-mixtas.pdf\">https:\/\/www.corosdecantabria.es\/wp-content\/uploads\/2022\/11\/La-Jornada-voces-mixtas.pdf<\/a><\/td><td class=\"column-3\">M\u00daSICA POPULAR GALLEGA<\/td>\n<\/tr>\n<tr class=\"row-540\">\n\t<td class=\"column-1\">LA NEGRA DOROTEA<\/td><td class=\"column-2\"><a target=\"_blank\" href=\"https:\/\/www.corosdecantabria.es\/wp-content\/uploads\/2022\/11\/La-Negra-Dorotea.pdf\">https:\/\/www.corosdecantabria.es\/wp-content\/uploads\/2022\/11\/La-Negra-Dorotea.pdf<\/a><\/td><td class=\"column-3\">M\u00daSICA POPULAR GALLEGA<\/td>\n<\/tr>\n<tr class=\"row-541\">\n\t<td class=\"column-1\">LA NUIT<\/td><td class=\"column-2\"><a target=\"_blank\" href=\"https:\/\/www.corosdecantabria.es\/wp-content\/uploads\/2022\/11\/LA-NUIT.pdf\">https:\/\/www.corosdecantabria.es\/wp-content\/uploads\/2022\/11\/LA-NUIT.pdf<\/a><\/td><td class=\"column-3\">M\u00daSICA POPULAR GALLEGA<\/td>\n<\/tr>\n<tr class=\"row-542\">\n\t<td class=\"column-1\">LA PARRANDA<\/td><td class=\"column-2\"><a target=\"_blank\" href=\"https:\/\/www.corosdecantabria.es\/wp-content\/uploads\/2022\/11\/LA-PARRANDA.pdf\">https:\/\/www.corosdecantabria.es\/wp-content\/uploads\/2022\/11\/LA-PARRANDA.pdf<\/a><\/td><td class=\"column-3\">M\u00daSICA POPULAR GALLEGA<\/td>\n<\/tr>\n<tr class=\"row-543\">\n\t<td class=\"column-1\">LA PERLA<\/td><td class=\"column-2\"><a target=\"_blank\" href=\"https:\/\/www.corosdecantabria.es\/wp-content\/uploads\/2022\/11\/LA-PERLA-1.pdf\">https:\/\/www.corosdecantabria.es\/wp-content\/uploads\/2022\/11\/LA-PERLA-1.pdf<\/a><\/td><td class=\"column-3\">M\u00daSICA POPULAR GALLEGA<\/td>\n<\/tr>\n<tr class=\"row-544\">\n\t<td class=\"column-1\">LA PUERCA SUAREZ<\/td><td class=\"column-2\"><a target=\"_blank\" href=\"https:\/\/www.corosdecantabria.es\/wp-content\/uploads\/2022\/11\/la-puerca-Suarez.pdf\">https:\/\/www.corosdecantabria.es\/wp-content\/uploads\/2022\/11\/la-puerca-Suarez.pdf<\/a><\/td><td class=\"column-3\">M\u00daSICA POPULAR GALLEGA<\/td>\n<\/tr>\n<tr class=\"row-545\">\n\t<td class=\"column-1\">LA TRUCHA<\/td><td class=\"column-2\"><a target=\"_blank\" href=\"https:\/\/www.corosdecantabria.es\/wp-content\/uploads\/2022\/11\/LA-TRUCHA.pdf\">https:\/\/www.corosdecantabria.es\/wp-content\/uploads\/2022\/11\/LA-TRUCHA.pdf<\/a><\/td><td class=\"column-3\">M\u00daSICA POPULAR GALLEGA<\/td>\n<\/tr>\n<tr class=\"row-546\">\n\t<td class=\"column-1\">LA VALENTINA<\/td><td class=\"column-2\"><a target=\"_blank\" href=\"https:\/\/www.corosdecantabria.es\/wp-content\/uploads\/2022\/11\/LA-VALENTINA.pdf\">https:\/\/www.corosdecantabria.es\/wp-content\/uploads\/2022\/11\/LA-VALENTINA.pdf<\/a><\/td><td class=\"column-3\">M\u00daSICA POPULAR GALLEGA<\/td>\n<\/tr>\n<tr class=\"row-547\">\n\t<td class=\"column-1\">LA ZARANDA<\/td><td class=\"column-2\"><a target=\"_blank\" href=\"https:\/\/www.corosdecantabria.es\/wp-content\/uploads\/2022\/11\/La-Zaranda.pdf\">https:\/\/www.corosdecantabria.es\/wp-content\/uploads\/2022\/11\/La-Zaranda.pdf<\/a><\/td><td class=\"column-3\">M\u00daSICA POPULAR GALLEGA<\/td>\n<\/tr>\n<tr class=\"row-548\">\n\t<td class=\"column-1\">LAS CUATRO PALOMAS<\/td><td class=\"column-2\"><a target=\"_blank\" href=\"https:\/\/www.corosdecantabria.es\/wp-content\/uploads\/2022\/11\/LAS-CUATRO-PALOMAS.pdf\">https:\/\/www.corosdecantabria.es\/wp-content\/uploads\/2022\/11\/LAS-CUATRO-PALOMAS.pdf<\/a><\/td><td class=\"column-3\">M\u00daSICA POPULAR GALLEGA<\/td>\n<\/tr>\n<tr class=\"row-549\">\n\t<td class=\"column-1\">LAS MIRADAS DE TUS OJOS<\/td><td class=\"column-2\"><a target=\"_blank\" href=\"https:\/\/www.corosdecantabria.es\/wp-content\/uploads\/2022\/11\/LAS-MIRADAS-DE-TUS-OJOS.pdf\">https:\/\/www.corosdecantabria.es\/wp-content\/uploads\/2022\/11\/LAS-MIRADAS-DE-TUS-OJOS.pdf<\/a><\/td><td class=\"column-3\">M\u00daSICA POPULAR GALLEGA<\/td>\n<\/tr>\n<tr class=\"row-550\">\n\t<td class=\"column-1\">LAS TRES PUNTAS THORNO<\/td><td class=\"column-2\"><a target=\"_blank\" href=\"https:\/\/www.corosdecantabria.es\/wp-content\/uploads\/2022\/11\/LAS-TRES-PUNTAS-Thorno-.pdf\">https:\/\/www.corosdecantabria.es\/wp-content\/uploads\/2022\/11\/LAS-TRES-PUNTAS-Thorno-.pdf<\/a><\/td><td class=\"column-3\">M\u00daSICA POPULAR GALLEGA<\/td>\n<\/tr>\n<tr class=\"row-551\">\n\t<td class=\"column-1\">LEVANTA PASCUAL LEVANTA<\/td><td class=\"column-2\"><a target=\"_blank\" href=\"https:\/\/www.corosdecantabria.es\/wp-content\/uploads\/2022\/11\/LEVANTA-PASCUAL-LEVANTA.pdf\">https:\/\/www.corosdecantabria.es\/wp-content\/uploads\/2022\/11\/LEVANTA-PASCUAL-LEVANTA.pdf<\/a><\/td><td class=\"column-3\">M\u00daSICA POPULAR GALLEGA<\/td>\n<\/tr>\n<tr class=\"row-552\">\n\t<td class=\"column-1\">LIRIO DEL ALBA<\/td><td class=\"column-2\"><a target=\"_blank\" href=\"https:\/\/www.corosdecantabria.es\/wp-content\/uploads\/2022\/11\/LIRIO-DEL-ALBA.pdf\">https:\/\/www.corosdecantabria.es\/wp-content\/uploads\/2022\/11\/LIRIO-DEL-ALBA.pdf<\/a><\/td><td class=\"column-3\">M\u00daSICA POPULAR GALLEGA<\/td>\n<\/tr>\n<tr class=\"row-553\">\n\t<td class=\"column-1\">LUZ Y SOMBRA<\/td><td class=\"column-2\"><a target=\"_blank\" href=\"https:\/\/www.corosdecantabria.es\/wp-content\/uploads\/2022\/11\/LUZ-Y-SOMBRA.pdf\">https:\/\/www.corosdecantabria.es\/wp-content\/uploads\/2022\/11\/LUZ-Y-SOMBRA.pdf<\/a><\/td><td class=\"column-3\">M\u00daSICA POPULAR GALLEGA<\/td>\n<\/tr>\n<tr class=\"row-554\">\n\t<td class=\"column-1\">MADRE DE AMOR Y CONSUELO<\/td><td class=\"column-2\"><a target=\"_blank\" href=\"https:\/\/www.corosdecantabria.es\/wp-content\/uploads\/2022\/11\/MADRE-DE-AMOR-Y-CONSUELO.pdf\">https:\/\/www.corosdecantabria.es\/wp-content\/uploads\/2022\/11\/MADRE-DE-AMOR-Y-CONSUELO.pdf<\/a><\/td><td class=\"column-3\">M\u00daSICA POPULAR GALLEGA<\/td>\n<\/tr>\n<tr class=\"row-555\">\n\t<td class=\"column-1\">MARUXINA<\/td><td class=\"column-2\"><a target=\"_blank\" href=\"https:\/\/www.corosdecantabria.es\/wp-content\/uploads\/2022\/11\/MARUXINA.pdf\">https:\/\/www.corosdecantabria.es\/wp-content\/uploads\/2022\/11\/MARUXINA.pdf<\/a><\/td><td class=\"column-3\">M\u00daSICA POPULAR GALLEGA<\/td>\n<\/tr>\n<tr class=\"row-556\">\n\t<td class=\"column-1\">MOITO QUIXEN A MEUS PAIS<\/td><td class=\"column-2\"><a target=\"_blank\" href=\"https:\/\/www.corosdecantabria.es\/wp-content\/uploads\/2022\/11\/MOITO-QUIXEN-A-MEUS-PAIS.pdf\">https:\/\/www.corosdecantabria.es\/wp-content\/uploads\/2022\/11\/MOITO-QUIXEN-A-MEUS-PAIS.pdf<\/a><\/td><td class=\"column-3\">M\u00daSICA POPULAR GALLEGA<\/td>\n<\/tr>\n<tr class=\"row-557\">\n\t<td class=\"column-1\">MORRINA VIDE<\/td><td class=\"column-2\"><a target=\"_blank\" href=\"https:\/\/www.corosdecantabria.es\/wp-content\/uploads\/2022\/11\/MORRINA-Vide-.pdf\">https:\/\/www.corosdecantabria.es\/wp-content\/uploads\/2022\/11\/MORRINA-Vide-.pdf<\/a><\/td><td class=\"column-3\">M\u00daSICA POPULAR GALLEGA<\/td>\n<\/tr>\n<tr class=\"row-558\">\n\t<td class=\"column-1\">QUEN CHORA<\/td><td class=\"column-2\"><a target=\"_blank\" href=\"https:\/\/www.corosdecantabria.es\/wp-content\/uploads\/2022\/11\/QUEN-CHORA.pdf\">https:\/\/www.corosdecantabria.es\/wp-content\/uploads\/2022\/11\/QUEN-CHORA.pdf<\/a><\/td><td class=\"column-3\">M\u00daSICA POPULAR GALLEGA<\/td>\n<\/tr>\n<tr class=\"row-559\">\n\t<td class=\"column-1\">QUIEREME MUCHO HABANERA<\/td><td class=\"column-2\"><a target=\"_blank\" href=\"https:\/\/www.corosdecantabria.es\/wp-content\/uploads\/2022\/11\/QUIEREME-MUCHO-Habanera-.pdf\">https:\/\/www.corosdecantabria.es\/wp-content\/uploads\/2022\/11\/QUIEREME-MUCHO-Habanera-.pdf<\/a><\/td><td class=\"column-3\">M\u00daSICA POPULAR GALLEGA<\/td>\n<\/tr>\n<tr class=\"row-560\">\n\t<td class=\"column-1\">RIBEIRANA<\/td><td class=\"column-2\"><a target=\"_blank\" href=\"https:\/\/www.corosdecantabria.es\/wp-content\/uploads\/2022\/11\/RIBEIRANA.pdf\">https:\/\/www.corosdecantabria.es\/wp-content\/uploads\/2022\/11\/RIBEIRANA.pdf<\/a><\/td><td class=\"column-3\">M\u00daSICA POPULAR GALLEGA<\/td>\n<\/tr>\n<tr class=\"row-561\">\n\t<td class=\"column-1\">ROMERICO TU QUE VIENES<\/td><td class=\"column-2\"><a target=\"_blank\" href=\"https:\/\/www.corosdecantabria.es\/wp-content\/uploads\/2022\/11\/ROMERICO-TU-QUE-VIENES.pdf\">https:\/\/www.corosdecantabria.es\/wp-content\/uploads\/2022\/11\/ROMERICO-TU-QUE-VIENES.pdf<\/a><\/td><td class=\"column-3\">M\u00daSICA POPULAR GALLEGA<\/td>\n<\/tr>\n<tr class=\"row-562\">\n\t<td class=\"column-1\">ROSEIRINA<\/td><td class=\"column-2\"><a target=\"_blank\" href=\"https:\/\/www.corosdecantabria.es\/wp-content\/uploads\/2022\/11\/ROSEIRINA.pdf\">https:\/\/www.corosdecantabria.es\/wp-content\/uploads\/2022\/11\/ROSEIRINA.pdf<\/a><\/td><td class=\"column-3\">M\u00daSICA POPULAR GALLEGA<\/td>\n<\/tr>\n<tr class=\"row-563\">\n\t<td class=\"column-1\">SOBERANA<\/td><td class=\"column-2\"><a target=\"_blank\" href=\"https:\/\/www.corosdecantabria.es\/wp-content\/uploads\/2022\/11\/Soberana.pdf\">https:\/\/www.corosdecantabria.es\/wp-content\/uploads\/2022\/11\/Soberana.pdf<\/a><\/td><td class=\"column-3\">M\u00daSICA POPULAR GALLEGA<\/td>\n<\/tr>\n<tr class=\"row-564\">\n\t<td class=\"column-1\">SUBTUM PREASIDIUM<\/td><td class=\"column-2\"><a target=\"_blank\" href=\"https:\/\/www.corosdecantabria.es\/wp-content\/uploads\/2022\/11\/SUBTUM-PREASIDIUM.pdf\">https:\/\/www.corosdecantabria.es\/wp-content\/uploads\/2022\/11\/SUBTUM-PREASIDIUM.pdf<\/a><\/td><td class=\"column-3\">M\u00daSICA POPULAR GALLEGA<\/td>\n<\/tr>\n<tr class=\"row-565\">\n\t<td class=\"column-1\">UN VIEJO AMOR<\/td><td class=\"column-2\"><a target=\"_blank\" href=\"https:\/\/www.corosdecantabria.es\/wp-content\/uploads\/2022\/11\/UN-VIEJO-AMOR.pdf\">https:\/\/www.corosdecantabria.es\/wp-content\/uploads\/2022\/11\/UN-VIEJO-AMOR.pdf<\/a><\/td><td class=\"column-3\">M\u00daSICA POPULAR GALLEGA<\/td>\n<\/tr>\n<tr class=\"row-566\">\n\t<td class=\"column-1\">VEN ALMA QUE LLORAS<\/td><td class=\"column-2\"><a target=\"_blank\" href=\"https:\/\/www.corosdecantabria.es\/wp-content\/uploads\/2022\/11\/VEN-ALMA-QUE-LLORAS.pdf\">https:\/\/www.corosdecantabria.es\/wp-content\/uploads\/2022\/11\/VEN-ALMA-QUE-LLORAS.pdf<\/a><\/td><td class=\"column-3\">M\u00daSICA POPULAR GALLEGA<\/td>\n<\/tr>\n<tr class=\"row-567\">\n\t<td class=\"column-1\">VENTO MAREIRO REY RIVERO<\/td><td class=\"column-2\"><a target=\"_blank\" href=\"https:\/\/www.corosdecantabria.es\/wp-content\/uploads\/2022\/11\/VENTO-MAREIRO-Rey-Rivero.pdf\">https:\/\/www.corosdecantabria.es\/wp-content\/uploads\/2022\/11\/VENTO-MAREIRO-Rey-Rivero.pdf<\/a><\/td><td class=\"column-3\">M\u00daSICA POPULAR GALLEGA<\/td>\n<\/tr>\n<tr class=\"row-568\">\n\t<td class=\"column-1\">ALONSO LA TRICOTEA<\/td><td class=\"column-2\"><a target=\"_blank\" href=\"https:\/\/www.corosdecantabria.es\/wp-content\/uploads\/2022\/11\/Alonso-La_Tricotea.pdf\">https:\/\/www.corosdecantabria.es\/wp-content\/uploads\/2022\/11\/Alonso-La_Tricotea.pdf<\/a><\/td><td class=\"column-3\">VARIOS<\/td>\n<\/tr>\n<tr class=\"row-569\">\n\t<td class=\"column-1\">ANDREO MI BUENOS AIRES QUERIDO<\/td><td class=\"column-2\"><a target=\"_blank\" href=\"https:\/\/www.corosdecantabria.es\/wp-content\/uploads\/2022\/11\/Andreo-Mi_Buenos_Aires_Querido.pdf\">https:\/\/www.corosdecantabria.es\/wp-content\/uploads\/2022\/11\/Andreo-Mi_Buenos_Aires_Querido.pdf<\/a><\/td><td class=\"column-3\">VARIOS<\/td>\n<\/tr>\n<tr class=\"row-570\">\n\t<td class=\"column-1\">ANDREO NOSTALGIAS<\/td><td class=\"column-2\"><a target=\"_blank\" href=\"https:\/\/www.corosdecantabria.es\/wp-content\/uploads\/2022\/11\/Andreo-Nostalgias.pdf\">https:\/\/www.corosdecantabria.es\/wp-content\/uploads\/2022\/11\/Andreo-Nostalgias.pdf<\/a><\/td><td class=\"column-3\">VARIOS<\/td>\n<\/tr>\n<tr class=\"row-571\">\n\t<td class=\"column-1\">ANONIMO AMOR QUE ME CAUTIVAS<\/td><td class=\"column-2\"><a target=\"_blank\" href=\"https:\/\/www.corosdecantabria.es\/wp-content\/uploads\/2022\/11\/Anonimo-Amor_Que_Me_Cautivas.pdf\">https:\/\/www.corosdecantabria.es\/wp-content\/uploads\/2022\/11\/Anonimo-Amor_Que_Me_Cautivas.pdf<\/a><\/td><td class=\"column-3\">VARIOS<\/td>\n<\/tr>\n<tr class=\"row-572\">\n\t<td class=\"column-1\">ANONIMO THER IS NO ROSE<\/td><td class=\"column-2\"><a target=\"_blank\" href=\"https:\/\/www.corosdecantabria.es\/wp-content\/uploads\/2022\/11\/Anonimo-Ther_Is_No_Rose.pdf\">https:\/\/www.corosdecantabria.es\/wp-content\/uploads\/2022\/11\/Anonimo-Ther_Is_No_Rose.pdf<\/a><\/td><td class=\"column-3\">VARIOS<\/td>\n<\/tr>\n<tr class=\"row-573\">\n\t<td class=\"column-1\">ARANES CHACONA<\/td><td class=\"column-2\"><a target=\"_blank\" href=\"https:\/\/www.corosdecantabria.es\/wp-content\/uploads\/2022\/11\/Aranes-Chacona.pdf\">https:\/\/www.corosdecantabria.es\/wp-content\/uploads\/2022\/11\/Aranes-Chacona.pdf<\/a><\/td><td class=\"column-3\">VARIOS<\/td>\n<\/tr>\n<tr class=\"row-574\">\n\t<td class=\"column-1\">BATAILLE CHANSON A BOIRE<\/td><td class=\"column-2\"><a target=\"_blank\" href=\"https:\/\/www.corosdecantabria.es\/wp-content\/uploads\/2022\/11\/Bataille-Chanson_A_Boire.pdf\">https:\/\/www.corosdecantabria.es\/wp-content\/uploads\/2022\/11\/Bataille-Chanson_A_Boire.pdf<\/a><\/td><td class=\"column-3\">VARIOS<\/td>\n<\/tr>\n<tr class=\"row-575\">\n\t<td class=\"column-1\">BERNSTEIN ONE HAND ONE HEART<\/td><td class=\"column-2\"><a target=\"_blank\" href=\"https:\/\/www.corosdecantabria.es\/wp-content\/uploads\/2022\/11\/Bernstein-One_Hand_One_Heart.pdf\">https:\/\/www.corosdecantabria.es\/wp-content\/uploads\/2022\/11\/Bernstein-One_Hand_One_Heart.pdf<\/a><\/td><td class=\"column-3\">VARIOS<\/td>\n<\/tr>\n<tr class=\"row-576\">\n\t<td class=\"column-1\">BERNSTEIN TONIGHT<\/td><td class=\"column-2\"><a target=\"_blank\" href=\"https:\/\/www.corosdecantabria.es\/wp-content\/uploads\/2022\/11\/Bernstein-Tonight.pdf\">https:\/\/www.corosdecantabria.es\/wp-content\/uploads\/2022\/11\/Bernstein-Tonight.pdf<\/a><\/td><td class=\"column-3\">VARIOS<\/td>\n<\/tr>\n<tr class=\"row-577\">\n\t<td class=\"column-1\">BERNSTEIN WARM UP<\/td><td class=\"column-2\"><a target=\"_blank\" href=\"https:\/\/www.corosdecantabria.es\/wp-content\/uploads\/2022\/11\/Bernstein-Warm_Up.pdf\">https:\/\/www.corosdecantabria.es\/wp-content\/uploads\/2022\/11\/Bernstein-Warm_Up.pdf<\/a><\/td><td class=\"column-3\">VARIOS<\/td>\n<\/tr>\n<tr class=\"row-578\">\n\t<td class=\"column-1\">CASALS EL CANT DELS OCELLS<\/td><td class=\"column-2\"><a target=\"_blank\" href=\"https:\/\/www.corosdecantabria.es\/wp-content\/uploads\/2022\/11\/Casals-El_Cant_Dels_Ocells.pdf\">https:\/\/www.corosdecantabria.es\/wp-content\/uploads\/2022\/11\/Casals-El_Cant_Dels_Ocells.pdf<\/a><\/td><td class=\"column-3\">VARIOS<\/td>\n<\/tr>\n<tr class=\"row-579\">\n\t<td class=\"column-1\">ENCINA ES LA CAUSA BIEN AMAR<\/td><td class=\"column-2\"><a target=\"_blank\" href=\"https:\/\/www.corosdecantabria.es\/wp-content\/uploads\/2022\/11\/Encina-Es_La_Causa_Bien_Amar.pdf\">https:\/\/www.corosdecantabria.es\/wp-content\/uploads\/2022\/11\/Encina-Es_La_Causa_Bien_Amar.pdf<\/a><\/td><td class=\"column-3\">VARIOS<\/td>\n<\/tr>\n<tr class=\"row-580\">\n\t<td class=\"column-1\">ESCOBAR VIRGEN BENDITA SIN PAR<\/td><td class=\"column-2\"><a target=\"_blank\" href=\"https:\/\/www.corosdecantabria.es\/wp-content\/uploads\/2022\/11\/Escobar-Virgen_Bendita_Sin_Par.pdf\">https:\/\/www.corosdecantabria.es\/wp-content\/uploads\/2022\/11\/Escobar-Virgen_Bendita_Sin_Par.pdf<\/a><\/td><td class=\"column-3\">VARIOS<\/td>\n<\/tr>\n<tr class=\"row-581\">\n\t<td class=\"column-1\">GUERRERO NINO DIOS<\/td><td class=\"column-2\"><a target=\"_blank\" href=\"https:\/\/www.corosdecantabria.es\/wp-content\/uploads\/2022\/11\/Guerrero-Nino_Dios.pdf\">https:\/\/www.corosdecantabria.es\/wp-content\/uploads\/2022\/11\/Guerrero-Nino_Dios.pdf<\/a><\/td><td class=\"column-3\">VARIOS<\/td>\n<\/tr>\n<tr class=\"row-582\">\n\t<td class=\"column-1\">GUERRERO SI TUS PENAS<\/td><td class=\"column-2\"><a target=\"_blank\" href=\"https:\/\/www.corosdecantabria.es\/wp-content\/uploads\/2022\/11\/Guerrero-Si_Tus_Penas.pdf\">https:\/\/www.corosdecantabria.es\/wp-content\/uploads\/2022\/11\/Guerrero-Si_Tus_Penas.pdf<\/a><\/td><td class=\"column-3\">VARIOS<\/td>\n<\/tr>\n<tr class=\"row-583\">\n\t<td class=\"column-1\">GUERRERO SIMILE EST REGNUM CAELORUM<\/td><td class=\"column-2\"><a target=\"_blank\" href=\"https:\/\/www.corosdecantabria.es\/wp-content\/uploads\/2022\/11\/Guerrero-Simile_Est_Regnum_Caelorum.pdf\">https:\/\/www.corosdecantabria.es\/wp-content\/uploads\/2022\/11\/Guerrero-Simile_Est_Regnum_Caelorum.pdf<\/a><\/td><td class=\"column-3\">VARIOS<\/td>\n<\/tr>\n<tr class=\"row-584\">\n\t<td class=\"column-1\">PEREIRA NOITE AZUL<\/td><td class=\"column-2\"><a target=\"_blank\" href=\"https:\/\/www.corosdecantabria.es\/wp-content\/uploads\/2022\/11\/Pereira-Noite_Azul.pdf\">https:\/\/www.corosdecantabria.es\/wp-content\/uploads\/2022\/11\/Pereira-Noite_Azul.pdf<\/a><\/td><td class=\"column-3\">VARIOS<\/td>\n<\/tr>\n<tr class=\"row-585\">\n\t<td class=\"column-1\">PRIETO ADIOS<\/td><td class=\"column-2\"><a target=\"_blank\" href=\"https:\/\/www.corosdecantabria.es\/wp-content\/uploads\/2022\/11\/Prieto-Adios.pdf\">https:\/\/www.corosdecantabria.es\/wp-content\/uploads\/2022\/11\/Prieto-Adios.pdf<\/a><\/td><td class=\"column-3\">VARIOS<\/td>\n<\/tr>\n<tr class=\"row-586\">\n\t<td class=\"column-1\">PRIETO CETRO EFIMERO<\/td><td class=\"column-2\"><a target=\"_blank\" href=\"https:\/\/www.corosdecantabria.es\/wp-content\/uploads\/2022\/11\/Prieto-Cetro_Efimero.pdf\">https:\/\/www.corosdecantabria.es\/wp-content\/uploads\/2022\/11\/Prieto-Cetro_Efimero.pdf<\/a><\/td><td class=\"column-3\">VARIOS<\/td>\n<\/tr>\n<tr class=\"row-587\">\n\t<td class=\"column-1\">RUIZ ADIOS TORREVIEJA<\/td><td class=\"column-2\"><a target=\"_blank\" href=\"https:\/\/www.corosdecantabria.es\/wp-content\/uploads\/2022\/11\/Ruiz-Adios_Torrevieja.pdf\">https:\/\/www.corosdecantabria.es\/wp-content\/uploads\/2022\/11\/Ruiz-Adios_Torrevieja.pdf<\/a><\/td><td class=\"column-3\">VARIOS<\/td>\n<\/tr>\n<tr class=\"row-588\">\n\t<td class=\"column-1\">SOLE CANCION AZUL DE CUNA<\/td><td class=\"column-2\"><a target=\"_blank\" href=\"https:\/\/www.corosdecantabria.es\/wp-content\/uploads\/2022\/11\/Sole-Cancion_Azul_De_Cuna.pdf\">https:\/\/www.corosdecantabria.es\/wp-content\/uploads\/2022\/11\/Sole-Cancion_Azul_De_Cuna.pdf<\/a><\/td><td class=\"column-3\">VARIOS<\/td>\n<\/tr>\n<tr class=\"row-589\">\n\t<td class=\"column-1\">TRADICIONAL AYA NGENA<\/td><td class=\"column-2\"><a target=\"_blank\" href=\"https:\/\/www.corosdecantabria.es\/wp-content\/uploads\/2022\/11\/Tradicional-Aya_Ngena.pdf\">https:\/\/www.corosdecantabria.es\/wp-content\/uploads\/2022\/11\/Tradicional-Aya_Ngena.pdf<\/a><\/td><td class=\"column-3\">VARIOS<\/td>\n<\/tr>\n<tr class=\"row-590\">\n\t<td class=\"column-1\">TRADICIONAL KRIABE<\/td><td class=\"column-2\"><a target=\"_blank\" href=\"https:\/\/www.corosdecantabria.es\/wp-content\/uploads\/2022\/11\/Tradicional-Kriabe.pdf\">https:\/\/www.corosdecantabria.es\/wp-content\/uploads\/2022\/11\/Tradicional-Kriabe.pdf<\/a><\/td><td class=\"column-3\">VARIOS<\/td>\n<\/tr>\n<tr class=\"row-591\">\n\t<td class=\"column-1\">TRADICIONAL ROSAS PANDAN<\/td><td class=\"column-2\"><a target=\"_blank\" href=\"https:\/\/www.corosdecantabria.es\/wp-content\/uploads\/2022\/11\/Tradicional-Rosas_Pandan.pdf\">https:\/\/www.corosdecantabria.es\/wp-content\/uploads\/2022\/11\/Tradicional-Rosas_Pandan.pdf<\/a><\/td><td class=\"column-3\">VARIOS<\/td>\n<\/tr>\n<tr class=\"row-592\">\n\t<td class=\"column-1\">TRADICIONAL SIYAHAMBA<\/td><td class=\"column-2\"><a target=\"_blank\" href=\"https:\/\/www.corosdecantabria.es\/wp-content\/uploads\/2022\/11\/Tradicional-Siyahamba.pdf\">https:\/\/www.corosdecantabria.es\/wp-content\/uploads\/2022\/11\/Tradicional-Siyahamba.pdf<\/a><\/td><td class=\"column-3\">VARIOS<\/td>\n<\/tr>\n<tr class=\"row-593\">\n\t<td class=\"column-1\">TRAYTER EL ABANICO<\/td><td class=\"column-2\"><a target=\"_blank\" href=\"https:\/\/www.corosdecantabria.es\/wp-content\/uploads\/2022\/11\/Trayter-El_Abanico.pdf\">https:\/\/www.corosdecantabria.es\/wp-content\/uploads\/2022\/11\/Trayter-El_Abanico.pdf<\/a><\/td><td class=\"column-3\">VARIOS<\/td>\n<\/tr>\n<tr class=\"row-594\">\n\t<td class=\"column-1\">TRIANA DINOS MADRE DEL DONSEL<\/td><td class=\"column-2\"><a target=\"_blank\" href=\"https:\/\/www.corosdecantabria.es\/wp-content\/uploads\/2022\/11\/Triana-Dinos_Madre_Del_Donsel.pdf\">https:\/\/www.corosdecantabria.es\/wp-content\/uploads\/2022\/11\/Triana-Dinos_Madre_Del_Donsel.pdf<\/a><\/td><td class=\"column-3\">VARIOS<\/td>\n<\/tr>\n<tr class=\"row-595\">\n\t<td class=\"column-1\">UNKNOWN REDE MIHI<\/td><td class=\"column-2\"><a target=\"_blank\" href=\"https:\/\/www.corosdecantabria.es\/wp-content\/uploads\/2022\/11\/Unknown-Rede_Mihi.pdf\">https:\/\/www.corosdecantabria.es\/wp-content\/uploads\/2022\/11\/Unknown-Rede_Mihi.pdf<\/a><\/td><td class=\"column-3\">VARIOS<\/td>\n<\/tr>\n<\/tbody>\n<\/table>\n<!-- #tablepress-7 from cache -->[\/vc_column_text]<\/div><div class=\"eltdf-tab-container\" id=\"tab-libros-con-partituras-98\">[vc_empty_space height=\u00bb22px\u00bb]<div class=\"eltdf-section-title-holder  eltdf-st-standard eltdf-st-title-left eltdf-st-normal-space \" >\n\t<div class=\"eltdf-st-inner\">\n\t\t\t\t\t<h2 class=\"eltdf-st-title\" >\n\t\t\t\tLibros de Partituras\t\t\t<\/h2>\n\t\t\t\t\t\t\t<div class=\"eltdf-separator-holder clearfix  eltdf-separator-left \">\n\t<div class=\"eltdf-separator\" style=\"border-color: #ff1949;width: 38px;border-bottom-width: 3px;margin-top: 23px;margin-bottom: 9px\"><\/div>\n<\/div>\n\t\t\t\t\t\t\t<h5 class=\"eltdf-st-text\" >\n\t\t\t\tDesde aqu\u00ed, podr\u00e1s ver o descargar los vol\u00famenes en PDF del repertorio coral popular de Cantabria por Esteban Sanz V\u00e9lez.\t\t\t<\/h5>\n\t\t\t<\/div>\n<\/div>[vc_empty_space height=\u00bb22px\u00bb][vc_column_text]<\/p>\n<h4><strong>Repertorio coral popular de Cantabria.<\/strong><\/h4>\n<p>Partituras recuperadas y de nueva creaci\u00f3n. Coros amateur y folclore siempre han formado una simbiosis mutuamente enriquecedora. La presente publicaci\u00f3n, en dos vol\u00famenes, ofrece un total de 118 obras corales, sobre tema popular de Cantabria o que se acercan de una u otra forma a nuestro folclore, pertenecientes a 72 autores, tanto c\u00e1ntabros como for\u00e1neos. Entre ellos, muchos nombres de \u201clos nuestros\u201d (Arturo D\u00fao Vital, Miguel \u00c1ngel Samperio, Jes\u00fas de Monasterio, Lucio L\u00e1zaro, Ram\u00f3n S\u00e1ez de Adana, etc.) y tambi\u00e9n bastantes nombres inesperados (Dimitri Shostakovich, Joaqu\u00edn Nin, Eduardo Toldr\u00e1, Jes\u00fas Guridi, Javier Busto\u2026). De ese corpus, 78 t\u00edtulos son recuperados, quiere decirse, algunos del repertorio m\u00e1s o menos habitual, en todo caso, ofrecidos aqu\u00ed bajo par\u00e1metros de edici\u00f3n cr\u00edtica, junto con otros muchos nada habituales; arreglos escritos para la ocasi\u00f3n, junto con t\u00edtulos no estrictamente populares pero de un tratamiento inteligentemente popularizante; piezas dadas por perdidas y ahora rescatadas (Marzo florido, de Guridi) junto a una joya c\u00e9lebre aqu\u00ed recuperada para Cantabria mediante exhaustiva documentaci\u00f3n probatoria (\u00a1Ay! Linda amiga). En lo que respecta a los 40 t\u00edtulos restantes, y nos parece esta una noticia que debe alegrarnos y enorgullecernos a todos, se trata de piezas escritas ex profeso para este proyecto por un amplio y variado elenco de compositores de todo tipo y procedencia que se han prestado a la colaboraci\u00f3n con tanto entusiasmo y generosidad como talento.<\/p>\n<p>&nbsp;<\/p>\n<p>En suma, dos vol\u00famenes repletos de atractivos, en cuidada edici\u00f3n cr\u00edtica acompa\u00f1ada de un bosquejo hist\u00f3rico introductorio, todo lo cual podr\u00e1 hacer las delicias de estudiosos, agrupaciones corales y p\u00fablicos c\u00e1ntabros pero tambi\u00e9n de p\u00fablicos, agrupaciones y estudiosos de la m\u00e1s diversa procedencia y condici\u00f3n.<\/p>\n<p>&nbsp;<\/p>\n<h4><strong>Esteban Sanz V\u00e9lez.<\/strong><\/h4>\n<p>Compositor, director e investigador. Es autor de numerosas obras de creaci\u00f3n y ha realizado diversos trabajos musicol\u00f3gicos, obteniendo en 1984 el Primer Premio Maestro Guerrero de la Fundaci\u00f3n Jacinto e Inocencio Guerrero por un estudio sobre dicho m\u00fasico. Director fundador del CORO L\u00cdRICO DE CANTABRIA\/Coro de las Temporadas L\u00edricas del Palacio de Festivales de Santander, de 1996 hasta 2010. Es desde 2008 coordinador del CENTRO DE DOCUMENTACI\u00d3N E INVESTIGACI\u00d3N DE LA M\u00daSICA EN CANTABRIA perteneciente a la Fundaci\u00f3n Bot\u00edn.<\/p>\n<h4>Descarga de los libros:<\/h4>\n<p>[\/vc_column_text][vc_empty_space height=\u00bb22px\u00bb][vc_text_separator title=\u00bbVolumen 1&#8243; title_align=\u00bbseparator_align_left\u00bb align=\u00bbalign_left\u00bb el_width=\u00bb50&#8243;][vc_empty_space height=\u00bb22px\u00bb][vc_single_image image=\u00bb4618&#8243; img_size=\u00bb299&#215;400&#8243;][vc_empty_space][vc_text_separator title=\u00bbVolumen 2&#8243; title_align=\u00bbseparator_align_left\u00bb align=\u00bbalign_left\u00bb el_width=\u00bb50&#8243;][vc_empty_space height=\u00bb22px\u00bb][vc_single_image image=\u00bb4617&#8243; img_size=\u00bb299&#215;400&#8243; onclick=\u00bbcustom_link\u00bb]<\/div><div class=\"eltdf-tab-container\" id=\"tab-donde-estamos-614\"><div class=\"eltdf-elements-holder   eltdf-one-column  eltdf-responsive-mode-768   \" ><div class=\"eltdf-eh-item     \"  data-item-class=\"eltdf-eh-custom-5035\">\n\t<div class=\"eltdf-eh-item-inner\">\n\t\t<div class=\"eltdf-eh-item-content eltdf-eh-custom-5035\" >\n\t\t\t<div class=\"eltdf-section-title-holder  eltdf-st-standard eltdf-st-title-left eltdf-st-normal-space \" >\n\t<div class=\"eltdf-st-inner\">\n\t\t\t\t\t\t\t<\/div>\n<\/div>[vc_empty_space]<div class=\"eltdf-icon-list-holder \" >\n\t<div class=\"eltdf-il-icon-holder\">\n\t\t\t<\/div>\n\t<p class=\"eltdf-il-text\" style=\"padding-left: 22px\">Avd. Fernando Arce n\u00ba 22 Ferial de Ganados<\/p>\n<\/div>[vc_empty_space]<div class=\"eltdf-icon-list-holder \" >\n\t<div class=\"eltdf-il-icon-holder\">\n\t\t\t<\/div>\n\t<p class=\"eltdf-il-text\" style=\"padding-left: 22px\">TORRELAVEGA - C.P. 39300<\/p>\n<\/div>[vc_empty_space]<div class=\"eltdf-icon-list-holder \" >\n\t<div class=\"eltdf-il-icon-holder\">\n\t\t\t<\/div>\n\t<p class=\"eltdf-il-text\" style=\"padding-left: 22px\">942 894 520<\/p>\n<\/div>[vc_empty_space]<div class=\"eltdf-icon-list-holder \" >\n\t<div class=\"eltdf-il-icon-holder\">\n\t\t\t<\/div>\n\t<p class=\"eltdf-il-text\" style=\"padding-left: 22px\">628 694 198<\/p>\n<\/div>[vc_empty_space]<div class=\"eltdf-icon-list-holder \" >\n\t<div class=\"eltdf-il-icon-holder\">\n\t\t\t<\/div>\n\t<p class=\"eltdf-il-text\" style=\"padding-left: 22px\">coroscantabria@gmail.com<\/p>\n<\/div>\t\t<\/div>\n\t<\/div>\n<\/div><\/div>[vc_empty_space height=\u00bb41px\u00bb][vc_column_text]<\/p>\n<p style=\"text-align: center;\"><iframe loading=\"lazy\" style=\"border: 0;\" src=\"https:\/\/www.google.com\/maps\/embed?pb=!1m18!1m12!1m3!1d2901.623528323437!2d-4.053588984512287!3d43.34306637913315!2m3!1f0!2f0!3f0!3m2!1i1024!2i768!4f13.1!3m3!1m2!1s0xd493e0d08d94f6b%3A0x8eb4dec3d0ad2bb7!2sAv.%20de%20Fernando%20Arce%2C%2022%2C%2039300%20Torrelavega%2C%20Cantabria!5e0!3m2!1ses!2ses!4v1574099222640!5m2!1ses!2ses\" width=\"900\" height=\"400\" frameborder=\"0\" allowfullscreen=\"allowfullscreen\"><\/iframe><\/p>\n<p>[\/vc_column_text]<\/div><\/div>[\/vc_column][\/vc_row]<\/p>\n","protected":false},"excerpt":{"rendered":"<p>[vc_row row_content_width=\u00bbgrid\u00bb css=\u00bb.vc_custom_1530795405190{padding-top: 98px !important;padding-bottom: 100px !important;}\u00bb][vc_column offset=\u00bbvc_col-lg-12 vc_col-md-12&#8243;][\/vc_column][\/vc_row]<\/p>\n","protected":false},"author":1,"featured_media":0,"parent":0,"menu_order":0,"comment_status":"closed","ping_status":"closed","template":"full-width.php","meta":[],"_links":{"self":[{"href":"https:\/\/www.corosdecantabria.es\/index.php\/wp-json\/wp\/v2\/pages\/4809"}],"collection":[{"href":"https:\/\/www.corosdecantabria.es\/index.php\/wp-json\/wp\/v2\/pages"}],"about":[{"href":"https:\/\/www.corosdecantabria.es\/index.php\/wp-json\/wp\/v2\/types\/page"}],"author":[{"embeddable":true,"href":"https:\/\/www.corosdecantabria.es\/index.php\/wp-json\/wp\/v2\/users\/1"}],"replies":[{"embeddable":true,"href":"https:\/\/www.corosdecantabria.es\/index.php\/wp-json\/wp\/v2\/comments?post=4809"}],"version-history":[{"count":29,"href":"https:\/\/www.corosdecantabria.es\/index.php\/wp-json\/wp\/v2\/pages\/4809\/revisions"}],"predecessor-version":[{"id":4844,"href":"https:\/\/www.corosdecantabria.es\/index.php\/wp-json\/wp\/v2\/pages\/4809\/revisions\/4844"}],"wp:attachment":[{"href":"https:\/\/www.corosdecantabria.es\/index.php\/wp-json\/wp\/v2\/media?parent=4809"}],"curies":[{"name":"wp","href":"https:\/\/api.w.org\/{rel}","templated":true}]}}